{"id":10537,"date":"2021-11-18T16:24:29","date_gmt":"2021-11-18T15:24:29","guid":{"rendered":"https:\/\/www.immensiva.com\/xr3-virtual-exhibition\/"},"modified":"2024-04-15T14:31:05","modified_gmt":"2024-04-15T12:31:05","slug":"xr3-virtual-exhibition","status":"publish","type":"page","link":"https:\/\/www.immensiva.com\/ca\/xr3-virtual-exhibition\/","title":{"rendered":"XR3 VIRTUAL EXHIBITION"},"content":{"rendered":"<div class=\"wpb-content-wrapper\"><p>[vc_row css=&#8221;.vc_custom_1594644421345{padding-top: 90px !important;padding-bottom: 50px !important;}&#8221;][vc_column]<style>.ld_spacer_69f276042e0bf{height:100px;}<\/style>\n<div class=\"ld-empty-space ld_spacer_69f276042e0bf\"><span class=\"liquid_empty_space_inner\"><\/span><\/div><style>.ld_fancy_heading_69f276042e1d9 .lqd-highlight-inner{height:0.275em;bottom:0px;}<\/style><div class=\"ld-fancy-heading ld_fancy_heading_69f276042e1d9\">\n\t<h1 class=\"lqd-highlight-underline lqd-highlight-grow-left\" ><span class=\"ld-fh-txt\"> <\/p>\n<p style=\"text-align: center\"><span style=\"font-size: 36px\"><strong>\u00a0 \u00a0 \u00a0 \u00a0 \u00a0 \u00a0 \u00a0 \u00a0 \u00a0 \u00a0 \u00a0 \u00a0 \u00a0 \u00a0 \u00a0 \u00a0 XR3<\/strong><\/span><\/p>\n<p><\/span><\/h1><\/div>[vc_column_text]<br \/>\n<span style=\"font-size: 24px;\"><strong>NewImages Festival, Cannes XR i Tribeca Festival uneixen forces per crear XR3: l&#8217;exposici\u00f3 virtual del millor de la creaci\u00f3 de realitat virtual!<\/strong><\/span><\/p>\n<p>[\/vc_column_text]<style>.ld_spacer_69f276042e3f7{height:13px;}<\/style>\n<div class=\"ld-empty-space ld_spacer_69f276042e3f7\"><span class=\"liquid_empty_space_inner\"><\/span><\/div>[vc_column_text]<br \/>\n<span style=\"font-size: 18px;\"><strong><span style=\"color: #999999;\">Del 9 al 20 de juny i del 6 al 15 de juliol de 2021<\/span><\/strong><\/span><br \/>\n[\/vc_column_text]<style>.ld_spacer_69f276042e48c{height:13px;}<\/style>\n<div class=\"ld-empty-space ld_spacer_69f276042e48c\"><span class=\"liquid_empty_space_inner\"><\/span><\/div>[vc_gallery interval=&#8221;3&#8243; images=&#8221;12399&#8243; img_size=&#8221;full&#8221;]<style>.ld_spacer_69f276042e517{height:13px;}<\/style>\n<div class=\"ld-empty-space ld_spacer_69f276042e517\"><span class=\"liquid_empty_space_inner\"><\/span><\/div>[vc_btn title=&#8221;TICKETS AQU\u00cd&#8221; color=&#8221;danger&#8221; size=&#8221;lg&#8221; align=&#8221;center&#8221; link=&#8221;url:https%3A%2F%2F4tickets.es%2Fespronceda%2Fpublic%2Fjanto%2F|&#8221;]<style>.ld_spacer_69f276042e59d{height:13px;}<\/style>\n<div class=\"ld-empty-space ld_spacer_69f276042e59d\"><span class=\"liquid_empty_space_inner\"><\/span><\/div>[vc_column_text]<span style=\"font-weight: 400;\">Els esdeveniments internacionals l\u00edders en el camp de la creaci\u00f3 immersiva, NewImages Festival, Cannes XR i el Festival Tribeca s&#8217;uneixen per produir conjuntament una plataforma innovadora dedicada a la realitat virtual i accessible a tots els p\u00fablics! Una exposici\u00f3 \u00fanica pel que fa a les seves apostes i al seu abast, XR3 reunir\u00e0 una cinquantena d&#8217;obres de realitat virtual que inclouen moltes estrenes mundials, fruit de l&#8217;experi\u00e8ncia i el comissariat de cada esdeveniment per explorar el camp de les arts immersives. Les tres seleccions de realitat virtual estaran disponibles al Museum of Other Realities (MOR), un espai d&#8217;exposici\u00f3 virtual amb escenografia inventiva, dissenyat especialment per a aquesta ocasi\u00f3 transcendental. Aviat es revelar\u00e0 el cartell complet de les obres de realitat virtual. Com a esdeveniment h\u00edbrid, XR3 podr\u00e0 presentar una l\u00ednia apassionant: obres de RV a un p\u00fablic mundial mitjan\u00e7ant diverses vies d&#8217;acc\u00e9s:<\/span><\/p>\n<p>&nbsp;<\/p>\n<ul>\n<li><span style=\"font-weight: 400;\"> per a persones casc de VR: acc\u00e9s en l\u00ednia, a trav\u00e9s de l&#8217;aplicaci\u00f3 MOR (disponible a les plataformes Steam i Viveport)<\/span><\/li>\n<\/ul>\n<p>&nbsp;<\/p>\n<ul>\n<li><span style=\"font-weight: 400;\"> per a tothom: acc\u00e9s in situ en el context dels tres esdeveniments, aix\u00ed com acc\u00e9s a estacions de realitat virtual creades pels nostres socis d&#8217;arreu del m\u00f3n. Gr\u00e0cies a aquesta associaci\u00f3 sense precedents, NewImages Festival, Cannes XR i Tribeca Festival estan encantats de fer que la realitat virtual i les \u00faltimes creacions immersives siguin f\u00e0cilment accessibles per a periodistes, professionals i el p\u00fablic en general, tant en el lloc com virtualment.<\/span><\/li>\n<\/ul>\n<p><span style=\"font-weight: 400;\">&#8211; all\u00e0 on siguin! Tres punts de vista sobre la creaci\u00f3 de RV per un comprom\u00eds com\u00fa<\/span><\/p>\n<p>&nbsp;<\/p>\n<p><span style=\"font-weight: 400;\">&#8220;Estem molt orgullosos de l&#8217;associaci\u00f3 del NewImages Festival amb dos esdeveniments tan prestigiosos com Cannes i Tribeca! \u201d subratlla Michael Swierczynski, director del NewImages Festival, la 4a edici\u00f3 del qual tindr\u00e0 lloc del 9 al 13 de juny, a Par\u00eds, al Forum des Images.\u201c<\/span><\/p>\n<p>&nbsp;<\/p>\n<p><span style=\"font-weight: 400;\">Aquest enfocament est\u00e0 totalment en l\u00ednia amb la nostra estrat\u00e8gia de reunir i federar tota una s\u00e8rie de socis clau a tot el m\u00f3n per tal de promoure un acc\u00e9s com\u00fa i il\u00b7limitat a la creaci\u00f3 XR, en benefici de les obres, els artistes i, per descomptat, els p\u00fablics.<\/span><\/p>\n<p>&nbsp;<\/p>\n<p><span style=\"font-weight: 400;\">&#8220;Estem encantats d&#8217;unir forces amb socis prestigiosos com Tribeca i NewImagesFestival per donar suport a tota la comunitat XR i crear una de les exposicions virtuals m\u00e9s ambicioses a m\u00e9s del nostre esdeveniment f\u00edsic a Cannes d&#8217;aquest any&#8221;, diu Guillaume Esmiol, director adjunt del March\u00e9 du Film de Cannes. Cannes XR tindr\u00e0 lloc, doncs, en dues parts. A partir del 9 de juny, presentarem &#8220;XR3&#8221;, un entorn de realitat virtual dissenyat especialment per mostrar el millor contingut narratiu de realitat virtual. A continuaci\u00f3, del 6 al 15 de juliol, Cannes XR es beneficiar\u00e0 de l&#8217;impuls del March\u00e9 du Film al Festival de Cannes connectant la ind\u00fastria del cinema amb la comunitat XR. No nom\u00e9s farem una demostraci\u00f3 de &#8220;XR3&#8243;, sin\u00f3 que tamb\u00e9 hi haur\u00e0 esdeveniments de networking i confer\u00e8ncies inspiradores amb els millors ponents.&#8221; &#8220;Estem molt emocionats de treballar amb Cannes XR i NewImages Festival per presentar la plataforma XR3 aquesta temporada al Museu d&#8217;altres realitats&#8221;. va dir Loren Hammonds, vicepresidenta de Programaci\u00f3 immersiva del Festival de Tribeca. &#8220;\u00c9s especialment commovedor en aquest any de transici\u00f3 presentar els nostres 3 comissaris separats sota un paraigua per al p\u00fablic de casa. Estem molt encoratjats pel creixent nombre d&#8217;entusiastes de la realitat virtual a nivell mundial i no podem esperar per llan\u00e7ar aquest nou treball incre\u00efble al m\u00f3n al juny&#8221;.<\/span><\/p>\n<p>&nbsp;<\/p>\n<p><span style=\"font-weight: 400;\">La 20a edici\u00f3 del Festival de Tribeca tindr\u00e0 lloc del 9 al 20 de juny amb programaci\u00f3 presencial en directe a llocs de tots els districtes de la ciutat de Nova York.<\/span><\/p>\n<p>&nbsp;<\/p>\n<p><span style=\"font-size: 21px;\"><strong>El MOR, un museu en realitat virtual<\/strong><\/span><\/p>\n<p>&nbsp;<\/p>\n<p><span style=\"font-weight: 400;\">Accessible per a qui tingui auricular de realitat virtual: del 9 al 20 de juny i del 6 al 15 de juliol de 2021. Amb el MOR (Museu d&#8217;Altres Realitats), galeria especialitzada en l&#8217;exposici\u00f3 d&#8217;artistes internacionals de RV, els participants podran descobreix un lloc \u00fanic i accedeix a tot el conjunt d&#8217;obres que ofereix NewImages Festival, Cannes XR i Tribeca. La integralitat del programa estar\u00e0 disponible a trav\u00e9s de l&#8217;aplicaci\u00f3 MOR que es pot descarregar a partir del 9 de juny a Steam i Viveport. El conjunt de les obres es mantindr\u00e0 gratu\u00eft per accedir les 24 hores del dia fins al 20 de juny i del 6 al 15 de juliol.<\/span><\/p>\n<p>&nbsp;<\/p>\n<p><strong><span style=\"font-size: 24px;\">Sobre NewImages Festival<\/span><\/strong><\/p>\n<p><span style=\"font-weight: 400;\">Dedicat a la creaci\u00f3 digital i als mons virtuals, NewImages Festival combina un ric component professional amb una programaci\u00f3 oberta a tots els p\u00fablics. Amb els premis en joc, el seu concurs internacional XR es presenta a un jurat de creadors i professionals. El seu XR Financing Market reuneix els principals actors de la ind\u00fastria XR al voltant d&#8217;una selecci\u00f3 de projectes oberts a tots els formats immersius. El festival tamb\u00e9 d\u00f3na suport als creadors immersius i a la seva ind\u00fastria iniciant col\u00b7laboracions, sota la forma de resid\u00e8ncies de creaci\u00f3 VR, amb altres pa\u00efsos i regions del m\u00f3n, com Taiwan (Kaohsiung Film festival i TAICCA) i \u00c0frica.<\/span><\/p>\n<p>&nbsp;<\/p>\n<p><span style=\"font-weight: 400;\">NewImages Festival \u00e9s produ\u00eft i organitzat pel Forum des images, la instituci\u00f3 cultural de la Ciutat de Par\u00eds, dedicada al cinema i la creaci\u00f3 digital.<\/span><\/p>\n<p>&nbsp;<\/p>\n<p><span style=\"font-weight: 400;\">Lloc web: <\/span><a href=\"https:\/\/newimagesfestival.com\/en\/NewImagesFestival\"><span style=\"font-weight: 400;\">https:\/\/newimagesfestival.com\/en\/<\/span><\/a><\/p>\n<p>&nbsp;<\/p>\n<p><span style=\"font-size: 24px;\"><strong>Sobre Cannes XR<\/strong><\/span><\/p>\n<p>&nbsp;<\/p>\n<p><span style=\"font-weight: 400;\">Cannes XR \u00e9s el programa del March\u00e9 du Film dedicat a les tecnologies immersives i el contingut cinematogr\u00e0fic. Tenint lloc anualment durant el Festival de Cannes, aquesta cita imperdible ofereix multitud d&#8217;oportunitats de networking, finan\u00e7ament i distribuci\u00f3 per a tota la comunitat XR: artistes, directors, productors independents, executius d&#8217;estudis, empreses tecnol\u00f2giques l\u00edders, distribu\u00efdors locals i en l\u00ednia. Dissenyat com una plataforma de xarxa global per discutir el paper de les tecnologies XR, CannesXR est\u00e0 aqu\u00ed per inspirar l&#8217;art de la narraci\u00f3 i alimentar el futur del cinema.<\/span><\/p>\n<p>&nbsp;<\/p>\n<p><span style=\"font-weight: 400;\">Lloc web: https:\/\/www.marchedufilm.com\/programs\/cannes-xr\/Per a m\u00e9s informaci\u00f3:Jos\u00e9phine BORIES Directora del programa de Cannes XRMarch\u00e9 du Film\u2013Festival de Cannesjbories@festival-cannes.fr<\/span><\/p>\n<p><span style=\"font-weight: 400;\">\u00a0<\/span><\/p>\n<p>&nbsp;<\/p>\n<p><span style=\"font-size: 24px;\"><strong>Sobre el Festival de Tribeca<\/strong><\/span><\/p>\n<p>&nbsp;<\/p>\n<p><span style=\"font-weight: 400;\">El Festival de Tribeca, presentat per AT&amp;T, reuneix artistes i p\u00fablic divers per celebrar la narraci\u00f3 en totes les seves formes, incloses pel\u00b7l\u00edcules, televisi\u00f3, realitat virtual, jocs, m\u00fasica i treballs en l\u00ednia. Amb forts arrels al cinema independent, Tribeca \u00e9s una plataforma per a l&#8217;expressi\u00f3 creativa i l&#8217;entreteniment immersiu. Tribecachampions veus emergents i consolidades; descobreix cineastes i creadors premiats; cura experi\u00e8ncies innovadores; i introdueix noves tecnologies i idees mitjan\u00e7ant estrenes, exposicions, xerrades i actuacions en directe. El Festival va ser fundat per Robert De Niro, Jane Rosenthal i Craig Hatkoff l&#8217;any 2001 per estimular la revitalitzaci\u00f3 econ\u00f2mica i cultural del baix Manhattan despr\u00e9s dels atacs al World Trade Center. .Tribeca celebrar\u00e0 el seu 20\u00e8 any del 9 al 20 de juny de 2021. El 2019, Lupa Systems de James Murdoch, una empresa d&#8217;inversi\u00f3 privada amb ubicacions a Nova York i Bombai, va comprar una participaci\u00f3 majorit\u00e0ria a Tribeca Enterprises, reunint Rosenthal, De Niro i Murdoch per fer cr\u00e9ixer l&#8217;empresa.<\/span><\/p>\n<p>&nbsp;<\/p>\n<p><span style=\"font-weight: 400;\">Lloc web: www.tribecafilm.com\/festivalOficina de premsa: Gloria Jones\/gjones@tribecafilm.comandAlyssa Grinder\/agrinder@tribecafilm.com<\/span>[\/vc_column_text]<style>.ld_spacer_69f276042e61e{height:13px;}<\/style>\n<div class=\"ld-empty-space ld_spacer_69f276042e61e\"><span class=\"liquid_empty_space_inner\"><\/span><\/div>[vc_row_inner][vc_column_inner][\/vc_column_inner][\/vc_row_inner][\/vc_column][\/vc_row]<\/p>\n<\/div>","protected":false},"excerpt":{"rendered":"<p>[vc_row css=&#8221;.vc_custom_1594644421345{padding-top: 90px !important;padding-bottom: 50px !important;}&#8221;][vc_column][vc_column_text] NewImages Festival, Cannes XR i Tribeca Festival uneixen forces&#8230;<\/p>\n","protected":false},"author":2,"featured_media":0,"parent":0,"menu_order":0,"comment_status":"closed","ping_status":"closed","template":"","meta":{"footnotes":""},"featured_image_urls":{"full":"","thumbnail":"","medium":"","medium_large":"","large":"","1536x1536":"","2048x2048":"","awb_sm":"","awb_md":"","awb_lg":"","awb_xl":"","liquid-default-blog":"","liquid-standard-blog":"","liquid-featured-blog":"","liquid-rounded-blog":"","liquid-classic-meta-blog":"","liquid-classic-2-blog":"","liquid-grid":"","liquid-split-blog":"","liquid-classic-full-blog":"","liquid-metro-blog":"","liquid-timeline-blog":"","liquid-carousel-blog":"","liquid-square-blog":"","liquid-candy-blog":"","liquid-category-blog":"","liquid-cover-post":"","liquid-default-post":"","liquid-cover-spaced":"","liquid-masonry-shortest":"","liquid-masonry-short":"","liquid-masonry-tall":"","liquid-masonry-taller":"","liquid-medium":"","liquid-large":"","liquid-thumbnail":"","liquid-masonry-header-small":"","liquid-masonry-header-big":"","liquid-thumbnail-post":"","liquid-small-blog":"","liquid-related-post":"","liquid-portfolio":"","liquid-portfolio-sq":"","liquid-portfolio-big-sq":"","liquid-portfolio-portrait":"","liquid-portfolio-wide":"","liquid-packery-wide":"","liquid-packery-portrait":"","liquid-grid-hover-overlay":"","liquid-grid-hover-classic":"","liquid-grid-hover-3d":"","liquid-grid-caption":"","liquid-large-slider":"","liquid-widget":"","liquid-portfolio-vertical-overlay":""},"post_excerpt_stackable":"<p>[vc_row css=&#8221;.vc_custom_1594644421345{padding-top: 90px !important;padding-bottom: 50px !important;}&#8221;][vc_column] \u00a0 \u00a0 \u00a0 \u00a0 \u00a0 \u00a0 \u00a0 \u00a0 \u00a0 \u00a0 \u00a0 \u00a0 \u00a0 \u00a0 \u00a0 \u00a0 XR3 [vc_column_text] NewImages Festival, Cannes XR i Tribeca Festival uneixen forces per crear XR3: l&#8217;exposici\u00f3 virtual del millor de la creaci\u00f3 de realitat virtual! [\/vc_column_text] [vc_column_text] Del 9 al 20 de juny i del 6 al 15 de juliol de 2021 [\/vc_column_text] [vc_gallery interval=&#8221;3&#8243; images=&#8221;12399&#8243; img_size=&#8221;full&#8221;] [vc_btn title=&#8221;TICKETS AQU\u00cd&#8221; color=&#8221;danger&#8221; size=&#8221;lg&#8221; align=&#8221;center&#8221; link=&#8221;url:https%3A%2F%2F4tickets.es%2Fespronceda%2Fpublic%2Fjanto%2F|&#8221;] [vc_column_text]Els esdeveniments internacionals l\u00edders en el camp de la creaci\u00f3 immersiva, NewImages Festival, Cannes XR i el Festival Tribeca s&#8217;uneixen per produir conjuntament una plataforma&hellip;<\/p>\n","category_list":"","author_info":{"name":"vitor","url":"https:\/\/www.immensiva.com\/ca\/author\/vitor\/"},"comments_num":"0 comments","yoast_head":"<!-- This site is optimized with the Yoast SEO plugin v22.5 - https:\/\/yoast.com\/wordpress\/plugins\/seo\/ -->\n<title>XR3 Virtual Exhibition: Fusi\u00f3 de festivals d&#039;art immersiu<\/title>\n<meta name=\"description\" content=\"NewImages Festival, Cannes XR i el Tribeca Festival s&#039;uneixen en una plataforma innovadora dedicada a la realitat virtual i accessible a tots.\" \/>\n<meta name=\"robots\" content=\"index, follow, max-snippet:-1, max-image-preview:large, max-video-preview:-1\" \/>\n<link rel=\"canonical\" href=\"https:\/\/www.immensiva.com\/ca\/xr3-virtual-exhibition\/\" \/>\n<meta property=\"og:locale\" content=\"ca_ES\" \/>\n<meta property=\"og:type\" content=\"article\" \/>\n<meta property=\"og:title\" content=\"XR3 Virtual Exhibition: Fusi\u00f3 de festivals d&#039;art immersiu\" \/>\n<meta property=\"og:description\" content=\"NewImages Festival, Cannes XR i el Tribeca Festival s&#039;uneixen en una plataforma innovadora dedicada a la realitat virtual i accessible a tots.\" \/>\n<meta property=\"og:url\" content=\"https:\/\/www.immensiva.com\/ca\/xr3-virtual-exhibition\/\" \/>\n<meta property=\"og:site_name\" content=\"IMMENSIVA\" \/>\n<meta property=\"article:modified_time\" content=\"2024-04-15T12:31:05+00:00\" \/>\n<meta name=\"twitter:card\" content=\"summary_large_image\" \/>\n<meta name=\"twitter:label1\" content=\"Temps estimat de lectura\" \/>\n\t<meta name=\"twitter:data1\" content=\"6 minuts\" \/>\n<script type=\"application\/ld+json\" class=\"yoast-schema-graph\">{\"@context\":\"https:\/\/schema.org\",\"@graph\":[{\"@type\":\"WebPage\",\"@id\":\"https:\/\/www.immensiva.com\/ca\/xr3-virtual-exhibition\/\",\"url\":\"https:\/\/www.immensiva.com\/ca\/xr3-virtual-exhibition\/\",\"name\":\"XR3 Virtual Exhibition: Fusi\u00f3 de festivals d'art immersiu\",\"isPartOf\":{\"@id\":\"https:\/\/www.immensiva.com\/#website\"},\"datePublished\":\"2021-11-18T15:24:29+00:00\",\"dateModified\":\"2024-04-15T12:31:05+00:00\",\"description\":\"NewImages Festival, Cannes XR i el Tribeca Festival s'uneixen en una plataforma innovadora dedicada a la realitat virtual i accessible a tots.\",\"breadcrumb\":{\"@id\":\"https:\/\/www.immensiva.com\/ca\/xr3-virtual-exhibition\/#breadcrumb\"},\"inLanguage\":\"ca\",\"potentialAction\":[{\"@type\":\"ReadAction\",\"target\":[\"https:\/\/www.immensiva.com\/ca\/xr3-virtual-exhibition\/\"]}]},{\"@type\":\"BreadcrumbList\",\"@id\":\"https:\/\/www.immensiva.com\/ca\/xr3-virtual-exhibition\/#breadcrumb\",\"itemListElement\":[{\"@type\":\"ListItem\",\"position\":1,\"name\":\"Home\",\"item\":\"https:\/\/www.immensiva.com\/ca\/\"},{\"@type\":\"ListItem\",\"position\":2,\"name\":\"XR3 VIRTUAL EXHIBITION\"}]},{\"@type\":\"WebSite\",\"@id\":\"https:\/\/www.immensiva.com\/#website\",\"url\":\"https:\/\/www.immensiva.com\/\",\"name\":\"IMMENSIVA\",\"description\":\"Focusing on VR, AR, XR art &amp; AI art\",\"potentialAction\":[{\"@type\":\"SearchAction\",\"target\":{\"@type\":\"EntryPoint\",\"urlTemplate\":\"https:\/\/www.immensiva.com\/?s={search_term_string}\"},\"query-input\":\"required name=search_term_string\"}],\"inLanguage\":\"ca\"}]}<\/script>\n<!-- \/ Yoast SEO plugin. -->","yoast_head_json":{"title":"XR3 Virtual Exhibition: Fusi\u00f3 de festivals d'art immersiu","description":"NewImages Festival, Cannes XR i el Tribeca Festival s'uneixen en una plataforma innovadora dedicada a la realitat virtual i accessible a tots.","robots":{"index":"index","follow":"follow","max-snippet":"max-snippet:-1","max-image-preview":"max-image-preview:large","max-video-preview":"max-video-preview:-1"},"canonical":"https:\/\/www.immensiva.com\/ca\/xr3-virtual-exhibition\/","og_locale":"ca_ES","og_type":"article","og_title":"XR3 Virtual Exhibition: Fusi\u00f3 de festivals d'art immersiu","og_description":"NewImages Festival, Cannes XR i el Tribeca Festival s'uneixen en una plataforma innovadora dedicada a la realitat virtual i accessible a tots.","og_url":"https:\/\/www.immensiva.com\/ca\/xr3-virtual-exhibition\/","og_site_name":"IMMENSIVA","article_modified_time":"2024-04-15T12:31:05+00:00","twitter_card":"summary_large_image","twitter_misc":{"Temps estimat de lectura":"6 minuts"},"schema":{"@context":"https:\/\/schema.org","@graph":[{"@type":"WebPage","@id":"https:\/\/www.immensiva.com\/ca\/xr3-virtual-exhibition\/","url":"https:\/\/www.immensiva.com\/ca\/xr3-virtual-exhibition\/","name":"XR3 Virtual Exhibition: Fusi\u00f3 de festivals d'art immersiu","isPartOf":{"@id":"https:\/\/www.immensiva.com\/#website"},"datePublished":"2021-11-18T15:24:29+00:00","dateModified":"2024-04-15T12:31:05+00:00","description":"NewImages Festival, Cannes XR i el Tribeca Festival s'uneixen en una plataforma innovadora dedicada a la realitat virtual i accessible a tots.","breadcrumb":{"@id":"https:\/\/www.immensiva.com\/ca\/xr3-virtual-exhibition\/#breadcrumb"},"inLanguage":"ca","potentialAction":[{"@type":"ReadAction","target":["https:\/\/www.immensiva.com\/ca\/xr3-virtual-exhibition\/"]}]},{"@type":"BreadcrumbList","@id":"https:\/\/www.immensiva.com\/ca\/xr3-virtual-exhibition\/#breadcrumb","itemListElement":[{"@type":"ListItem","position":1,"name":"Home","item":"https:\/\/www.immensiva.com\/ca\/"},{"@type":"ListItem","position":2,"name":"XR3 VIRTUAL EXHIBITION"}]},{"@type":"WebSite","@id":"https:\/\/www.immensiva.com\/#website","url":"https:\/\/www.immensiva.com\/","name":"IMMENSIVA","description":"Focusing on VR, AR, XR art &amp; AI art","potentialAction":[{"@type":"SearchAction","target":{"@type":"EntryPoint","urlTemplate":"https:\/\/www.immensiva.com\/?s={search_term_string}"},"query-input":"required name=search_term_string"}],"inLanguage":"ca"}]}},"_links":{"self":[{"href":"https:\/\/www.immensiva.com\/ca\/wp-json\/wp\/v2\/pages\/10537"}],"collection":[{"href":"https:\/\/www.immensiva.com\/ca\/wp-json\/wp\/v2\/pages"}],"about":[{"href":"https:\/\/www.immensiva.com\/ca\/wp-json\/wp\/v2\/types\/page"}],"author":[{"embeddable":true,"href":"https:\/\/www.immensiva.com\/ca\/wp-json\/wp\/v2\/users\/2"}],"replies":[{"embeddable":true,"href":"https:\/\/www.immensiva.com\/ca\/wp-json\/wp\/v2\/comments?post=10537"}],"version-history":[{"count":8,"href":"https:\/\/www.immensiva.com\/ca\/wp-json\/wp\/v2\/pages\/10537\/revisions"}],"predecessor-version":[{"id":12402,"href":"https:\/\/www.immensiva.com\/ca\/wp-json\/wp\/v2\/pages\/10537\/revisions\/12402"}],"wp:attachment":[{"href":"https:\/\/www.immensiva.com\/ca\/wp-json\/wp\/v2\/media?parent=10537"}],"curies":[{"name":"wp","href":"https:\/\/api.w.org\/{rel}","templated":true}]}}