{"id":13135,"date":"2024-12-07T21:15:59","date_gmt":"2024-12-07T20:15:59","guid":{"rendered":"https:\/\/www.immensiva.com\/immensiva-london-barcelona-2024\/"},"modified":"2025-01-15T13:23:39","modified_gmt":"2025-01-15T12:23:39","slug":"immensiva-london-barcelona-2024","status":"publish","type":"page","link":"https:\/\/www.immensiva.com\/ca\/immensiva-london-barcelona-2024\/","title":{"rendered":"IMMENSIVA LONDON &#8211; BARCELONA 2024"},"content":{"rendered":"<div class=\"wpb-content-wrapper\"><p>[vc_row][vc_column]<style>.ld_spacer_69f0dd152a5ff{height:170px;}<\/style>\n<div class=\"ld-empty-space ld_spacer_69f0dd152a5ff\"><span class=\"liquid_empty_space_inner\"><\/span><\/div><style>.ld_fancy_heading_69f0dd152a725 .lqd-highlight-inner{height:0.275em;bottom:0px;}<\/style><div class=\"ld-fancy-heading text-center ld_fancy_heading_69f0dd152a725\">\n\t<h1 class=\"lqd-highlight-underline lqd-highlight-grow-left\" ><span class=\"ld-fh-txt\"> <\/p>\n<p style=\"text-align: center\"><span style=\"font-size: 24px\"><b>\u00a0<\/b><strong>IMMENSIVA LONDRES-BARCELONA 2024: UN VIATGE D&#8217;INNOVACI\u00d3 I ART IMMERSIU<\/strong><\/span><\/p>\n<p><\/span><\/h1><\/div><style>.ld_spacer_69f0dd153df2f{height:20px;}<\/style>\n<div class=\"ld-empty-space ld_spacer_69f0dd153df2f\"><span class=\"liquid_empty_space_inner\"><\/span><\/div>[vc_gallery interval=&#8221;0&#8243; images=&#8221;13117&#8243; img_size=&#8221;large&#8221; onclick=&#8221;&#8221; css=&#8221;&#8221;][vc_column_text css=&#8221;&#8221;]<span style=\"font-weight: 400;\">La resid\u00e8ncia internacional <strong>IMMENSIVA London-Barcelona 2024<\/strong>, organitzada per <strong>ESPRONCEDA &#8211; Institute of Art &amp; Culture<\/strong> en col\u00b7laboraci\u00f3 amb el<strong> Royal College of Art (RCA)<\/strong> i <strong>Off Site Project<\/strong>, va reunir sis artistes emergents de Catalunya i el Regne Unit en un programa interdisciplinari dissenyat per explorar i ampliar les possibilitats de les tecnologies immersives en l&#8217;art contemporani.<\/span><\/p>\n<h4><b>Dates i estructura del programa :\u00a0<\/b><\/h4>\n<ul>\n<li style=\"font-weight: 400;\" aria-level=\"1\"><span style=\"font-weight: 400;\">Londres (24-30 de juny de 2024): Recerca i conceptualitzaci\u00f3 al Royal College of Art.<\/span><\/li>\n<li style=\"font-weight: 400;\" aria-level=\"1\"><span style=\"font-weight: 400;\">Barcelona (15-26 de juliol de 2024): Desenvolupament i prototipatge a ESPRONCEDA, amb acc\u00e9s a tecnologies avan\u00e7ades i visites culturals.<\/span><\/li>\n<\/ul>\n<h4><b>Artistas Participants :<\/b><\/h4>\n<ul>\n<li style=\"font-weight: 400;\" aria-level=\"1\"><span style=\"font-weight: 400;\"><span style=\"font-weight: 400;\">Arnau Casanoves (@arnaucasanoves): <\/span><\/span>Creacions multidisciplin\u00e0ries que oscil\u00b7len entre el nihilisme i l&#8217;idealisme, utilitzant t\u00e8cniques com la rob\u00f2tica, el t\u00e8xtil i l&#8217;art sonor.\n<div class=\"traductor-checkbox form-group\"><\/div>\n<\/li>\n<li style=\"font-weight: 400;\" aria-level=\"1\"><span style=\"font-weight: 400;\"><span style=\"font-weight: 400;\">Adam Cole (@adamcole.studio): <\/span><\/span>Experi\u00e8ncies immersives que redefineixen el cinema tradicional a trav\u00e9s de la IA i la tecnologia digital.<\/li>\n<li style=\"font-weight: 400;\" aria-level=\"1\"><span style=\"font-weight: 400;\"><span style=\"font-weight: 400;\">Shae Myles (@shae.guava): <\/span><\/span>narratives visuals que combinen elements l\u00fadics amb temes \u00edntims i provocatius.<\/li>\n<li style=\"font-weight: 400;\" aria-level=\"1\"><span style=\"font-weight: 400;\"><span style=\"font-weight: 400;\">Didac Navarro (@ddidac.naso): <\/span><\/span>hist\u00f2ries virtuals creades amb Unreal Engine i tecnologies de realitat estesa.<\/li>\n<li style=\"font-weight: 400;\" aria-level=\"1\"><span style=\"font-weight: 400;\"><span style=\"font-weight: 400;\">Jess Pemberton (@jess_pemberton): <\/span><\/span>Explorar la disfunci\u00f3 entre el m\u00f3n virtual i el natural en experi\u00e8ncies interactives.<\/li>\n<li style=\"font-weight: 400;\" aria-level=\"1\"><span style=\"font-weight: 400;\"><span style=\"font-weight: 400;\">Gerard Valls Monta\u00f1o (@bybygerardardvisuals): i<\/span><\/span>nstal\u00b7lacions h\u00edbrides que transformen els espais f\u00edsics en atmosferes socialment ressonants.\n<div class=\"traductor-checkbox form-group\">\n<div id=\"panel-radioneuronal\" class=\"row\">\n<div class=\"col-sm-5 col-sm-offset-2\"><\/div>\n<\/div>\n<\/div>\n<\/li>\n<\/ul>\n<p>[\/vc_column_text]<style>.ld_spacer_69f0dd153e29a{height:50px;}<\/style>\n<div class=\"ld-empty-space ld_spacer_69f0dd153e29a\"><span class=\"liquid_empty_space_inner\"><\/span><\/div>[vc_single_image image=&#8221;13120&#8243; img_size=&#8221;full&#8221; css=&#8221;&#8221;][vc_column_text css=&#8221;&#8221;]<span style=\"font-size: 24px;\"><strong>London phase: recerca i conceptualitzaci\u00f3<\/strong><\/span><\/p>\n<p>Durant una setmana al <strong>Royal College of Art<\/strong>, els residents van participar en:<\/p>\n<ul>\n<li>Tallers i visites guiades: exploracions en institucions com el Victoria &amp; Albert Museum, Gazelli Art House i experi\u00e8ncies immersives a 180 Strand.<\/li>\n<li>Col\u00b7laboracions creatives: networking amb experts i artistes locals per discutir les arrels hist\u00f2riques i les projeccions futures de les tecnologies immersives.<\/li>\n<li>Concept development: creaci\u00f3 de propostes de projectes a desenvolupar en la segona fase a Barcelona.<\/li>\n<\/ul>\n<p><span style=\"font-size: 24px;\"><strong>Barcelona phase: desenvolupament de prototips<\/strong><\/span><\/p>\n<p>A <strong>ESPRONCEDA<\/strong>, els artistes van materialitzar les seves idees durant dues setmanes intenses:<\/p>\n<ul>\n<li>Acc\u00e9s a la tecnologia avan\u00e7ada: eines de realitat virtual i augmentada i sistemes de so 3D.<\/li>\n<li>Inspiraci\u00f3 cultural: visites a llocs emblem\u00e0tics com la Casa Batll\u00f3, la Torre Gl\u00f2ries o el CCCB.<\/li>\n<li>Prototips col\u00b7laboratius: creaci\u00f3 d&#8217;obres immersives que fusionen art i tecnologia, destacant el potencial transformador d&#8217;aquestes eines.<\/li>\n<\/ul>\n<p><span style=\"font-size: 24px;\"><strong>Presentaci\u00f3 final: explorant el valor del cos hum\u00e0<\/strong><\/span><\/p>\n<p>El projecte culminant es va presentar a ESPRONCEDA, q\u00fcestionant com la societat assigna valor al cos hum\u00e0. A trav\u00e9s d&#8217;una impactant instal\u00b7laci\u00f3 que inclo\u00efa:<\/p>\n<ul>\n<li>Un <strong>\u00f2rgan de pl\u00e0stic animat<\/strong> confinat en una estructura que evoca una caixa tor\u00e0cica.<\/li>\n<li>Una <strong>videoinstal\u00b7laci\u00f3<\/strong> que confronta icones de bellesa cl\u00e0ssica amb figures kitsch per desafiar jerarquies de valor.<\/li>\n<\/ul>\n<p>Aquest projecte connectava artefactes i arquetips descartats, plantejant preguntes sobre l&#8217;obsolesc\u00e8ncia, el descart social i la possibilitat de renaixement, subvertint les narratives tradicionals sobre el valu\u00f3s i el rebutjat.<\/p>\n<p><strong><span style=\"font-size: 24px;\">Conclusions<\/span><\/strong><\/p>\n<p>La resid\u00e8ncia IMMENSIVA Londres-Barcelona 2024 no nom\u00e9s va marcar una fita en l&#8217;art digital, sin\u00f3 que va demostrar com la col\u00b7laboraci\u00f3 interdisciplin\u00e0ria i les tecnologies avan\u00e7ades poden transformar la manera d&#8217;entendre i experimentar l&#8217;art immersiu.<\/p>\n<p>Per a m\u00e9s informaci\u00f3 i futures actualitzacions, visiteu les nostres xarxes socials a <a href=\"https:\/\/www.instagram.com\/esproncedabcn\/\">@esproncedabcn<\/a>, la nostra p\u00e0gina web <a href=\"http:\/\/www.espronceda.net\">www.espronceda.net<\/a> i a\u00a0 <a href=\"http:\/\/immensiva.com\">immensiva.com<\/a>[\/vc_column_text]<style>.ld_spacer_69f0dd153e595{height:30px;}<\/style>\n<div class=\"ld-empty-space ld_spacer_69f0dd153e595\"><span class=\"liquid_empty_space_inner\"><\/span><\/div><style>.ld_spacer_69f0dd153e86a{height:50px;}<\/style>\n<div class=\"ld-empty-space ld_spacer_69f0dd153e86a\"><span class=\"liquid_empty_space_inner\"><\/span><\/div>[vc_single_image image=&#8221;13123&#8243; img_size=&#8221;full&#8221; css=&#8221;&#8221;][\/vc_column][\/vc_row][vc_row][vc_column][\/vc_column][\/vc_row]<\/p>\n<\/div>","protected":false},"excerpt":{"rendered":"<p>[vc_row][vc_column][vc_gallery interval=&#8221;0&#8243; images=&#8221;13117&#8243; img_size=&#8221;large&#8221; onclick=&#8221;&#8221; css=&#8221;&#8221;][vc_column_text css=&#8221;&#8221;]La resid\u00e8ncia internacional IMMENSIVA London-Barcelona 2024, organitzada per ESPRONCEDA&#8230;<\/p>\n","protected":false},"author":2,"featured_media":0,"parent":0,"menu_order":0,"comment_status":"closed","ping_status":"closed","template":"","meta":{"footnotes":""},"featured_image_urls":{"full":"","thumbnail":"","medium":"","medium_large":"","large":"","1536x1536":"","2048x2048":"","awb_sm":"","awb_md":"","awb_lg":"","awb_xl":"","liquid-default-blog":"","liquid-standard-blog":"","liquid-featured-blog":"","liquid-rounded-blog":"","liquid-classic-meta-blog":"","liquid-classic-2-blog":"","liquid-grid":"","liquid-split-blog":"","liquid-classic-full-blog":"","liquid-metro-blog":"","liquid-timeline-blog":"","liquid-carousel-blog":"","liquid-square-blog":"","liquid-candy-blog":"","liquid-category-blog":"","liquid-cover-post":"","liquid-default-post":"","liquid-cover-spaced":"","liquid-masonry-shortest":"","liquid-masonry-short":"","liquid-masonry-tall":"","liquid-masonry-taller":"","liquid-medium":"","liquid-large":"","liquid-thumbnail":"","liquid-masonry-header-small":"","liquid-masonry-header-big":"","liquid-thumbnail-post":"","liquid-small-blog":"","liquid-related-post":"","liquid-portfolio":"","liquid-portfolio-sq":"","liquid-portfolio-big-sq":"","liquid-portfolio-portrait":"","liquid-portfolio-wide":"","liquid-packery-wide":"","liquid-packery-portrait":"","liquid-grid-hover-overlay":"","liquid-grid-hover-classic":"","liquid-grid-hover-3d":"","liquid-grid-caption":"","liquid-large-slider":"","liquid-widget":"","liquid-portfolio-vertical-overlay":""},"post_excerpt_stackable":"<p>[vc_row][vc_column] \u00a0IMMENSIVA LONDRES-BARCELONA 2024: UN VIATGE D&#8217;INNOVACI\u00d3 I ART IMMERSIU [vc_gallery interval=&#8221;0&#8243; images=&#8221;13117&#8243; img_size=&#8221;large&#8221; onclick=&#8221;&#8221; css=&#8221;&#8221;][vc_column_text css=&#8221;&#8221;]La resid\u00e8ncia internacional IMMENSIVA London-Barcelona 2024, organitzada per ESPRONCEDA &#8211; Institute of Art &amp; Culture en col\u00b7laboraci\u00f3 amb el Royal College of Art (RCA) i Off Site Project, va reunir sis artistes emergents de Catalunya i el Regne Unit en un programa interdisciplinari dissenyat per explorar i ampliar les possibilitats de les tecnologies immersives en l&#8217;art contemporani. Dates i estructura del programa :\u00a0 Londres (24-30 de juny de 2024): Recerca i conceptualitzaci\u00f3 al Royal College of Art. Barcelona (15-26 de juliol de 2024): Desenvolupament&hellip;<\/p>\n","category_list":"","author_info":{"name":"vitor","url":"https:\/\/www.immensiva.com\/ca\/author\/vitor\/"},"comments_num":"0 comments","yoast_head":"<!-- This site is optimized with the Yoast SEO plugin v22.5 - https:\/\/yoast.com\/wordpress\/plugins\/seo\/ -->\n<title>Immensiva London-Barcelona 2024<\/title>\n<meta name=\"description\" content=\"Sis artistes emergents de Catalunya i el Regne Unit en un programa interdisciplinari per a explorar tecnologies immersives en l&#039;art contemporani.\" \/>\n<meta name=\"robots\" content=\"index, follow, max-snippet:-1, max-image-preview:large, max-video-preview:-1\" \/>\n<link rel=\"canonical\" href=\"https:\/\/www.immensiva.com\/ca\/immensiva-london-barcelona-2024\/\" \/>\n<meta property=\"og:locale\" content=\"ca_ES\" \/>\n<meta property=\"og:type\" content=\"article\" \/>\n<meta property=\"og:title\" content=\"Immensiva London-Barcelona 2024\" \/>\n<meta property=\"og:description\" content=\"Sis artistes emergents de Catalunya i el Regne Unit en un programa interdisciplinari per a explorar tecnologies immersives en l&#039;art contemporani.\" \/>\n<meta property=\"og:url\" content=\"https:\/\/www.immensiva.com\/ca\/immensiva-london-barcelona-2024\/\" \/>\n<meta property=\"og:site_name\" content=\"IMMENSIVA\" \/>\n<meta property=\"article:modified_time\" content=\"2025-01-15T12:23:39+00:00\" \/>\n<meta name=\"twitter:card\" content=\"summary_large_image\" \/>\n<meta name=\"twitter:label1\" content=\"Temps estimat de lectura\" \/>\n\t<meta name=\"twitter:data1\" content=\"3 minuts\" \/>\n<script type=\"application\/ld+json\" class=\"yoast-schema-graph\">{\"@context\":\"https:\/\/schema.org\",\"@graph\":[{\"@type\":\"WebPage\",\"@id\":\"https:\/\/www.immensiva.com\/ca\/immensiva-london-barcelona-2024\/\",\"url\":\"https:\/\/www.immensiva.com\/ca\/immensiva-london-barcelona-2024\/\",\"name\":\"Immensiva London-Barcelona 2024\",\"isPartOf\":{\"@id\":\"https:\/\/www.immensiva.com\/#website\"},\"datePublished\":\"2024-12-07T20:15:59+00:00\",\"dateModified\":\"2025-01-15T12:23:39+00:00\",\"description\":\"Sis artistes emergents de Catalunya i el Regne Unit en un programa interdisciplinari per a explorar tecnologies immersives en l'art contemporani.\",\"breadcrumb\":{\"@id\":\"https:\/\/www.immensiva.com\/ca\/immensiva-london-barcelona-2024\/#breadcrumb\"},\"inLanguage\":\"ca\",\"potentialAction\":[{\"@type\":\"ReadAction\",\"target\":[\"https:\/\/www.immensiva.com\/ca\/immensiva-london-barcelona-2024\/\"]}]},{\"@type\":\"BreadcrumbList\",\"@id\":\"https:\/\/www.immensiva.com\/ca\/immensiva-london-barcelona-2024\/#breadcrumb\",\"itemListElement\":[{\"@type\":\"ListItem\",\"position\":1,\"name\":\"Home\",\"item\":\"https:\/\/www.immensiva.com\/ca\/\"},{\"@type\":\"ListItem\",\"position\":2,\"name\":\"IMMENSIVA LONDON &#8211; BARCELONA 2024\"}]},{\"@type\":\"WebSite\",\"@id\":\"https:\/\/www.immensiva.com\/#website\",\"url\":\"https:\/\/www.immensiva.com\/\",\"name\":\"IMMENSIVA\",\"description\":\"Focusing on VR, AR, XR art &amp; AI art\",\"potentialAction\":[{\"@type\":\"SearchAction\",\"target\":{\"@type\":\"EntryPoint\",\"urlTemplate\":\"https:\/\/www.immensiva.com\/?s={search_term_string}\"},\"query-input\":\"required name=search_term_string\"}],\"inLanguage\":\"ca\"}]}<\/script>\n<!-- \/ Yoast SEO plugin. -->","yoast_head_json":{"title":"Immensiva London-Barcelona 2024","description":"Sis artistes emergents de Catalunya i el Regne Unit en un programa interdisciplinari per a explorar tecnologies immersives en l'art contemporani.","robots":{"index":"index","follow":"follow","max-snippet":"max-snippet:-1","max-image-preview":"max-image-preview:large","max-video-preview":"max-video-preview:-1"},"canonical":"https:\/\/www.immensiva.com\/ca\/immensiva-london-barcelona-2024\/","og_locale":"ca_ES","og_type":"article","og_title":"Immensiva London-Barcelona 2024","og_description":"Sis artistes emergents de Catalunya i el Regne Unit en un programa interdisciplinari per a explorar tecnologies immersives en l'art contemporani.","og_url":"https:\/\/www.immensiva.com\/ca\/immensiva-london-barcelona-2024\/","og_site_name":"IMMENSIVA","article_modified_time":"2025-01-15T12:23:39+00:00","twitter_card":"summary_large_image","twitter_misc":{"Temps estimat de lectura":"3 minuts"},"schema":{"@context":"https:\/\/schema.org","@graph":[{"@type":"WebPage","@id":"https:\/\/www.immensiva.com\/ca\/immensiva-london-barcelona-2024\/","url":"https:\/\/www.immensiva.com\/ca\/immensiva-london-barcelona-2024\/","name":"Immensiva London-Barcelona 2024","isPartOf":{"@id":"https:\/\/www.immensiva.com\/#website"},"datePublished":"2024-12-07T20:15:59+00:00","dateModified":"2025-01-15T12:23:39+00:00","description":"Sis artistes emergents de Catalunya i el Regne Unit en un programa interdisciplinari per a explorar tecnologies immersives en l'art contemporani.","breadcrumb":{"@id":"https:\/\/www.immensiva.com\/ca\/immensiva-london-barcelona-2024\/#breadcrumb"},"inLanguage":"ca","potentialAction":[{"@type":"ReadAction","target":["https:\/\/www.immensiva.com\/ca\/immensiva-london-barcelona-2024\/"]}]},{"@type":"BreadcrumbList","@id":"https:\/\/www.immensiva.com\/ca\/immensiva-london-barcelona-2024\/#breadcrumb","itemListElement":[{"@type":"ListItem","position":1,"name":"Home","item":"https:\/\/www.immensiva.com\/ca\/"},{"@type":"ListItem","position":2,"name":"IMMENSIVA LONDON &#8211; BARCELONA 2024"}]},{"@type":"WebSite","@id":"https:\/\/www.immensiva.com\/#website","url":"https:\/\/www.immensiva.com\/","name":"IMMENSIVA","description":"Focusing on VR, AR, XR art &amp; AI art","potentialAction":[{"@type":"SearchAction","target":{"@type":"EntryPoint","urlTemplate":"https:\/\/www.immensiva.com\/?s={search_term_string}"},"query-input":"required name=search_term_string"}],"inLanguage":"ca"}]}},"_links":{"self":[{"href":"https:\/\/www.immensiva.com\/ca\/wp-json\/wp\/v2\/pages\/13135"}],"collection":[{"href":"https:\/\/www.immensiva.com\/ca\/wp-json\/wp\/v2\/pages"}],"about":[{"href":"https:\/\/www.immensiva.com\/ca\/wp-json\/wp\/v2\/types\/page"}],"author":[{"embeddable":true,"href":"https:\/\/www.immensiva.com\/ca\/wp-json\/wp\/v2\/users\/2"}],"replies":[{"embeddable":true,"href":"https:\/\/www.immensiva.com\/ca\/wp-json\/wp\/v2\/comments?post=13135"}],"version-history":[{"count":29,"href":"https:\/\/www.immensiva.com\/ca\/wp-json\/wp\/v2\/pages\/13135\/revisions"}],"predecessor-version":[{"id":13311,"href":"https:\/\/www.immensiva.com\/ca\/wp-json\/wp\/v2\/pages\/13135\/revisions\/13311"}],"wp:attachment":[{"href":"https:\/\/www.immensiva.com\/ca\/wp-json\/wp\/v2\/media?parent=13135"}],"curies":[{"name":"wp","href":"https:\/\/api.w.org\/{rel}","templated":true}]}}