{"id":13258,"date":"2025-01-15T11:41:43","date_gmt":"2025-01-15T10:41:43","guid":{"rendered":"https:\/\/www.immensiva.com\/immensiva-day-2024\/"},"modified":"2025-01-15T14:57:39","modified_gmt":"2025-01-15T13:57:39","slug":"immensiva-day-2024","status":"publish","type":"page","link":"https:\/\/www.immensiva.com\/ca\/immensiva-day-2024\/","title":{"rendered":"IMMENSIVA DAY 2024"},"content":{"rendered":"<div class=\"wpb-content-wrapper\"><p>[vc_row][vc_column]<style>.ld_spacer_69f0dc4275889{height:170px;}<\/style>\n<div class=\"ld-empty-space ld_spacer_69f0dc4275889\"><span class=\"liquid_empty_space_inner\"><\/span><\/div><style>.ld_fancy_heading_69f0dc42759ac .lqd-highlight-inner{height:0.275em;bottom:0px;}<\/style><div class=\"ld-fancy-heading text-center ld_fancy_heading_69f0dc42759ac\">\n\t<h1 class=\"lqd-highlight-underline lqd-highlight-grow-left\" ><span class=\"ld-fh-txt\"> <\/p>\n<h2><strong>IMMENSIVA DAY: explorant el futur de l&#8217;art, la tecnologia i la innovaci\u00f3<\/strong><\/h2>\n<p><\/span><\/h1><\/div><style>.ld_spacer_69f0dc427e3f1{height:5px;}<\/style>\n<div class=\"ld-empty-space ld_spacer_69f0dc427e3f1\"><span class=\"liquid_empty_space_inner\"><\/span><\/div>[vc_gallery interval=&#8221;0&#8243; images=&#8221;13188&#8243; img_size=&#8221;large&#8221; onclick=&#8221;&#8221; css=&#8221;&#8221;][vc_column_text css=&#8221;&#8221;]<b>IMMENSIVA DAY<\/b><span style=\"font-weight: 400;\">, organitzat per Espronceda \u2013 Institute of Art &amp; Culture, en col\u00b7laboraci\u00f3 amb la Fundaci\u00f3 \u00c9pica Fura dels Baus, es va celebrar a la Fundaci\u00f3 \u00c9pica de Badalona el 18 de setembre de 2024. Aquest esdeveniment va reunir experts, innovadors i entusiastes de les arts digitals i les tecnologies immersives per explorar projectes pioners en realitat estesa (XR), tecnologia h\u00e0ptica i art interdisciplinari. Amb contribucions de figures clau en tecnologia, art i innovaci\u00f3 cultural europea, IMMENSIVA DAY va destacar la din\u00e0mica intersecci\u00f3 d\u2019aquests camps.<\/span><\/p>\n<h3><\/h3>\n<h4><b>Resum de les pon\u00e8ncies<\/b><\/h4>\n<h4><span style=\"font-size: 16px;\"><b>Xiao Yu \u2013 Interf\u00edcies H\u00e0ptiques Port\u00e0tils en XR<\/b><\/span><\/h4>\n<p><b>Xiao Yu<\/b><span style=\"font-weight: 400;\">, professora associada del Departament de Comunicacions i Xarxes de la Universitat Aalto, va presentar el projecte <\/span><b>EMIL XR<\/b><span style=\"font-weight: 400;\">. Aquesta iniciativa se centra en les interf\u00edcies h\u00e0ptiques port\u00e0tils que permeten als usuaris &#8220;sentir&#8221; objectes virtuals en entorns XR.<\/span><\/p>\n<ul>\n<li style=\"font-weight: 400;\" aria-level=\"1\"><b>Tecnologies Demostrades<\/b><span style=\"font-weight: 400;\">: Dispositius com SenseGlove Nova2 i HaptX Gloves G1, que simulen la mida, la forma i la textura d\u2019objectes digitals mitjan\u00e7ant retroalimentaci\u00f3 t\u00e0ctil i de for\u00e7a.<\/span><\/li>\n<li style=\"font-weight: 400;\" aria-level=\"1\"><b>Caracter\u00edstiques Innovadores<\/b><span style=\"font-weight: 400;\">: Tecnologia h\u00e0ptica t\u00e8rmica, inclosa la recreaci\u00f3 d\u2019una experi\u00e8ncia de sauna mitjan\u00e7ant sensors de temperatura.<\/span><\/li>\n<li style=\"font-weight: 400;\" aria-level=\"1\"><b>Reptes<\/b><span style=\"font-weight: 400;\">: Integraci\u00f3 de dissenys modulars en sistemes XR i personalitzaci\u00f3 per millorar l\u2019experi\u00e8ncia de l\u2019usuari.<\/span><\/li>\n<\/ul>\n<h4><b><br \/>\n<span style=\"font-size: 16px;\">Aur\u00e9lie Delater \u2013 Projectes de la UE que donen suport a les arts i la tecnologia<\/span><\/b><\/h4>\n<p><b>Aur\u00e9lie Delater<\/b><span style=\"font-weight: 400;\">, especialista en projectes de la UE, va destacar programes que connecten creativitat, art i tecnologia a tot Europa.<\/span><\/p>\n<ul>\n<li style=\"font-weight: 400;\" aria-level=\"1\"><b>Programes Destacats<\/b><span style=\"font-weight: 400;\">: S+T+ARTS, Creative Europe i altres iniciatives relacionades.<\/span><\/li>\n<li style=\"font-weight: 400;\" aria-level=\"1\"><b>Exemples de Projectes<\/b><span style=\"font-weight: 400;\">: \u201cThe Plants Sense\u201d, un jard\u00ed interactiu que tradueix reaccions de plantes en sons, i \u201cRealities in Transition\u201d, una resid\u00e8ncia que dona suport a la producci\u00f3 d\u2019art XR.<\/span><\/li>\n<li style=\"font-weight: 400;\" aria-level=\"1\"><b>Temes Clau<\/b><span style=\"font-weight: 400;\">: Foment de la innovaci\u00f3 multidisciplin\u00e0ria i col\u00b7laboraci\u00f3 entre artistes i cient\u00edfics.<\/span><\/li>\n<\/ul>\n<h4><b><br \/>\n<span style=\"font-size: 16px;\">Michael Barngrover \u2013 El Paper de XR4Europe en les xarxes XR europees<\/span><\/b><\/h4>\n<p><b>Michael Barngrover<\/b><span style=\"font-weight: 400;\">, director executiu de XR4Europe, va explicar el paper de l\u2019organitzaci\u00f3 en la configuraci\u00f3 del panorama XR a Europa.<\/span><\/p>\n<ul>\n<li style=\"font-weight: 400;\" aria-level=\"1\"><b>Missi\u00f3<\/b><span style=\"font-weight: 400;\">: Defensar la inclusi\u00f3 de XR en les pol\u00edtiques europees i connectar comunitats XR.<\/span><\/li>\n<li style=\"font-weight: 400;\" aria-level=\"1\"><b>Esfor\u00e7os Destacats<\/b><span style=\"font-weight: 400;\">: Estrat\u00e8gies nacionals com les iniciatives XR d\u2019Espanya i la visi\u00f3 2035 de Finl\u00e0ndia.<\/span><\/li>\n<li style=\"font-weight: 400;\" aria-level=\"1\"><b>Temes Tractats<\/b><span style=\"font-weight: 400;\">: El paper evolutiu de XR en la tecnologia i la cultura europees.<\/span><\/li>\n<\/ul>\n<h4><b><br \/>\n<span style=\"font-size: 16px;\">Fran Iglesias \u2013 Tecnologia aplicada a l\u2019art digital<\/span><\/b><\/h4>\n<p><b>Fran Iglesias<\/b><span style=\"font-weight: 400;\">, director general de la Fundaci\u00f3 \u00c9pica Fura dels Baus, va compartir idees sobre la feina de la fundaci\u00f3 en la intersecci\u00f3 d\u2019art, tecnologia i ci\u00e8ncia.<\/span><\/p>\n<ul>\n<li style=\"font-weight: 400;\" aria-level=\"1\"><b>Projecte Destacat<\/b><span style=\"font-weight: 400;\">: \u201cThe Gate: Future Boundaries\u201d, un festival que explora eCultures i XR, amb la propera edici\u00f3 a Stuttgart (2025).<\/span><\/li>\n<li style=\"font-weight: 400;\" aria-level=\"1\"><b>Enfocament Principal<\/b><span style=\"font-weight: 400;\">: Promoci\u00f3 de col\u00b7laboracions art\u00edstiques i tecnol\u00f2giques a trav\u00e9s de l\u2019experimentaci\u00f3 i el debat.<\/span><\/li>\n<\/ul>\n<h4><b><br \/>\n<span style=\"font-size: 16px;\">Xavi Bov\u00e9 \u2013 GAUD\u00cd&#8217;S EVOLUTION<\/span><\/b><\/h4>\n<p><b>Xavi Bov\u00e9<\/b><span style=\"font-weight: 400;\">, director creatiu, va presentar <\/span><b>GAUD\u00cd&#8217;S EVOLUTION<\/b><span style=\"font-weight: 400;\">, un projecte d\u2019art digital a la Sagrada Fam\u00edlia.<\/span><\/p>\n<ul>\n<li style=\"font-weight: 400;\" aria-level=\"1\"><b>Enfocament Art\u00edstic<\/b><span style=\"font-weight: 400;\">: Combinaci\u00f3 de llum, imatge i m\u00fasica per crear experi\u00e8ncies immersives que aborden temes com el temps, la mem\u00f2ria i la percepci\u00f3.<\/span><\/li>\n<li style=\"font-weight: 400;\" aria-level=\"1\"><b>Impacte<\/b><span style=\"font-weight: 400;\">: Transformaci\u00f3 de la interacci\u00f3 del p\u00fablic amb l\u2019art en una experi\u00e8ncia activa i transformadora.<\/span><\/li>\n<\/ul>\n<p>&nbsp;<\/p>\n<h4><b>Taula rodona: ecosistema de l\u2019art digital<\/b><\/h4>\n<p><span style=\"font-weight: 400;\">L\u2019esdeveniment va concloure amb una taula rodona amb <\/span><b>Fran Iglesias<\/b><span style=\"font-weight: 400;\">, <\/span><b>Xavi Bov\u00e9<\/b><span style=\"font-weight: 400;\"> i <\/span><b>Alejandro Mart\u00edn<\/b><span style=\"font-weight: 400;\">, titulada \u201cConclusions sobre l\u2019Ecosistema de l\u2019Art Digital\u201d.<\/span><\/p>\n<ul>\n<li style=\"font-weight: 400;\" aria-level=\"1\"><b>Temes Tractats<\/b><span style=\"font-weight: 400;\">: Integraci\u00f3 de la tecnologia en l\u2019art contemporani, fronteres difuses entre el f\u00edsic i el digital, i direccions futures de l\u2019art immersiu.<\/span><\/li>\n<\/ul>\n<p><span style=\"font-weight: 400;\">Pots veure un resum de la jornada al nostre canal de <\/span><b>YouTube<\/b><span style=\"font-weight: 400;\">:<\/span><a href=\"https:\/\/www.youtube.com\/channel\/UCmNd-u76iI0ztWgk_asVHFg\"> <span style=\"font-weight: 400;\">Canal d&#8217;IMMENSIVA<\/span><\/a><span style=\"font-weight: 400;\">. A m\u00e9s, consulta els aspectes destacats en aquest v\u00eddeo:<\/span><a href=\"https:\/\/www.youtube.com\/watch?v=M2bwKa_bQOE&amp;t=13s\"> <span style=\"font-weight: 400;\">Resum IMMENSIVA DAY<\/span><\/a><span style=\"font-weight: 400;\">.<\/span>[\/vc_column_text]<style>.ld_spacer_69f0dc427e4ce{height:50px;}<\/style>\n<div class=\"ld-empty-space ld_spacer_69f0dc427e4ce\"><span class=\"liquid_empty_space_inner\"><\/span><\/div>[vc_gallery type=&#8221;image_grid&#8221; images=&#8221;13191,13194,13197,13200,13203,13206,13209,13212&#8243; img_size=&#8221;medium&#8221; css=&#8221;&#8221;]<style>.ld_spacer_69f0dc427e56c{height:30px;}<\/style>\n<div class=\"ld-empty-space ld_spacer_69f0dc427e56c\"><span class=\"liquid_empty_space_inner\"><\/span><\/div>[\/vc_column][\/vc_row][vc_row][vc_column][\/vc_column][\/vc_row][vc_row][vc_column][\/vc_column][\/vc_row]<\/p>\n<\/div>","protected":false},"excerpt":{"rendered":"<p>[vc_row][vc_column][vc_gallery interval=&#8221;0&#8243; images=&#8221;13188&#8243; img_size=&#8221;large&#8221; onclick=&#8221;&#8221; css=&#8221;&#8221;][vc_column_text css=&#8221;&#8221;]IMMENSIVA DAY, organitzat per Espronceda \u2013 Institute of Art&#8230;<\/p>\n","protected":false},"author":2,"featured_media":0,"parent":0,"menu_order":0,"comment_status":"closed","ping_status":"closed","template":"","meta":{"footnotes":""},"featured_image_urls":{"full":"","thumbnail":"","medium":"","medium_large":"","large":"","1536x1536":"","2048x2048":"","awb_sm":"","awb_md":"","awb_lg":"","awb_xl":"","liquid-default-blog":"","liquid-standard-blog":"","liquid-featured-blog":"","liquid-rounded-blog":"","liquid-classic-meta-blog":"","liquid-classic-2-blog":"","liquid-grid":"","liquid-split-blog":"","liquid-classic-full-blog":"","liquid-metro-blog":"","liquid-timeline-blog":"","liquid-carousel-blog":"","liquid-square-blog":"","liquid-candy-blog":"","liquid-category-blog":"","liquid-cover-post":"","liquid-default-post":"","liquid-cover-spaced":"","liquid-masonry-shortest":"","liquid-masonry-short":"","liquid-masonry-tall":"","liquid-masonry-taller":"","liquid-medium":"","liquid-large":"","liquid-thumbnail":"","liquid-masonry-header-small":"","liquid-masonry-header-big":"","liquid-thumbnail-post":"","liquid-small-blog":"","liquid-related-post":"","liquid-portfolio":"","liquid-portfolio-sq":"","liquid-portfolio-big-sq":"","liquid-portfolio-portrait":"","liquid-portfolio-wide":"","liquid-packery-wide":"","liquid-packery-portrait":"","liquid-grid-hover-overlay":"","liquid-grid-hover-classic":"","liquid-grid-hover-3d":"","liquid-grid-caption":"","liquid-large-slider":"","liquid-widget":"","liquid-portfolio-vertical-overlay":""},"post_excerpt_stackable":"<p>[vc_row][vc_column] IMMENSIVA DAY: explorant el futur de l&#8217;art, la tecnologia i la innovaci\u00f3 [vc_gallery interval=&#8221;0&#8243; images=&#8221;13188&#8243; img_size=&#8221;large&#8221; onclick=&#8221;&#8221; css=&#8221;&#8221;][vc_column_text css=&#8221;&#8221;]IMMENSIVA DAY, organitzat per Espronceda \u2013 Institute of Art &amp; Culture, en col\u00b7laboraci\u00f3 amb la Fundaci\u00f3 \u00c9pica Fura dels Baus, es va celebrar a la Fundaci\u00f3 \u00c9pica de Badalona el 18 de setembre de 2024. Aquest esdeveniment va reunir experts, innovadors i entusiastes de les arts digitals i les tecnologies immersives per explorar projectes pioners en realitat estesa (XR), tecnologia h\u00e0ptica i art interdisciplinari. Amb contribucions de figures clau en tecnologia, art i innovaci\u00f3 cultural europea, IMMENSIVA DAY va destacar la&hellip;<\/p>\n","category_list":"","author_info":{"name":"vitor","url":"https:\/\/www.immensiva.com\/ca\/author\/vitor\/"},"comments_num":"0 comments","yoast_head":"<!-- This site is optimized with the Yoast SEO plugin v22.5 - https:\/\/yoast.com\/wordpress\/plugins\/seo\/ -->\n<title>Immensiva Day 2024<\/title>\n<meta name=\"description\" content=\"Esdeveniment que reuneix experts, innovadors i entusiastes de les arts digitals i les tecnologies immersives\" \/>\n<meta name=\"robots\" content=\"index, follow, max-snippet:-1, max-image-preview:large, max-video-preview:-1\" \/>\n<link rel=\"canonical\" href=\"https:\/\/www.immensiva.com\/ca\/immensiva-day-2024\/\" \/>\n<meta property=\"og:locale\" content=\"ca_ES\" \/>\n<meta property=\"og:type\" content=\"article\" \/>\n<meta property=\"og:title\" content=\"Immensiva Day 2024\" \/>\n<meta property=\"og:description\" content=\"Esdeveniment que reuneix experts, innovadors i entusiastes de les arts digitals i les tecnologies immersives\" \/>\n<meta property=\"og:url\" content=\"https:\/\/www.immensiva.com\/ca\/immensiva-day-2024\/\" \/>\n<meta property=\"og:site_name\" content=\"IMMENSIVA\" \/>\n<meta property=\"article:modified_time\" content=\"2025-01-15T13:57:39+00:00\" \/>\n<meta name=\"twitter:card\" content=\"summary_large_image\" \/>\n<meta name=\"twitter:label1\" content=\"Temps estimat de lectura\" \/>\n\t<meta name=\"twitter:data1\" content=\"3 minuts\" \/>\n<script type=\"application\/ld+json\" class=\"yoast-schema-graph\">{\"@context\":\"https:\/\/schema.org\",\"@graph\":[{\"@type\":\"WebPage\",\"@id\":\"https:\/\/www.immensiva.com\/ca\/immensiva-day-2024\/\",\"url\":\"https:\/\/www.immensiva.com\/ca\/immensiva-day-2024\/\",\"name\":\"Immensiva Day 2024\",\"isPartOf\":{\"@id\":\"https:\/\/www.immensiva.com\/#website\"},\"datePublished\":\"2025-01-15T10:41:43+00:00\",\"dateModified\":\"2025-01-15T13:57:39+00:00\",\"description\":\"Esdeveniment que reuneix experts, innovadors i entusiastes de les arts digitals i les tecnologies immersives\",\"breadcrumb\":{\"@id\":\"https:\/\/www.immensiva.com\/ca\/immensiva-day-2024\/#breadcrumb\"},\"inLanguage\":\"ca\",\"potentialAction\":[{\"@type\":\"ReadAction\",\"target\":[\"https:\/\/www.immensiva.com\/ca\/immensiva-day-2024\/\"]}]},{\"@type\":\"BreadcrumbList\",\"@id\":\"https:\/\/www.immensiva.com\/ca\/immensiva-day-2024\/#breadcrumb\",\"itemListElement\":[{\"@type\":\"ListItem\",\"position\":1,\"name\":\"Home\",\"item\":\"https:\/\/www.immensiva.com\/ca\/\"},{\"@type\":\"ListItem\",\"position\":2,\"name\":\"IMMENSIVA DAY 2024\"}]},{\"@type\":\"WebSite\",\"@id\":\"https:\/\/www.immensiva.com\/#website\",\"url\":\"https:\/\/www.immensiva.com\/\",\"name\":\"IMMENSIVA\",\"description\":\"Focusing on VR, AR, XR art &amp; AI art\",\"potentialAction\":[{\"@type\":\"SearchAction\",\"target\":{\"@type\":\"EntryPoint\",\"urlTemplate\":\"https:\/\/www.immensiva.com\/?s={search_term_string}\"},\"query-input\":\"required name=search_term_string\"}],\"inLanguage\":\"ca\"}]}<\/script>\n<!-- \/ Yoast SEO plugin. -->","yoast_head_json":{"title":"Immensiva Day 2024","description":"Esdeveniment que reuneix experts, innovadors i entusiastes de les arts digitals i les tecnologies immersives","robots":{"index":"index","follow":"follow","max-snippet":"max-snippet:-1","max-image-preview":"max-image-preview:large","max-video-preview":"max-video-preview:-1"},"canonical":"https:\/\/www.immensiva.com\/ca\/immensiva-day-2024\/","og_locale":"ca_ES","og_type":"article","og_title":"Immensiva Day 2024","og_description":"Esdeveniment que reuneix experts, innovadors i entusiastes de les arts digitals i les tecnologies immersives","og_url":"https:\/\/www.immensiva.com\/ca\/immensiva-day-2024\/","og_site_name":"IMMENSIVA","article_modified_time":"2025-01-15T13:57:39+00:00","twitter_card":"summary_large_image","twitter_misc":{"Temps estimat de lectura":"3 minuts"},"schema":{"@context":"https:\/\/schema.org","@graph":[{"@type":"WebPage","@id":"https:\/\/www.immensiva.com\/ca\/immensiva-day-2024\/","url":"https:\/\/www.immensiva.com\/ca\/immensiva-day-2024\/","name":"Immensiva Day 2024","isPartOf":{"@id":"https:\/\/www.immensiva.com\/#website"},"datePublished":"2025-01-15T10:41:43+00:00","dateModified":"2025-01-15T13:57:39+00:00","description":"Esdeveniment que reuneix experts, innovadors i entusiastes de les arts digitals i les tecnologies immersives","breadcrumb":{"@id":"https:\/\/www.immensiva.com\/ca\/immensiva-day-2024\/#breadcrumb"},"inLanguage":"ca","potentialAction":[{"@type":"ReadAction","target":["https:\/\/www.immensiva.com\/ca\/immensiva-day-2024\/"]}]},{"@type":"BreadcrumbList","@id":"https:\/\/www.immensiva.com\/ca\/immensiva-day-2024\/#breadcrumb","itemListElement":[{"@type":"ListItem","position":1,"name":"Home","item":"https:\/\/www.immensiva.com\/ca\/"},{"@type":"ListItem","position":2,"name":"IMMENSIVA DAY 2024"}]},{"@type":"WebSite","@id":"https:\/\/www.immensiva.com\/#website","url":"https:\/\/www.immensiva.com\/","name":"IMMENSIVA","description":"Focusing on VR, AR, XR art &amp; AI art","potentialAction":[{"@type":"SearchAction","target":{"@type":"EntryPoint","urlTemplate":"https:\/\/www.immensiva.com\/?s={search_term_string}"},"query-input":"required name=search_term_string"}],"inLanguage":"ca"}]}},"_links":{"self":[{"href":"https:\/\/www.immensiva.com\/ca\/wp-json\/wp\/v2\/pages\/13258"}],"collection":[{"href":"https:\/\/www.immensiva.com\/ca\/wp-json\/wp\/v2\/pages"}],"about":[{"href":"https:\/\/www.immensiva.com\/ca\/wp-json\/wp\/v2\/types\/page"}],"author":[{"embeddable":true,"href":"https:\/\/www.immensiva.com\/ca\/wp-json\/wp\/v2\/users\/2"}],"replies":[{"embeddable":true,"href":"https:\/\/www.immensiva.com\/ca\/wp-json\/wp\/v2\/comments?post=13258"}],"version-history":[{"count":6,"href":"https:\/\/www.immensiva.com\/ca\/wp-json\/wp\/v2\/pages\/13258\/revisions"}],"predecessor-version":[{"id":13320,"href":"https:\/\/www.immensiva.com\/ca\/wp-json\/wp\/v2\/pages\/13258\/revisions\/13320"}],"wp:attachment":[{"href":"https:\/\/www.immensiva.com\/ca\/wp-json\/wp\/v2\/media?parent=13258"}],"curies":[{"name":"wp","href":"https:\/\/api.w.org\/{rel}","templated":true}]}}