{"id":13869,"date":"2026-01-27T14:34:08","date_gmt":"2026-01-27T13:34:08","guid":{"rendered":"https:\/\/www.immensiva.com\/immensiva-festival-2025-exposicio-inaugural\/"},"modified":"2026-01-30T15:11:34","modified_gmt":"2026-01-30T14:11:34","slug":"immensiva-festival-2025-exposicio-inaugural","status":"publish","type":"page","link":"https:\/\/www.immensiva.com\/ca\/immensiva-festival-2025-exposicio-inaugural\/","title":{"rendered":"IMMENSIVA FESTIVAL 2025 &#8211; Exposici\u00f3 Inaugural"},"content":{"rendered":"<div class=\"wpb-content-wrapper\"><p>[vc_row][vc_column][\/vc_column][\/vc_row][vc_column][\/vc_column]<style>.ld_spacer_69f0c8a0f3c75{height:170px;}<\/style>\n<div class=\"ld-empty-space ld_spacer_69f0c8a0f3c75\"><span class=\"liquid_empty_space_inner\"><\/span><\/div><style>.ld_fancy_heading_69f0c8a0f3d8a .lqd-highlight-inner{height:0.275em;bottom:0px;}<\/style><div class=\"ld-fancy-heading text-center ld_fancy_heading_69f0c8a0f3d8a\">\n\t<h1 class=\"lqd-highlight-underline lqd-highlight-grow-left\" ><span class=\"ld-fh-txt\"> <\/p>\n<h2>IMMENSIVA FESTIVAL 2025 Opening Exhibition<\/h2>\n<p><\/span><\/h1><\/div><style>.ld_spacer_69f0c8a10b0a5{height:5px;}<\/style>\n<div class=\"ld-empty-space ld_spacer_69f0c8a10b0a5\"><span class=\"liquid_empty_space_inner\"><\/span><\/div>[vc_row][vc_column][vc_single_image image=&#8221;13933&#8243; img_size=&#8221;large&#8221; alignment=&#8221;center&#8221; css=&#8221;&#8221;][vc_column_text css=&#8221;&#8221;]ESPRONCEDA, Institute of Art and Culture presenta, el 4 de desembre de 2025, de 18.00 a 21.30 h, l\u2019exposici\u00f3 inaugural dels projectes de la resid\u00e8ncia IMMENSIVA 2025, la mostra p\u00fablica final del programa de resid\u00e8ncies immersives IMMENSIVA \u2014 XR Social Bricks. Amb obertura al p\u00fablic el 5 de desembre de 2025 \u00b7 18.00\u201320.00 h.<\/p>\n<p>L\u2019exposici\u00f3 reuneix una s\u00e8rie de projectes XR desenvolupats durant la resid\u00e8ncia, que exploren la intersecci\u00f3 entre la realitat estesa, la intel\u00b7lig\u00e8ncia artificial, el cos, la narrativa interactiva i l\u2019experi\u00e8ncia col\u00b7lectiva.<\/p>\n<p>IMMENSIVA 2025 reflexiona sobre com les tecnologies immersives poden transformar la percepci\u00f3 del cos hum\u00e0, la identitat i la comunitat. A trav\u00e9s de diverses aproximacions art\u00edstiques, l\u2019exposici\u00f3 proposa l\u2019XR com una eina d\u2019investigaci\u00f3 cr\u00edtica, implicaci\u00f3 emocional i imaginaci\u00f3 compartida, situant els mitjans immersius dins de contextos socials i culturals m\u00e9s amplis.<\/p>\n<p>&nbsp;<\/p>\n<p><b>Programa d&#8217;obertura<\/b><\/p>\n<p><span style=\"font-weight: 400;\">La vetllada d\u2019obertura es desplega en diferents moments, convidant el p\u00fablic a experimentar els projectes en di\u00e0leg entre si:<\/span><\/p>\n<p><b>XR Preview: <\/b><b><i>Danses de Llum<\/i><\/b><span style=\"font-weight: 400;\"> \u2014 18:00<\/span><\/p>\n<p>Danses de Llum XR \u00e9s un projecte immersiu independent presentat com a pe\u00e7a especial dins de l\u2019obertura d\u2019IMMENSIVA. Dissenyada per a p\u00fablics de totes les edats, aquesta experi\u00e8ncia de realitat augmentada convida els participants a explorar el patrimoni cultural catal\u00e0 a trav\u00e9s de la interacci\u00f3 coreogr\u00e0fica. Les danses tradicionals \u2014 sardanes, jotes i balls de bastons \u2014 s\u00f3n reinterpretades mitjan\u00e7ant coreografia hologr\u00e0fica, IA adaptativa i moviment participatiu.<\/p>\n<p><span style=\"font-weight: 400;\">L\u2019obra crea un ritual col\u00b7lectiu que connecta tradici\u00f3 i innovaci\u00f3, celebrant el ritme, la inclusivitat, l\u2019intercanvi intergeneracional i la continu\u00eftat viva de la comunitat a trav\u00e9s dels mitjans immersius.<\/span><\/p>\n<p><span style=\"font-weight: 400;\"><br \/>\n<\/span><b>Inauguraci\u00f3 de l&#8217;exposici\u00f3 IMMENSIVA<\/b><span style=\"font-weight: 400;\"> \u2014 19:00\u201321:30<\/span><\/p>\n<p>L\u2019obertura al p\u00fablic tindr\u00e0 lloc el 5 de desembre, oferint un acc\u00e9s ampliat a l\u2019exposici\u00f3 i a les obres dels artistes.<\/p>\n<p>&nbsp;<\/p>\n<p><b>Sobre l&#8217;exposici\u00f3<\/b><\/p>\n<p><span style=\"font-weight: 400;\">L\u2019exposici\u00f3 IMMENSIVA 2025 presenta obres immersives que combinen entorns XR, elements performatius, so i sistemes basats en IA. Els projectes seleccionats investiguen temes com la mem\u00f2ria corporal, la vulnerabilitat, la transformaci\u00f3, la liminalitat i la relaci\u00f3 entre els espais f\u00edsics i virtuals. <\/span><\/p>\n<p>Desenvolupades en el marc d\u2019IMMENSIVA \u2014 XR Social Bricks, les obres posen l\u2019accent en la col\u00b7laboraci\u00f3, l\u2019experimentaci\u00f3 i la recerca interdisciplin\u00e0ria, destacant l\u2019XR com un mitj\u00e0 de reflexi\u00f3 social i narrativa col\u00b7lectiva.<\/p>\n<p>&nbsp;<\/p>\n<p><b>Projectes i artistes destacats<\/b><\/p>\n<p><b><i>Why does my body keep rooting?<\/i><\/b><b> \u2014 Natalia Cabrera &amp; Simone Garcia<\/b><\/p>\n<p><span style=\"font-weight: 400;\">Una experi\u00e8ncia XR multiusuari en qu\u00e8 els visitants encarnen avatars h\u00edbrids entre humans i plantes. La immobilitat fa que els seus cossos arrelin al s\u00f2l, connectant-los amb l\u2019entorn i entre ells. El moviment implica trencar les pr\u00f2pies arrels, revelant tensions entre a\u00efllament, interdepend\u00e8ncia i identitat posthumana. <\/span><\/p>\n<p><b>Let Me Feel Your Body \u2014 Aida Corcoy &amp; Pia Behmuaras<\/b><\/p>\n<p><span style=\"font-weight: 400;\">Una instal\u00b7laci\u00f3 de realitat mixta que exposa els sistemes de control imposats sobre el cos femen\u00ed. Els visitants han d\u2019imitar fr\u00e0gils escultures de vidre per revelar escenes ocultes vinculades al condicionament cultural. Cada gest desplega narratives duals \u2014 visibilitat davant d\u2019esborrament, objectificaci\u00f3 davant de manipulaci\u00f3 \u2014 transformant l\u2019empatia en un acte f\u00edsic compartit i q\u00fcestionant la mirada social. <\/span><\/p>\n<p><b>Horizons of a Labyrinth \u2014 Aida Corcoy<\/b><\/p>\n<p>Un viatge immersiu en VR que converteix un laberint en una galeria digital d\u2019estats emocionals inspirats en el concepte de Samsara. Sis sales \u2014 ira, desig, ignor\u00e0ncia, dubte, enveja i orgull \u2014 es transformen en met\u00e0fores espacials de tensions internes. El laberint funciona com un mapa emocional que convida els visitants a navegar els seus propis estats de consci\u00e8ncia.<\/p>\n<p><b>Entremedio \u2014 Ailin Bars<\/b><\/p>\n<p><span style=\"font-weight: 400;\">Una experi\u00e8ncia XR \u00edntima que explora la Transmutaci\u00f3: el proc\u00e9s mitjan\u00e7ant el qual el caos intern, el trauma i la lluita creativa es transformen en expressi\u00f3 art\u00edstica. Els visitants accedeixen a la psique de la core\u00f2grafa\u2013directora\u2013flautista com un ecosistema sensorial viu, on el dol, la par\u00e0lisi i la mem\u00f2ria es despleguen a trav\u00e9s d\u2019XR, so espacial i VFX. L\u2019espai respira i es transforma, convertint-se en una extensi\u00f3 del m\u00f3n interior de l\u2019artista. <\/span><\/p>\n<p><b>The Bottle You Were Born In \/ Becoming the Unborn \u2014 Vladislav OSSSO<\/b><\/p>\n<p><span style=\"font-weight: 400;\">Una instal\u00b7laci\u00f3 de VR i realitat mixta que investiga la vulnerabilitat i la identitat pr\u00e8via al naixement. Els espectadors alternen entre observar un embri\u00f3 segellat dins d\u2019una ampolla de 19 litres i habitar la seva perspectiva mitjan\u00e7ant VR. En contrastar punts de vista tecnol\u00f2gics, corporatius, naturals i humans, l\u2019obra revela com els marcs externs modelen la percepci\u00f3 i la identitat personal. <\/span><\/p>\n<p><span style=\"font-weight: 400;\">En conjunt, aquests projectes conformen una exploraci\u00f3 multifac\u00e8tica de la creaci\u00f3 immersiva, oferint al p\u00fablic una experi\u00e8ncia corporal de les pr\u00e0ctiques XR contempor\u00e0nies i reflectint la profunditat, el rigor i la maduresa art\u00edstica desenvolupades durant la resid\u00e8ncia IMMENSIVA 2025.<\/span><\/p>\n<p>Pots veure un resum dels esdeveniments del dia al nostre canal de YouTube, aix\u00ed com el v\u00eddeo complet del Festival IMMENSIVA <a href=\"https:\/\/www.youtube.com\/watch?v=O2agLNgSpAs\">aqu\u00ed<\/a>.[\/vc_column_text]<style>.ld_spacer_69f0c8a10b19a{height:32px;}<\/style>\n<div class=\"ld-empty-space ld_spacer_69f0c8a10b19a\"><span class=\"liquid_empty_space_inner\"><\/span><\/div>[vc_gallery interval=&#8221;3&#8243; images=&#8221;13852,13849,13846,13843,13840&#8243; img_size=&#8221;large&#8221; css=&#8221;&#8221;][\/vc_column][\/vc_row]<\/p>\n<\/div>","protected":false},"excerpt":{"rendered":"<p>[vc_row][vc_column][\/vc_column][\/vc_row][vc_column][\/vc_column][vc_row][vc_column][vc_single_image image=&#8221;13933&#8243; img_size=&#8221;large&#8221; alignment=&#8221;center&#8221; css=&#8221;&#8221;][vc_column_text css=&#8221;&#8221;]ESPRONCEDA, Institute of Art and Culture presenta, el 4 de&#8230;<\/p>\n","protected":false},"author":2,"featured_media":0,"parent":0,"menu_order":0,"comment_status":"closed","ping_status":"closed","template":"","meta":{"footnotes":""},"featured_image_urls":{"full":"","thumbnail":"","medium":"","medium_large":"","large":"","1536x1536":"","2048x2048":"","awb_sm":"","awb_md":"","awb_lg":"","awb_xl":"","liquid-default-blog":"","liquid-standard-blog":"","liquid-featured-blog":"","liquid-rounded-blog":"","liquid-classic-meta-blog":"","liquid-classic-2-blog":"","liquid-grid":"","liquid-split-blog":"","liquid-classic-full-blog":"","liquid-metro-blog":"","liquid-timeline-blog":"","liquid-carousel-blog":"","liquid-square-blog":"","liquid-candy-blog":"","liquid-category-blog":"","liquid-cover-post":"","liquid-default-post":"","liquid-cover-spaced":"","liquid-masonry-shortest":"","liquid-masonry-short":"","liquid-masonry-tall":"","liquid-masonry-taller":"","liquid-medium":"","liquid-large":"","liquid-thumbnail":"","liquid-masonry-header-small":"","liquid-masonry-header-big":"","liquid-thumbnail-post":"","liquid-small-blog":"","liquid-related-post":"","liquid-portfolio":"","liquid-portfolio-sq":"","liquid-portfolio-big-sq":"","liquid-portfolio-portrait":"","liquid-portfolio-wide":"","liquid-packery-wide":"","liquid-packery-portrait":"","liquid-grid-hover-overlay":"","liquid-grid-hover-classic":"","liquid-grid-hover-3d":"","liquid-grid-caption":"","liquid-large-slider":"","liquid-widget":"","liquid-portfolio-vertical-overlay":""},"post_excerpt_stackable":"<p>[vc_row][vc_column][\/vc_column][\/vc_row][vc_column][\/vc_column] IMMENSIVA FESTIVAL 2025 Opening Exhibition [vc_row][vc_column][vc_single_image image=&#8221;13933&#8243; img_size=&#8221;large&#8221; alignment=&#8221;center&#8221; css=&#8221;&#8221;][vc_column_text css=&#8221;&#8221;]ESPRONCEDA, Institute of Art and Culture presenta, el 4 de desembre de 2025, de 18.00 a 21.30 h, l\u2019exposici\u00f3 inaugural dels projectes de la resid\u00e8ncia IMMENSIVA 2025, la mostra p\u00fablica final del programa de resid\u00e8ncies immersives IMMENSIVA \u2014 XR Social Bricks. Amb obertura al p\u00fablic el 5 de desembre de 2025 \u00b7 18.00\u201320.00 h. L\u2019exposici\u00f3 reuneix una s\u00e8rie de projectes XR desenvolupats durant la resid\u00e8ncia, que exploren la intersecci\u00f3 entre la realitat estesa, la intel\u00b7lig\u00e8ncia artificial, el cos, la narrativa interactiva i l\u2019experi\u00e8ncia col\u00b7lectiva. IMMENSIVA 2025 reflexiona sobre com&hellip;<\/p>\n","category_list":"","author_info":{"name":"vitor","url":"https:\/\/www.immensiva.com\/ca\/author\/vitor\/"},"comments_num":"0 comments","yoast_head":"<!-- This site is optimized with the Yoast SEO plugin v22.5 - https:\/\/yoast.com\/wordpress\/plugins\/seo\/ -->\n<title>IMMENSIVA FESTIVAL 2025 - Exposici\u00f3 Inaugural<\/title>\n<meta name=\"description\" content=\"La presentaci\u00f3 p\u00fablica final del programa de resid\u00e8ncia immersiva IMMENSIVA \u2014 XR Social Bricks.\" \/>\n<meta name=\"robots\" content=\"index, follow, max-snippet:-1, max-image-preview:large, max-video-preview:-1\" \/>\n<link rel=\"canonical\" href=\"https:\/\/www.immensiva.com\/ca\/immensiva-festival-2025-exposicio-inaugural\/\" \/>\n<meta property=\"og:locale\" content=\"ca_ES\" \/>\n<meta property=\"og:type\" content=\"article\" \/>\n<meta property=\"og:title\" content=\"IMMENSIVA FESTIVAL 2025 - Exposici\u00f3 Inaugural\" \/>\n<meta property=\"og:description\" content=\"La presentaci\u00f3 p\u00fablica final del programa de resid\u00e8ncia immersiva IMMENSIVA \u2014 XR Social Bricks.\" \/>\n<meta property=\"og:url\" content=\"https:\/\/www.immensiva.com\/ca\/immensiva-festival-2025-exposicio-inaugural\/\" \/>\n<meta property=\"og:site_name\" content=\"IMMENSIVA\" \/>\n<meta property=\"article:modified_time\" content=\"2026-01-30T14:11:34+00:00\" \/>\n<meta name=\"twitter:card\" content=\"summary_large_image\" \/>\n<meta name=\"twitter:label1\" content=\"Temps estimat de lectura\" \/>\n\t<meta name=\"twitter:data1\" content=\"4 minuts\" \/>\n<script type=\"application\/ld+json\" class=\"yoast-schema-graph\">{\"@context\":\"https:\/\/schema.org\",\"@graph\":[{\"@type\":\"WebPage\",\"@id\":\"https:\/\/www.immensiva.com\/ca\/immensiva-festival-2025-exposicio-inaugural\/\",\"url\":\"https:\/\/www.immensiva.com\/ca\/immensiva-festival-2025-exposicio-inaugural\/\",\"name\":\"IMMENSIVA FESTIVAL 2025 - Exposici\u00f3 Inaugural\",\"isPartOf\":{\"@id\":\"https:\/\/www.immensiva.com\/#website\"},\"datePublished\":\"2026-01-27T13:34:08+00:00\",\"dateModified\":\"2026-01-30T14:11:34+00:00\",\"description\":\"La presentaci\u00f3 p\u00fablica final del programa de resid\u00e8ncia immersiva IMMENSIVA \u2014 XR Social Bricks.\",\"breadcrumb\":{\"@id\":\"https:\/\/www.immensiva.com\/ca\/immensiva-festival-2025-exposicio-inaugural\/#breadcrumb\"},\"inLanguage\":\"ca\",\"potentialAction\":[{\"@type\":\"ReadAction\",\"target\":[\"https:\/\/www.immensiva.com\/ca\/immensiva-festival-2025-exposicio-inaugural\/\"]}]},{\"@type\":\"BreadcrumbList\",\"@id\":\"https:\/\/www.immensiva.com\/ca\/immensiva-festival-2025-exposicio-inaugural\/#breadcrumb\",\"itemListElement\":[{\"@type\":\"ListItem\",\"position\":1,\"name\":\"Home\",\"item\":\"https:\/\/www.immensiva.com\/ca\/\"},{\"@type\":\"ListItem\",\"position\":2,\"name\":\"IMMENSIVA FESTIVAL 2025 &#8211; Exposici\u00f3 Inaugural\"}]},{\"@type\":\"WebSite\",\"@id\":\"https:\/\/www.immensiva.com\/#website\",\"url\":\"https:\/\/www.immensiva.com\/\",\"name\":\"IMMENSIVA\",\"description\":\"Focusing on VR, AR, XR art &amp; AI art\",\"potentialAction\":[{\"@type\":\"SearchAction\",\"target\":{\"@type\":\"EntryPoint\",\"urlTemplate\":\"https:\/\/www.immensiva.com\/?s={search_term_string}\"},\"query-input\":\"required name=search_term_string\"}],\"inLanguage\":\"ca\"}]}<\/script>\n<!-- \/ Yoast SEO plugin. -->","yoast_head_json":{"title":"IMMENSIVA FESTIVAL 2025 - Exposici\u00f3 Inaugural","description":"La presentaci\u00f3 p\u00fablica final del programa de resid\u00e8ncia immersiva IMMENSIVA \u2014 XR Social Bricks.","robots":{"index":"index","follow":"follow","max-snippet":"max-snippet:-1","max-image-preview":"max-image-preview:large","max-video-preview":"max-video-preview:-1"},"canonical":"https:\/\/www.immensiva.com\/ca\/immensiva-festival-2025-exposicio-inaugural\/","og_locale":"ca_ES","og_type":"article","og_title":"IMMENSIVA FESTIVAL 2025 - Exposici\u00f3 Inaugural","og_description":"La presentaci\u00f3 p\u00fablica final del programa de resid\u00e8ncia immersiva IMMENSIVA \u2014 XR Social Bricks.","og_url":"https:\/\/www.immensiva.com\/ca\/immensiva-festival-2025-exposicio-inaugural\/","og_site_name":"IMMENSIVA","article_modified_time":"2026-01-30T14:11:34+00:00","twitter_card":"summary_large_image","twitter_misc":{"Temps estimat de lectura":"4 minuts"},"schema":{"@context":"https:\/\/schema.org","@graph":[{"@type":"WebPage","@id":"https:\/\/www.immensiva.com\/ca\/immensiva-festival-2025-exposicio-inaugural\/","url":"https:\/\/www.immensiva.com\/ca\/immensiva-festival-2025-exposicio-inaugural\/","name":"IMMENSIVA FESTIVAL 2025 - Exposici\u00f3 Inaugural","isPartOf":{"@id":"https:\/\/www.immensiva.com\/#website"},"datePublished":"2026-01-27T13:34:08+00:00","dateModified":"2026-01-30T14:11:34+00:00","description":"La presentaci\u00f3 p\u00fablica final del programa de resid\u00e8ncia immersiva IMMENSIVA \u2014 XR Social Bricks.","breadcrumb":{"@id":"https:\/\/www.immensiva.com\/ca\/immensiva-festival-2025-exposicio-inaugural\/#breadcrumb"},"inLanguage":"ca","potentialAction":[{"@type":"ReadAction","target":["https:\/\/www.immensiva.com\/ca\/immensiva-festival-2025-exposicio-inaugural\/"]}]},{"@type":"BreadcrumbList","@id":"https:\/\/www.immensiva.com\/ca\/immensiva-festival-2025-exposicio-inaugural\/#breadcrumb","itemListElement":[{"@type":"ListItem","position":1,"name":"Home","item":"https:\/\/www.immensiva.com\/ca\/"},{"@type":"ListItem","position":2,"name":"IMMENSIVA FESTIVAL 2025 &#8211; Exposici\u00f3 Inaugural"}]},{"@type":"WebSite","@id":"https:\/\/www.immensiva.com\/#website","url":"https:\/\/www.immensiva.com\/","name":"IMMENSIVA","description":"Focusing on VR, AR, XR art &amp; AI art","potentialAction":[{"@type":"SearchAction","target":{"@type":"EntryPoint","urlTemplate":"https:\/\/www.immensiva.com\/?s={search_term_string}"},"query-input":"required name=search_term_string"}],"inLanguage":"ca"}]}},"_links":{"self":[{"href":"https:\/\/www.immensiva.com\/ca\/wp-json\/wp\/v2\/pages\/13869"}],"collection":[{"href":"https:\/\/www.immensiva.com\/ca\/wp-json\/wp\/v2\/pages"}],"about":[{"href":"https:\/\/www.immensiva.com\/ca\/wp-json\/wp\/v2\/types\/page"}],"author":[{"embeddable":true,"href":"https:\/\/www.immensiva.com\/ca\/wp-json\/wp\/v2\/users\/2"}],"replies":[{"embeddable":true,"href":"https:\/\/www.immensiva.com\/ca\/wp-json\/wp\/v2\/comments?post=13869"}],"version-history":[{"count":6,"href":"https:\/\/www.immensiva.com\/ca\/wp-json\/wp\/v2\/pages\/13869\/revisions"}],"predecessor-version":[{"id":13985,"href":"https:\/\/www.immensiva.com\/ca\/wp-json\/wp\/v2\/pages\/13869\/revisions\/13985"}],"wp:attachment":[{"href":"https:\/\/www.immensiva.com\/ca\/wp-json\/wp\/v2\/media?parent=13869"}],"curies":[{"name":"wp","href":"https:\/\/api.w.org\/{rel}","templated":true}]}}