{"id":13881,"date":"2026-01-27T17:29:55","date_gmt":"2026-01-27T16:29:55","guid":{"rendered":"https:\/\/www.immensiva.com\/immensiva-day-2025-trobada-de-creadors-immersius\/"},"modified":"2026-01-28T10:30:38","modified_gmt":"2026-01-28T09:30:38","slug":"immensiva-day-2025-trobada-de-creadors-immersius","status":"publish","type":"page","link":"https:\/\/www.immensiva.com\/ca\/immensiva-day-2025-trobada-de-creadors-immersius\/","title":{"rendered":"IMMENSIVA Day 2025 \u2013 Trobada de Creadors Immersius"},"content":{"rendered":"<div class=\"wpb-content-wrapper\"><p>[vc_row][vc_column][\/vc_column][\/vc_row][vc_column][\/vc_column]<style>.ld_spacer_69f0ca73a7f90{height:170px;}<\/style>\n<div class=\"ld-empty-space ld_spacer_69f0ca73a7f90\"><span class=\"liquid_empty_space_inner\"><\/span><\/div><style>.ld_fancy_heading_69f0ca73a80bd .lqd-highlight-inner{height:0.275em;bottom:0px;}<\/style><div class=\"ld-fancy-heading text-center ld_fancy_heading_69f0ca73a80bd\">\n\t<h1 class=\"lqd-highlight-underline lqd-highlight-grow-left\" ><span class=\"ld-fh-txt\"> <\/p>\n<h2><b>IMMENSIVA DAY 2025: Trobada de Creadors Immersius<\/b><\/h2>\n<p><\/span><\/h1><\/div><style>.ld_spacer_69f0ca73ad539{height:5px;}<\/style>\n<div class=\"ld-empty-space ld_spacer_69f0ca73ad539\"><span class=\"liquid_empty_space_inner\"><\/span><\/div>[vc_row][vc_column][vc_single_image image=&#8221;13928&#8243; img_size=&#8221;large&#8221; alignment=&#8221;center&#8221; css=&#8221;&#8221;][vc_column_text css=&#8221;&#8221;]En el marc de <strong>IMMENSIVA 2025 \u2014 Blocs Socials XR, l\u2019ESPRONCEDA Institute of Art &amp; Culture<\/strong> va presentar la quinta edici\u00f3 de <strong>l\u2019IMMENSIVA Day<\/strong>. Aquest esdeveniment va tenir lloc dins del marc de l\u2019<strong>Immersive Creative Meet Up<\/strong>, com una <strong>jornada de networking per a professionals i creadors XR<\/strong>.<\/p>\n<p><span style=\"font-weight: 400;\">Organitzat pels residents d\u2019IMMENSIVA juntament amb l\u2019equip d\u2019ESPRONCEDA, l\u2019esdeveniment va comen\u00e7ar a les 18.00 h el passat 3 de desembre de 2025, donant la benvinguda a dissenyadors XR, desenvolupadors, artistes 3D, investigadors i narradors per a una vetllada dedicada a l\u2019intercanvi, l\u2019experimentaci\u00f3 i la col\u00b7laboraci\u00f3. IMMENSIVA Day s\u2019ha consolidat com un punt de trobada recurrent per a la comunitat immersiva internacional. L\u2019esdeveniment ofereix un entorn proper per\u00f2 d\u2019alta energia, on les pr\u00e0ctiques immersives es comparteixen en proc\u00e9s i es debaten col\u00b7lectivament, refor\u00e7ant els vincles entre la recerca art\u00edstica, la innovaci\u00f3 tecnol\u00f2gica i el comprom\u00eds social. <\/span><\/p>\n<p>&nbsp;<\/p>\n<h3><b>Networking i trobada de creadors<\/b><\/h3>\n<p>IMMENSIVA Day \u00e9s molt m\u00e9s que un meetup: \u00e9s un espai vibrant per a veus emergents i consolidades que treballen en l\u2019\u00e0mbit de l\u2019art i la tecnologia immersiva. L\u2019edici\u00f3 2025 va presentar projectes desenvolupats dins d\u2019IMMENSIVA 2025, oferint a les persones assistents l\u2019oportunitat d\u2019experimentar prototips, intercanviar idees i participar directament en els processos creatius darrere d\u2019obres de XR, IA i mitjans interactius.<\/p>\n<p><span style=\"font-weight: 400;\">La trobada va fomentar el di\u00e0leg informal i l\u2019aprenentatge entre iguals, impulsant noves col\u00b7laboracions i obrint camins cap a futurs projectes, resid\u00e8ncies i aliances. En reunir creadors locals i internacionals, IMMENSIVA Day va refor\u00e7ar el seu paper com a catalitzador de la construcci\u00f3 de comunitat dins l\u2019ecosistema de les arts immersives. <\/span><\/p>\n<p>&nbsp;<\/p>\n<p><strong>Sobre l\u2019esdeveniment<\/strong><\/p>\n<p><span style=\"font-weight: 400;\">Concebut com un moment p\u00fablic dins del programa IMMENSIVA, IMMENSIVA Day dona visibilitat a la recerca dels residents i, alhora, crea una plataforma oberta per a l\u2019experimentaci\u00f3 i l\u2019intercanvi interdisciplinari. En el context de <strong>IMMENSIVA 2025 \u2014 Blocs Socials XR<\/strong>, l\u2019esdeveniment es va centrar en com les tecnologies immersives poden contribuir a la reflexi\u00f3 social, la imaginaci\u00f3 col\u00b7lectiva i noves formes de producci\u00f3 cultural. <\/span><\/p>\n<p><span style=\"font-weight: 400;\">A trav\u00e9s de presentacions, debats i exploraci\u00f3 pr\u00e0ctica, la trobada va posar en valor la col\u00b7laboraci\u00f3, la inclusivitat i la compartici\u00f3 de coneixement com a valors fonamentals de la xarxa IMMENSIVA.<\/span><\/p>\n<p>&nbsp;<\/p>\n<p><strong>Artistes i organitzaci\u00f3<\/strong><\/p>\n<p>IMMENSIVA Day 2025 va reunir els artistes residents d\u2019IMMENSIVA i l\u2019equip d\u2019ESPRONCEDA, reflectint el comprom\u00eds del programa amb la diversitat i la pr\u00e0ctica interdisciplin\u00e0ria.<\/p>\n<p>&nbsp;<\/p>\n<p><b>Equip ESPRONCEDA<\/b><\/p>\n<p><strong>Kris Pilcher<\/strong> \u2014 Treballant a la intersecci\u00f3 entre XR, IA i estrat\u00e8gia cultural, donant suport als artistes en el desenvolupament de projectes immersius innovadors.<\/p>\n<p><strong>Dani Gonzalez Franco<\/strong> \u2014 Especialitzat en producci\u00f3 d\u2019art digital i experi\u00e8ncies XR, facilitant resid\u00e8ncies interdisciplin\u00e0ries i col\u00b7laboracions entre artistes, investigadors i institucions culturals.<\/p>\n<p>&nbsp;<\/p>\n<p><b>Residents IMMENSIVA 2025<\/b><\/p>\n<p><strong>Natalia Cabrera<\/strong> \u2014 Artista de mitjans, cineasta i educadora de Xile, que explora l\u2019ecologia i les tecnologies emergents a trav\u00e9s de narratives XR interactives.<\/p>\n<p><strong>Simone Garcia<\/strong> \u2014 Artista digital de Cuba, que combina simbolisme, mitologia i erotisme queer en mitjans immersius.<\/p>\n<p><strong>Aida Corcoy<\/strong> \u2014 Artista digital que investiga la identitat, els alter egos i l\u2019autoconsci\u00e8ncia mitjan\u00e7ant IA, 3D i realitat augmentada.<\/p>\n<p><strong>Pia Behmuaras<\/strong> \u2014 Dissenyadora d\u2019experi\u00e8ncies immersives centrada en les dimensions emocionals i terap\u00e8utiques de l\u2019XR.<\/p>\n<p><strong>Nancy El Azzi<\/strong> \u2014 Artista visual i directora d\u2019art del L\u00edban, que combina gr\u00e0fics, so i visuals en temps real per explorar el caos digital i l\u2019emoci\u00f3.<\/p>\n<p><strong>Ailin Bars<\/strong> \u2014 Directora interdisciplin\u00e0ria de Buenos Aires, que explora el g\u00e8nere, la sociologia i el medi ambient a trav\u00e9s d\u2019instal\u00b7lacions performatives i films.<\/p>\n<p><strong>Vladislav OSSSO<\/strong> \u2014 Artista establert a Barcelona que investiga la tensi\u00f3 entre els espais f\u00edsics i virtuals, explorant la percepci\u00f3 i l\u2019autenticitat a trav\u00e9s de l\u2019art i la IA.<\/p>\n<p>Pots veure un resum dels esdeveniments del dia al nostre canal de YouTube.[\/vc_column_text]<style>.ld_spacer_69f0ca73ad618{height:32px;}<\/style>\n<div class=\"ld-empty-space ld_spacer_69f0ca73ad618\"><span class=\"liquid_empty_space_inner\"><\/span><\/div>[vc_gallery interval=&#8221;3&#8243; images=&#8221;13810,13831,13828,13825,13822,13819,13816,13813&#8243; img_size=&#8221;large&#8221; css=&#8221;&#8221;][\/vc_column][\/vc_row]<\/p>\n<\/div>","protected":false},"excerpt":{"rendered":"<p>[vc_row][vc_column][\/vc_column][\/vc_row][vc_column][\/vc_column][vc_row][vc_column][vc_single_image image=&#8221;13928&#8243; img_size=&#8221;large&#8221; alignment=&#8221;center&#8221; css=&#8221;&#8221;][vc_column_text css=&#8221;&#8221;]En el marc de IMMENSIVA 2025 \u2014 Blocs Socials XR,&#8230;<\/p>\n","protected":false},"author":2,"featured_media":0,"parent":0,"menu_order":0,"comment_status":"closed","ping_status":"closed","template":"","meta":{"footnotes":""},"featured_image_urls":{"full":"","thumbnail":"","medium":"","medium_large":"","large":"","1536x1536":"","2048x2048":"","awb_sm":"","awb_md":"","awb_lg":"","awb_xl":"","liquid-default-blog":"","liquid-standard-blog":"","liquid-featured-blog":"","liquid-rounded-blog":"","liquid-classic-meta-blog":"","liquid-classic-2-blog":"","liquid-grid":"","liquid-split-blog":"","liquid-classic-full-blog":"","liquid-metro-blog":"","liquid-timeline-blog":"","liquid-carousel-blog":"","liquid-square-blog":"","liquid-candy-blog":"","liquid-category-blog":"","liquid-cover-post":"","liquid-default-post":"","liquid-cover-spaced":"","liquid-masonry-shortest":"","liquid-masonry-short":"","liquid-masonry-tall":"","liquid-masonry-taller":"","liquid-medium":"","liquid-large":"","liquid-thumbnail":"","liquid-masonry-header-small":"","liquid-masonry-header-big":"","liquid-thumbnail-post":"","liquid-small-blog":"","liquid-related-post":"","liquid-portfolio":"","liquid-portfolio-sq":"","liquid-portfolio-big-sq":"","liquid-portfolio-portrait":"","liquid-portfolio-wide":"","liquid-packery-wide":"","liquid-packery-portrait":"","liquid-grid-hover-overlay":"","liquid-grid-hover-classic":"","liquid-grid-hover-3d":"","liquid-grid-caption":"","liquid-large-slider":"","liquid-widget":"","liquid-portfolio-vertical-overlay":""},"post_excerpt_stackable":"<p>[vc_row][vc_column][\/vc_column][\/vc_row][vc_column][\/vc_column] IMMENSIVA DAY 2025: Trobada de Creadors Immersius [vc_row][vc_column][vc_single_image image=&#8221;13928&#8243; img_size=&#8221;large&#8221; alignment=&#8221;center&#8221; css=&#8221;&#8221;][vc_column_text css=&#8221;&#8221;]En el marc de IMMENSIVA 2025 \u2014 Blocs Socials XR, l\u2019ESPRONCEDA Institute of Art &amp; Culture va presentar la quinta edici\u00f3 de l\u2019IMMENSIVA Day. Aquest esdeveniment va tenir lloc dins del marc de l\u2019Immersive Creative Meet Up, com una jornada de networking per a professionals i creadors XR. Organitzat pels residents d\u2019IMMENSIVA juntament amb l\u2019equip d\u2019ESPRONCEDA, l\u2019esdeveniment va comen\u00e7ar a les 18.00 h el passat 3 de desembre de 2025, donant la benvinguda a dissenyadors XR, desenvolupadors, artistes 3D, investigadors i narradors per a una vetllada dedicada&hellip;<\/p>\n","category_list":"","author_info":{"name":"vitor","url":"https:\/\/www.immensiva.com\/ca\/author\/vitor\/"},"comments_num":"0 comments","yoast_head":"<!-- This site is optimized with the Yoast SEO plugin v22.5 - https:\/\/yoast.com\/wordpress\/plugins\/seo\/ -->\n<title>Immensiva Day 2025<\/title>\n<meta name=\"description\" content=\"Aquest esdeveniment va tenir lloc en el marc del Immersive Creative Meet Up, com una jornada de networking per a professionals i creadors de XR.\" \/>\n<meta name=\"robots\" content=\"index, follow, max-snippet:-1, max-image-preview:large, max-video-preview:-1\" \/>\n<link rel=\"canonical\" href=\"https:\/\/www.immensiva.com\/ca\/immensiva-day-2025-trobada-de-creadors-immersius\/\" \/>\n<meta property=\"og:locale\" content=\"ca_ES\" \/>\n<meta property=\"og:type\" content=\"article\" \/>\n<meta property=\"og:title\" content=\"Immensiva Day 2025\" \/>\n<meta property=\"og:description\" content=\"Aquest esdeveniment va tenir lloc en el marc del Immersive Creative Meet Up, com una jornada de networking per a professionals i creadors de XR.\" \/>\n<meta property=\"og:url\" content=\"https:\/\/www.immensiva.com\/ca\/immensiva-day-2025-trobada-de-creadors-immersius\/\" \/>\n<meta property=\"og:site_name\" content=\"IMMENSIVA\" \/>\n<meta property=\"article:modified_time\" content=\"2026-01-28T09:30:38+00:00\" \/>\n<meta name=\"twitter:card\" content=\"summary_large_image\" \/>\n<meta name=\"twitter:label1\" content=\"Temps estimat de lectura\" \/>\n\t<meta name=\"twitter:data1\" content=\"4 minuts\" \/>\n<script type=\"application\/ld+json\" class=\"yoast-schema-graph\">{\"@context\":\"https:\/\/schema.org\",\"@graph\":[{\"@type\":\"WebPage\",\"@id\":\"https:\/\/www.immensiva.com\/ca\/immensiva-day-2025-trobada-de-creadors-immersius\/\",\"url\":\"https:\/\/www.immensiva.com\/ca\/immensiva-day-2025-trobada-de-creadors-immersius\/\",\"name\":\"Immensiva Day 2025\",\"isPartOf\":{\"@id\":\"https:\/\/www.immensiva.com\/#website\"},\"datePublished\":\"2026-01-27T16:29:55+00:00\",\"dateModified\":\"2026-01-28T09:30:38+00:00\",\"description\":\"Aquest esdeveniment va tenir lloc en el marc del Immersive Creative Meet Up, com una jornada de networking per a professionals i creadors de XR.\",\"breadcrumb\":{\"@id\":\"https:\/\/www.immensiva.com\/ca\/immensiva-day-2025-trobada-de-creadors-immersius\/#breadcrumb\"},\"inLanguage\":\"ca\",\"potentialAction\":[{\"@type\":\"ReadAction\",\"target\":[\"https:\/\/www.immensiva.com\/ca\/immensiva-day-2025-trobada-de-creadors-immersius\/\"]}]},{\"@type\":\"BreadcrumbList\",\"@id\":\"https:\/\/www.immensiva.com\/ca\/immensiva-day-2025-trobada-de-creadors-immersius\/#breadcrumb\",\"itemListElement\":[{\"@type\":\"ListItem\",\"position\":1,\"name\":\"Home\",\"item\":\"https:\/\/www.immensiva.com\/ca\/\"},{\"@type\":\"ListItem\",\"position\":2,\"name\":\"IMMENSIVA Day 2025 \u2013 Trobada de Creadors Immersius\"}]},{\"@type\":\"WebSite\",\"@id\":\"https:\/\/www.immensiva.com\/#website\",\"url\":\"https:\/\/www.immensiva.com\/\",\"name\":\"IMMENSIVA\",\"description\":\"Focusing on VR, AR, XR art &amp; AI art\",\"potentialAction\":[{\"@type\":\"SearchAction\",\"target\":{\"@type\":\"EntryPoint\",\"urlTemplate\":\"https:\/\/www.immensiva.com\/?s={search_term_string}\"},\"query-input\":\"required name=search_term_string\"}],\"inLanguage\":\"ca\"}]}<\/script>\n<!-- \/ Yoast SEO plugin. -->","yoast_head_json":{"title":"Immensiva Day 2025","description":"Aquest esdeveniment va tenir lloc en el marc del Immersive Creative Meet Up, com una jornada de networking per a professionals i creadors de XR.","robots":{"index":"index","follow":"follow","max-snippet":"max-snippet:-1","max-image-preview":"max-image-preview:large","max-video-preview":"max-video-preview:-1"},"canonical":"https:\/\/www.immensiva.com\/ca\/immensiva-day-2025-trobada-de-creadors-immersius\/","og_locale":"ca_ES","og_type":"article","og_title":"Immensiva Day 2025","og_description":"Aquest esdeveniment va tenir lloc en el marc del Immersive Creative Meet Up, com una jornada de networking per a professionals i creadors de XR.","og_url":"https:\/\/www.immensiva.com\/ca\/immensiva-day-2025-trobada-de-creadors-immersius\/","og_site_name":"IMMENSIVA","article_modified_time":"2026-01-28T09:30:38+00:00","twitter_card":"summary_large_image","twitter_misc":{"Temps estimat de lectura":"4 minuts"},"schema":{"@context":"https:\/\/schema.org","@graph":[{"@type":"WebPage","@id":"https:\/\/www.immensiva.com\/ca\/immensiva-day-2025-trobada-de-creadors-immersius\/","url":"https:\/\/www.immensiva.com\/ca\/immensiva-day-2025-trobada-de-creadors-immersius\/","name":"Immensiva Day 2025","isPartOf":{"@id":"https:\/\/www.immensiva.com\/#website"},"datePublished":"2026-01-27T16:29:55+00:00","dateModified":"2026-01-28T09:30:38+00:00","description":"Aquest esdeveniment va tenir lloc en el marc del Immersive Creative Meet Up, com una jornada de networking per a professionals i creadors de XR.","breadcrumb":{"@id":"https:\/\/www.immensiva.com\/ca\/immensiva-day-2025-trobada-de-creadors-immersius\/#breadcrumb"},"inLanguage":"ca","potentialAction":[{"@type":"ReadAction","target":["https:\/\/www.immensiva.com\/ca\/immensiva-day-2025-trobada-de-creadors-immersius\/"]}]},{"@type":"BreadcrumbList","@id":"https:\/\/www.immensiva.com\/ca\/immensiva-day-2025-trobada-de-creadors-immersius\/#breadcrumb","itemListElement":[{"@type":"ListItem","position":1,"name":"Home","item":"https:\/\/www.immensiva.com\/ca\/"},{"@type":"ListItem","position":2,"name":"IMMENSIVA Day 2025 \u2013 Trobada de Creadors Immersius"}]},{"@type":"WebSite","@id":"https:\/\/www.immensiva.com\/#website","url":"https:\/\/www.immensiva.com\/","name":"IMMENSIVA","description":"Focusing on VR, AR, XR art &amp; AI art","potentialAction":[{"@type":"SearchAction","target":{"@type":"EntryPoint","urlTemplate":"https:\/\/www.immensiva.com\/?s={search_term_string}"},"query-input":"required name=search_term_string"}],"inLanguage":"ca"}]}},"_links":{"self":[{"href":"https:\/\/www.immensiva.com\/ca\/wp-json\/wp\/v2\/pages\/13881"}],"collection":[{"href":"https:\/\/www.immensiva.com\/ca\/wp-json\/wp\/v2\/pages"}],"about":[{"href":"https:\/\/www.immensiva.com\/ca\/wp-json\/wp\/v2\/types\/page"}],"author":[{"embeddable":true,"href":"https:\/\/www.immensiva.com\/ca\/wp-json\/wp\/v2\/users\/2"}],"replies":[{"embeddable":true,"href":"https:\/\/www.immensiva.com\/ca\/wp-json\/wp\/v2\/comments?post=13881"}],"version-history":[{"count":7,"href":"https:\/\/www.immensiva.com\/ca\/wp-json\/wp\/v2\/pages\/13881\/revisions"}],"predecessor-version":[{"id":13932,"href":"https:\/\/www.immensiva.com\/ca\/wp-json\/wp\/v2\/pages\/13881\/revisions\/13932"}],"wp:attachment":[{"href":"https:\/\/www.immensiva.com\/ca\/wp-json\/wp\/v2\/media?parent=13881"}],"curies":[{"name":"wp","href":"https:\/\/api.w.org\/{rel}","templated":true}]}}