{"id":8365,"date":"2019-07-03T13:45:25","date_gmt":"2019-07-03T13:45:25","guid":{"rendered":"https:\/\/www.immensiva.com\/vr-festival\/"},"modified":"2025-01-15T11:09:46","modified_gmt":"2025-01-15T10:09:46","slug":"vr-festival","status":"publish","type":"page","link":"https:\/\/www.immensiva.com\/ca\/vr-festival\/","title":{"rendered":"IMMENSIVA FESTIVAL 2020"},"content":{"rendered":"<div class=\"wpb-content-wrapper\"><p>[vc_row parallax=&#8221;enable_parallax&#8221;][vc_column width=&#8221;5\/6&#8243; enable_content_animation=&#8221;yes&#8221; ca_init_scale_x=&#8221;1&#8243; ca_init_scale_y=&#8221;1&#8243; ca_init_scale_z=&#8221;1&#8243; ca_init_opacity=&#8221;0&#8243; ca_an_scale_x=&#8221;1&#8243; ca_an_scale_y=&#8221;1&#8243; ca_an_scale_z=&#8221;1&#8243; ca_an_opacity=&#8221;1&#8243; align=&#8221;text-center&#8221; offset=&#8221;vc_col-md-offset-2 vc_col-md-8 vc_col-sm-offset-1&#8243; ca_init_translate_y=&#8221;52&#8243; ca_init_translate_x=&#8221;0&#8243; ca_duration=&#8221;1200&#8243; ca_delay=&#8221;160&#8243; ca_init_translate_z=&#8221;-142&#8243; ca_init_rotate_x=&#8221;-64&#8243;][vc_empty_space height=&#8221;110px&#8221;]<style>.ld_fancy_heading_69f219dda9bb1 h2{font-size:72px;line-height:1em;letter-spacing:-0.025em;color:rgb(0, 0, 0);}.ld_fancy_heading_69f219dda9bb1 .lqd-highlight-inner{height:0.275em;bottom:0px;}<\/style><div class=\"ld-fancy-heading ld_fancy_heading_69f219dda9bb1\">\n\t<h2 class=\"lqd-highlight-underline lqd-highlight-grow-left\" data-fittext=\"true\" data-fittext-options='{\"compressor\":0.6,\"maxFontSize\":\"72\",\"minFontSize\":\"30\"}' data-split-text=\"true\" data-custom-animations=\"true\" data-ca-options='{\"triggerHandler\":\"inview\",\"animationTarget\":\".lqd-lines .split-inner\",\"duration\":700,\"delay\":100,\"easing\":\"easeOutQuint\",\"direction\":\"forward\",\"initValues\":{\"scale\":1},\"animations\":{\"scale\":1}}' data-split-options='{\"type\":\"lines\"}'><span class=\"ld-fh-txt\"> <\/p>\n<p style=\"text-align: center\">Festival Immensiva<\/p>\n<p><\/span><\/h2><\/div>[\/vc_column][\/vc_row][vc_row css=&#8221;.vc_custom_1597148405814{padding-top: 30px !important;padding-bottom: 50px !important;}&#8221;][vc_column enable_content_animation=&#8221;yes&#8221; ca_init_scale_x=&#8221;1&#8243; ca_init_scale_y=&#8221;1&#8243; ca_init_scale_z=&#8221;1&#8243; ca_init_opacity=&#8221;0&#8243; ca_an_scale_x=&#8221;1&#8243; ca_an_scale_y=&#8221;1&#8243; ca_an_scale_z=&#8221;1&#8243; ca_an_opacity=&#8221;1&#8243; align=&#8221;text-center&#8221; offset=&#8221;vc_col-md-offset-3 vc_col-md-6&#8243; ca_init_translate_y=&#8221;33&#8243;]<style>.ld_spacer_69f219ddafa6a{height:15px;}<\/style>\n<div class=\"ld-empty-space ld_spacer_69f219ddafa6a\"><span class=\"liquid_empty_space_inner\"><\/span><\/div>[\/vc_column][vc_column enable_content_animation=&#8221;yes&#8221; ca_init_scale_x=&#8221;1&#8243; ca_init_scale_y=&#8221;1&#8243; ca_init_scale_z=&#8221;1&#8243; ca_init_opacity=&#8221;0&#8243; ca_an_scale_x=&#8221;1&#8243; ca_an_scale_y=&#8221;1&#8243; ca_an_scale_z=&#8221;1&#8243; ca_an_opacity=&#8221;1&#8243; css=&#8221;.vc_custom_1540575372460{padding-top: 55px !important;padding-bottom: 40px !important;border-radius: 5px !important;}&#8221; offset=&#8221;vc_col-md-offset-2 vc_col-md-8&#8243; ca_duration=&#8221;1200&#8243; ca_delay=&#8221;150&#8243; ca_init_translate_y=&#8221;35&#8243; ca_init_translate_z=&#8221;-147&#8243; ca_init_rotate_x=&#8221;-66&#8243;]<style>.vc_accordion_69f219ddafe75 .accordion-title{font-size:19px;line-height:1.5em;}.vc_accordion_69f219ddafe75 .accordion-title a{color:rgb(30, 22, 102);}.vc_accordion_69f219ddafe75 .active .accordion-title a{color:rgb(13, 156, 252);}<\/style><div class=\"accordion accordion-md accordion-body-underlined vc_accordion_69f219ddafe75\" id=\"vc_accordion_69f219ddafe75\" role=\"tablist\" aria-multiselectable=\"true\">\n\n\t<div class=\"accordion-item panel  active \">\n\n\t\t<div class=\"accordion-heading\" role=\"tab\" id=\"heading_1532074942188-28a08668-799f6f95-56a0\">\n\t\t\t<h4 class=\"accordion-title\">\n\t\t\t\t<a class=\"\" data-toggle=\"collapse\" data-parent=\"#vc_accordion_69f219ddafe75\" href=\"#1532074942188-28a08668-799f6f95-56a0\" aria-expanded=\"true\" aria-controls=\"1532074942188-28a08668-799f6f95-56a0\">\n\t\t\t\t\t\n\t\t\t\t\t\n\t\t\t\t\tQuintessence Dome Lab | de el 17 d'Agost a el 13 de Setembre\n\t\t\t\t\t\n\t\t\t\t<\/a>\n\t\t\t\t\n\t\t\t<\/h4>\n\t\t<\/div>\n\n\t\t<div id=\"1532074942188-28a08668-799f6f95-56a0\" class=\"accordion-collapse collapse in\" role=\"tabpanel\" aria-labelledby=\"heading_1532074942188-28a08668-799f6f95-56a0\">\n\t\t\t<div class=\"accordion-content\">\n\t\t\t<p>[vc_column_text]Resid\u00e8ncia de 14 artistes (creatius de Catalunya i Internacionals) que estaran en resid\u00e8ncia a Espronceda seguint tallers i creant projectes relacionats amb la tecnologia Fulldome, RV, esc\u00e0ners lidar i moltes altres tecnologies avan\u00e7ades. Tallers realitzats per Eyesberg Studio \/ MIRA Festival, Be another Lab i Garatge Stories.[\/vc_column_text]<\/p>\n\t\t\t<\/div>\n\t\t<\/div>\n\t<\/div>\n\t<div class=\"accordion-item panel  \">\n\n\t\t<div class=\"accordion-heading\" role=\"tab\" id=\"heading_ld-1532075226851-84f4170a-260f6f95-56a0\">\n\t\t\t<h4 class=\"accordion-title\">\n\t\t\t\t<a class=\"collapsed\" data-toggle=\"collapse\" data-parent=\"#vc_accordion_69f219ddafe75\" href=\"#ld-1532075226851-84f4170a-260f6f95-56a0\" aria-expanded=\"false\" aria-controls=\"ld-1532075226851-84f4170a-260f6f95-56a0\">\n\t\t\t\t\t\n\t\t\t\t\t\n\t\t\t\t\tArs Electronica ``Solar Orchard`` Garden | De el 9 a el 13 de Setembre\n\t\t\t\t\t\n\t\t\t\t<\/a>\n\t\t\t\t\n\t\t\t<\/h4>\n\t\t<\/div>\n\n\t\t<div id=\"ld-1532075226851-84f4170a-260f6f95-56a0\" class=\"accordion-collapse collapse\" role=\"tabpanel\" aria-labelledby=\"heading_ld-1532075226851-84f4170a-260f6f95-56a0\">\n\t\t\t<div class=\"accordion-content\">\n\t\t\t<p>[vc_column_text]Una exposici\u00f3 al lloc i en l\u00ednia \/ VR Mozilla Hub, d&#8217;el 9 a l&#8217;13 de setembre a col\u00b7laboraci\u00f3 amb MIRA Festival, H\u00e8lsinki XR Center, MEET Culture Digital Center Milan, .\/3 studio Institute Experimental Architecture Innsbruck University i UCA UK.[\/vc_column_text]<\/p>\n\t\t\t<\/div>\n\t\t<\/div>\n\t<\/div>\n\t<div class=\"accordion-item panel  \">\n\n\t\t<div class=\"accordion-heading\" role=\"tab\" id=\"heading_ld-1532075228316-87eff853-049d6f95-56a0\">\n\t\t\t<h4 class=\"accordion-title\">\n\t\t\t\t<a class=\"collapsed\" data-toggle=\"collapse\" data-parent=\"#vc_accordion_69f219ddafe75\" href=\"#ld-1532075228316-87eff853-049d6f95-56a0\" aria-expanded=\"false\" aria-controls=\"ld-1532075228316-87eff853-049d6f95-56a0\">\n\t\t\t\t\t\n\t\t\t\t\t\n\t\t\t\t\tVenice Biennale. Barcelona VR Expanded Satellite | De el 31 d'Agost a del 12 de Setembre\n\t\t\t\t\t\n\t\t\t\t<\/a>\n\t\t\t\t\n\t\t\t<\/h4>\n\t\t<\/div>\n\n\t\t<div id=\"ld-1532075228316-87eff853-049d6f95-56a0\" class=\"accordion-collapse collapse\" role=\"tabpanel\" aria-labelledby=\"heading_ld-1532075228316-87eff853-049d6f95-56a0\">\n\t\t\t<div class=\"accordion-content\">\n\t\t\t<p>[vc_column_text]Es tracta d&#8217;un espectacle de la programaci\u00f3 VR de Festival Internacional de Cinema de Ven\u00e8cia, que Espronceda acollir\u00e0 de el 31 d&#8217;agost a l&#8217;12 de setembre, instal\u00b7lant estacions de realitat virtual i obertes a el p\u00fablic mitjan\u00e7ant venda d&#8217;entrades.[\/vc_column_text]<\/p>\n\t\t\t<\/div>\n\t\t<\/div>\n\t<\/div>\n\t<div class=\"accordion-item panel  \">\n\n\t\t<div class=\"accordion-heading\" role=\"tab\" id=\"heading_ld-1597147778607-c440f7bd-460b\">\n\t\t\t<h4 class=\"accordion-title\">\n\t\t\t\t<a class=\"collapsed\" data-toggle=\"collapse\" data-parent=\"#vc_accordion_69f219ddafe75\" href=\"#ld-1597147778607-c440f7bd-460b\" aria-expanded=\"false\" aria-controls=\"ld-1597147778607-c440f7bd-460b\">\n\t\t\t\t\t\n\t\t\t\t\t\n\t\t\t\t\tCap de setmana Artathon \/ Ideathon. 26 i 27 de setembre\n\t\t\t\t\t\n\t\t\t\t<\/a>\n\t\t\t\t\n\t\t\t<\/h4>\n\t\t<\/div>\n\n\t\t<div id=\"ld-1597147778607-c440f7bd-460b\" class=\"accordion-collapse collapse\" role=\"tabpanel\" aria-labelledby=\"heading_ld-1597147778607-c440f7bd-460b\">\n\t\t\t<div class=\"accordion-content\">\n\t\t\t<p>[vc_column_text]Obert a tots els ciutadans de Barcelona, organitzat en col\u00b7laboraci\u00f3 amb Be Another Lab.[\/vc_column_text]<\/p>\n\t\t\t<\/div>\n\t\t<\/div>\n\t<\/div>\n\t<div class=\"accordion-item panel  \">\n\n\t\t<div class=\"accordion-heading\" role=\"tab\" id=\"heading_ld-1597147779468-e85ae6ce-9626\">\n\t\t\t<h4 class=\"accordion-title\">\n\t\t\t\t<a class=\"collapsed\" data-toggle=\"collapse\" data-parent=\"#vc_accordion_69f219ddafe75\" href=\"#ld-1597147779468-e85ae6ce-9626\" aria-expanded=\"false\" aria-controls=\"ld-1597147779468-e85ae6ce-9626\">\n\t\t\t\t\t\n\t\t\t\t\t\n\t\t\t\t\tDocumental interactiu per Impact LAB | Octubre 3\n\t\t\t\t\t\n\t\t\t\t<\/a>\n\t\t\t\t\n\t\t\t<\/h4>\n\t\t<\/div>\n\n\t\t<div id=\"ld-1597147779468-e85ae6ce-9626\" class=\"accordion-collapse collapse\" role=\"tabpanel\" aria-labelledby=\"heading_ld-1597147779468-e85ae6ce-9626\">\n\t\t\t<div class=\"accordion-content\">\n\t\t\t<p>[vc_column_text]<\/p>\n<p class=\"p1\"><span class=\"s1\">Por Garage Stories. Laboratorio de innovaci\u00f3n con tecnolog\u00edas XR para el desarrollo de experiencias narrativas con el objetivo de resolver desaf\u00edos sociales y ambientales. 50 alumnos participantes de la UPC, ESDI y Blanquer<\/span><\/p>\n<p>[\/vc_column_text]<\/p>\n\t\t\t<\/div>\n\t\t<\/div>\n\t<\/div>\n\t<div class=\"accordion-item panel  \">\n\n\t\t<div class=\"accordion-heading\" role=\"tab\" id=\"heading_ld-1597147780463-b663df30-51fe\">\n\t\t\t<h4 class=\"accordion-title\">\n\t\t\t\t<a class=\"collapsed\" data-toggle=\"collapse\" data-parent=\"#vc_accordion_69f219ddafe75\" href=\"#ld-1597147780463-b663df30-51fe\" aria-expanded=\"false\" aria-controls=\"ld-1597147780463-b663df30-51fe\">\n\t\t\t\t\t\n\t\t\t\t\t\n\t\t\t\t\tEstrena de AI4Future. | 6 i 7 d'octubre\n\t\t\t\t\t\n\t\t\t\t<\/a>\n\t\t\t\t\n\t\t\t<\/h4>\n\t\t<\/div>\n\n\t\t<div id=\"ld-1597147780463-b663df30-51fe\" class=\"accordion-collapse collapse\" role=\"tabpanel\" aria-labelledby=\"heading_ld-1597147780463-b663df30-51fe\">\n\t\t\t<div class=\"accordion-content\">\n\t\t\t<p>[vc_column_text]<\/p>\n<p class=\"p1\"><span class=\"s1\">Nuevo proyecto europeo sobre arte, activismo e inteligencia artificial. Evento de 2 d\u00edas con los socios: MEET Digital Culture Center Milan, Sineglossa y Aquitaine Culture, y en colaboraci\u00f3n con Universidades de Barcelona, Asociaciones de Activistas y el Ayuntamiento.<\/span><\/p>\n<p>[\/vc_column_text]<\/p>\n\t\t\t<\/div>\n\t\t<\/div>\n\t<\/div>\n\t<div class=\"accordion-item panel  \">\n\n\t\t<div class=\"accordion-heading\" role=\"tab\" id=\"heading_ld-1597147781245-c2b27d7b-fb44\">\n\t\t\t<h4 class=\"accordion-title\">\n\t\t\t\t<a class=\"collapsed\" data-toggle=\"collapse\" data-parent=\"#vc_accordion_69f219ddafe75\" href=\"#ld-1597147781245-c2b27d7b-fb44\" aria-expanded=\"false\" aria-controls=\"ld-1597147781245-c2b27d7b-fb44\">\n\t\t\t\t\t\n\t\t\t\t\t\n\t\t\t\t\tFestival IMMENSIVA | Esdeveniment final | 15 octubre 2020\n\t\t\t\t\t\n\t\t\t\t<\/a>\n\t\t\t\t\n\t\t\t<\/h4>\n\t\t<\/div>\n\n\t\t<div id=\"ld-1597147781245-c2b27d7b-fb44\" class=\"accordion-collapse collapse\" role=\"tabpanel\" aria-labelledby=\"heading_ld-1597147781245-c2b27d7b-fb44\">\n\t\t\t<div class=\"accordion-content\">\n\t\t\t<p>[vc_column_text]Confer\u00e8ncies i exposicions amb les obres de l&#8217;Quintessence Dome Lab i el cap de setmana Artathon.[\/vc_column_text]<\/p>\n\t\t\t<\/div>\n\t\t<\/div>\n\t<\/div>\n<\/div>[\/vc_column][\/vc_row]<\/p>\n<\/div>","protected":false},"excerpt":{"rendered":"<p>[vc_row parallax=&#8221;enable_parallax&#8221;][vc_column width=&#8221;5\/6&#8243; enable_content_animation=&#8221;yes&#8221; ca_init_scale_x=&#8221;1&#8243; ca_init_scale_y=&#8221;1&#8243; ca_init_scale_z=&#8221;1&#8243; ca_init_opacity=&#8221;0&#8243; ca_an_scale_x=&#8221;1&#8243; ca_an_scale_y=&#8221;1&#8243; ca_an_scale_z=&#8221;1&#8243; ca_an_opacity=&#8221;1&#8243; align=&#8221;text-center&#8221; offset=&#8221;vc_col-md-offset-2 vc_col-md-8&#8230;<\/p>\n","protected":false},"author":1,"featured_media":0,"parent":0,"menu_order":0,"comment_status":"closed","ping_status":"closed","template":"","meta":{"footnotes":""},"featured_image_urls":{"full":"","thumbnail":"","medium":"","medium_large":"","large":"","1536x1536":"","2048x2048":"","awb_sm":"","awb_md":"","awb_lg":"","awb_xl":"","liquid-default-blog":"","liquid-standard-blog":"","liquid-featured-blog":"","liquid-rounded-blog":"","liquid-classic-meta-blog":"","liquid-classic-2-blog":"","liquid-grid":"","liquid-split-blog":"","liquid-classic-full-blog":"","liquid-metro-blog":"","liquid-timeline-blog":"","liquid-carousel-blog":"","liquid-square-blog":"","liquid-candy-blog":"","liquid-category-blog":"","liquid-cover-post":"","liquid-default-post":"","liquid-cover-spaced":"","liquid-masonry-shortest":"","liquid-masonry-short":"","liquid-masonry-tall":"","liquid-masonry-taller":"","liquid-medium":"","liquid-large":"","liquid-thumbnail":"","liquid-masonry-header-small":"","liquid-masonry-header-big":"","liquid-thumbnail-post":"","liquid-small-blog":"","liquid-related-post":"","liquid-portfolio":"","liquid-portfolio-sq":"","liquid-portfolio-big-sq":"","liquid-portfolio-portrait":"","liquid-portfolio-wide":"","liquid-packery-wide":"","liquid-packery-portrait":"","liquid-grid-hover-overlay":"","liquid-grid-hover-classic":"","liquid-grid-hover-3d":"","liquid-grid-caption":"","liquid-large-slider":"","liquid-widget":"","liquid-portfolio-vertical-overlay":""},"post_excerpt_stackable":"<p>[vc_row parallax=&#8221;enable_parallax&#8221;][vc_column width=&#8221;5\/6&#8243; enable_content_animation=&#8221;yes&#8221; ca_init_scale_x=&#8221;1&#8243; ca_init_scale_y=&#8221;1&#8243; ca_init_scale_z=&#8221;1&#8243; ca_init_opacity=&#8221;0&#8243; ca_an_scale_x=&#8221;1&#8243; ca_an_scale_y=&#8221;1&#8243; ca_an_scale_z=&#8221;1&#8243; ca_an_opacity=&#8221;1&#8243; align=&#8221;text-center&#8221; offset=&#8221;vc_col-md-offset-2 vc_col-md-8 vc_col-sm-offset-1&#8243; ca_init_translate_y=&#8221;52&#8243; ca_init_translate_x=&#8221;0&#8243; ca_duration=&#8221;1200&#8243; ca_delay=&#8221;160&#8243; ca_init_translate_z=&#8221;-142&#8243; ca_init_rotate_x=&#8221;-64&#8243;][vc_empty_space height=&#8221;110px&#8221;] Festival Immensiva [\/vc_column][\/vc_row][vc_row css=&#8221;.vc_custom_1597148405814{padding-top: 30px !important;padding-bottom: 50px !important;}&#8221;][vc_column enable_content_animation=&#8221;yes&#8221; ca_init_scale_x=&#8221;1&#8243; ca_init_scale_y=&#8221;1&#8243; ca_init_scale_z=&#8221;1&#8243; ca_init_opacity=&#8221;0&#8243; ca_an_scale_x=&#8221;1&#8243; ca_an_scale_y=&#8221;1&#8243; ca_an_scale_z=&#8221;1&#8243; ca_an_opacity=&#8221;1&#8243; align=&#8221;text-center&#8221; offset=&#8221;vc_col-md-offset-3 vc_col-md-6&#8243; ca_init_translate_y=&#8221;33&#8243;] [\/vc_column][vc_column enable_content_animation=&#8221;yes&#8221; ca_init_scale_x=&#8221;1&#8243; ca_init_scale_y=&#8221;1&#8243; ca_init_scale_z=&#8221;1&#8243; ca_init_opacity=&#8221;0&#8243; ca_an_scale_x=&#8221;1&#8243; ca_an_scale_y=&#8221;1&#8243; ca_an_scale_z=&#8221;1&#8243; ca_an_opacity=&#8221;1&#8243; css=&#8221;.vc_custom_1540575372460{padding-top: 55px !important;padding-bottom: 40px !important;border-radius: 5px !important;}&#8221; offset=&#8221;vc_col-md-offset-2 vc_col-md-8&#8243; ca_duration=&#8221;1200&#8243; ca_delay=&#8221;150&#8243; ca_init_translate_y=&#8221;35&#8243; ca_init_translate_z=&#8221;-147&#8243; ca_init_rotate_x=&#8221;-66&#8243;] Quintessence Dome Lab | de el 17 d&#8217;Agost a el 13 de Setembre [vc_column_text]Resid\u00e8ncia de 14 artistes (creatius de Catalunya i Internacionals) que estaran en resid\u00e8ncia a Espronceda seguint tallers i creant&hellip;<\/p>\n","category_list":"","author_info":{"name":"Clara","url":"https:\/\/www.immensiva.com\/ca\/author\/clara\/"},"comments_num":"0 comments","yoast_head":"<!-- This site is optimized with the Yoast SEO plugin v22.5 - https:\/\/yoast.com\/wordpress\/plugins\/seo\/ -->\n<title>IMMENSIVA Festival: Unint Art, Ci\u00e8ncia, i Tecnologia<\/title>\n<meta name=\"description\" content=\"Descobreix el Immensiva VR Festival 2020, un esdeveniment \u00fanic que combina art i tecnologia avan\u00e7ada, incloent-hi realitat virtual i molt m\u00e9s.\" \/>\n<meta name=\"robots\" content=\"index, follow, max-snippet:-1, max-image-preview:large, max-video-preview:-1\" \/>\n<link rel=\"canonical\" href=\"https:\/\/www.immensiva.com\/ca\/vr-festival\/\" \/>\n<meta property=\"og:locale\" content=\"ca_ES\" \/>\n<meta property=\"og:type\" content=\"article\" \/>\n<meta property=\"og:title\" content=\"IMMENSIVA Festival: Unint Art, Ci\u00e8ncia, i Tecnologia\" \/>\n<meta property=\"og:description\" content=\"Descobreix el Immensiva VR Festival 2020, un esdeveniment \u00fanic que combina art i tecnologia avan\u00e7ada, incloent-hi realitat virtual i molt m\u00e9s.\" \/>\n<meta property=\"og:url\" content=\"https:\/\/www.immensiva.com\/ca\/vr-festival\/\" \/>\n<meta property=\"og:site_name\" content=\"IMMENSIVA\" \/>\n<meta property=\"article:modified_time\" content=\"2025-01-15T10:09:46+00:00\" \/>\n<meta name=\"twitter:card\" content=\"summary_large_image\" \/>\n<meta name=\"twitter:label1\" content=\"Temps estimat de lectura\" \/>\n\t<meta name=\"twitter:data1\" content=\"2 minuts\" \/>\n<script type=\"application\/ld+json\" class=\"yoast-schema-graph\">{\"@context\":\"https:\/\/schema.org\",\"@graph\":[{\"@type\":\"WebPage\",\"@id\":\"https:\/\/www.immensiva.com\/ca\/vr-festival\/\",\"url\":\"https:\/\/www.immensiva.com\/ca\/vr-festival\/\",\"name\":\"IMMENSIVA Festival: Unint Art, Ci\u00e8ncia, i Tecnologia\",\"isPartOf\":{\"@id\":\"https:\/\/www.immensiva.com\/#website\"},\"datePublished\":\"2019-07-03T13:45:25+00:00\",\"dateModified\":\"2025-01-15T10:09:46+00:00\",\"description\":\"Descobreix el Immensiva VR Festival 2020, un esdeveniment \u00fanic que combina art i tecnologia avan\u00e7ada, incloent-hi realitat virtual i molt m\u00e9s.\",\"breadcrumb\":{\"@id\":\"https:\/\/www.immensiva.com\/ca\/vr-festival\/#breadcrumb\"},\"inLanguage\":\"ca\",\"potentialAction\":[{\"@type\":\"ReadAction\",\"target\":[\"https:\/\/www.immensiva.com\/ca\/vr-festival\/\"]}]},{\"@type\":\"BreadcrumbList\",\"@id\":\"https:\/\/www.immensiva.com\/ca\/vr-festival\/#breadcrumb\",\"itemListElement\":[{\"@type\":\"ListItem\",\"position\":1,\"name\":\"Home\",\"item\":\"https:\/\/www.immensiva.com\/ca\/\"},{\"@type\":\"ListItem\",\"position\":2,\"name\":\"IMMENSIVA FESTIVAL 2020\"}]},{\"@type\":\"WebSite\",\"@id\":\"https:\/\/www.immensiva.com\/#website\",\"url\":\"https:\/\/www.immensiva.com\/\",\"name\":\"IMMENSIVA\",\"description\":\"Focusing on VR, AR, XR art &amp; AI art\",\"potentialAction\":[{\"@type\":\"SearchAction\",\"target\":{\"@type\":\"EntryPoint\",\"urlTemplate\":\"https:\/\/www.immensiva.com\/?s={search_term_string}\"},\"query-input\":\"required name=search_term_string\"}],\"inLanguage\":\"ca\"}]}<\/script>\n<!-- \/ Yoast SEO plugin. -->","yoast_head_json":{"title":"IMMENSIVA Festival: Unint Art, Ci\u00e8ncia, i Tecnologia","description":"Descobreix el Immensiva VR Festival 2020, un esdeveniment \u00fanic que combina art i tecnologia avan\u00e7ada, incloent-hi realitat virtual i molt m\u00e9s.","robots":{"index":"index","follow":"follow","max-snippet":"max-snippet:-1","max-image-preview":"max-image-preview:large","max-video-preview":"max-video-preview:-1"},"canonical":"https:\/\/www.immensiva.com\/ca\/vr-festival\/","og_locale":"ca_ES","og_type":"article","og_title":"IMMENSIVA Festival: Unint Art, Ci\u00e8ncia, i Tecnologia","og_description":"Descobreix el Immensiva VR Festival 2020, un esdeveniment \u00fanic que combina art i tecnologia avan\u00e7ada, incloent-hi realitat virtual i molt m\u00e9s.","og_url":"https:\/\/www.immensiva.com\/ca\/vr-festival\/","og_site_name":"IMMENSIVA","article_modified_time":"2025-01-15T10:09:46+00:00","twitter_card":"summary_large_image","twitter_misc":{"Temps estimat de lectura":"2 minuts"},"schema":{"@context":"https:\/\/schema.org","@graph":[{"@type":"WebPage","@id":"https:\/\/www.immensiva.com\/ca\/vr-festival\/","url":"https:\/\/www.immensiva.com\/ca\/vr-festival\/","name":"IMMENSIVA Festival: Unint Art, Ci\u00e8ncia, i Tecnologia","isPartOf":{"@id":"https:\/\/www.immensiva.com\/#website"},"datePublished":"2019-07-03T13:45:25+00:00","dateModified":"2025-01-15T10:09:46+00:00","description":"Descobreix el Immensiva VR Festival 2020, un esdeveniment \u00fanic que combina art i tecnologia avan\u00e7ada, incloent-hi realitat virtual i molt m\u00e9s.","breadcrumb":{"@id":"https:\/\/www.immensiva.com\/ca\/vr-festival\/#breadcrumb"},"inLanguage":"ca","potentialAction":[{"@type":"ReadAction","target":["https:\/\/www.immensiva.com\/ca\/vr-festival\/"]}]},{"@type":"BreadcrumbList","@id":"https:\/\/www.immensiva.com\/ca\/vr-festival\/#breadcrumb","itemListElement":[{"@type":"ListItem","position":1,"name":"Home","item":"https:\/\/www.immensiva.com\/ca\/"},{"@type":"ListItem","position":2,"name":"IMMENSIVA FESTIVAL 2020"}]},{"@type":"WebSite","@id":"https:\/\/www.immensiva.com\/#website","url":"https:\/\/www.immensiva.com\/","name":"IMMENSIVA","description":"Focusing on VR, AR, XR art &amp; AI art","potentialAction":[{"@type":"SearchAction","target":{"@type":"EntryPoint","urlTemplate":"https:\/\/www.immensiva.com\/?s={search_term_string}"},"query-input":"required name=search_term_string"}],"inLanguage":"ca"}]}},"_links":{"self":[{"href":"https:\/\/www.immensiva.com\/ca\/wp-json\/wp\/v2\/pages\/8365"}],"collection":[{"href":"https:\/\/www.immensiva.com\/ca\/wp-json\/wp\/v2\/pages"}],"about":[{"href":"https:\/\/www.immensiva.com\/ca\/wp-json\/wp\/v2\/types\/page"}],"author":[{"embeddable":true,"href":"https:\/\/www.immensiva.com\/ca\/wp-json\/wp\/v2\/users\/1"}],"replies":[{"embeddable":true,"href":"https:\/\/www.immensiva.com\/ca\/wp-json\/wp\/v2\/comments?post=8365"}],"version-history":[{"count":9,"href":"https:\/\/www.immensiva.com\/ca\/wp-json\/wp\/v2\/pages\/8365\/revisions"}],"predecessor-version":[{"id":13233,"href":"https:\/\/www.immensiva.com\/ca\/wp-json\/wp\/v2\/pages\/8365\/revisions\/13233"}],"wp:attachment":[{"href":"https:\/\/www.immensiva.com\/ca\/wp-json\/wp\/v2\/media?parent=8365"}],"curies":[{"name":"wp","href":"https:\/\/api.w.org\/{rel}","templated":true}]}}