{"id":8825,"date":"2020-07-13T13:24:58","date_gmt":"2020-07-13T11:24:58","guid":{"rendered":"https:\/\/www.immensiva.com\/quintessence-dome-lab-2\/"},"modified":"2024-04-15T14:25:51","modified_gmt":"2024-04-15T12:25:51","slug":"quintessence-dome-lab-2","status":"publish","type":"page","link":"https:\/\/www.immensiva.com\/ca\/quintessence-dome-lab-2\/","title":{"rendered":"QUINTESSENCE DOME LAB"},"content":{"rendered":"<div class=\"wpb-content-wrapper\"><p>[vc_row css=&#8221;.vc_custom_1594644421345{padding-top: 90px !important;padding-bottom: 50px !important;}&#8221;][vc_column]<style>.ld_spacer_69f2f54f783e3{height:100px;}<\/style>\n<div class=\"ld-empty-space ld_spacer_69f2f54f783e3\"><span class=\"liquid_empty_space_inner\"><\/span><\/div>[vc_single_image image=&#8221;12550&#8243; img_size=&#8221;full&#8221; css=&#8221;&#8221;]<style>.ld_spacer_69f2f54f784cd{height:50px;}<\/style>\n<div class=\"ld-empty-space ld_spacer_69f2f54f784cd\"><span class=\"liquid_empty_space_inner\"><\/span><\/div><style>.ld_fancy_heading_69f2f54f785af .lqd-highlight-inner{height:0.275em;bottom:0px;}<\/style><div class=\"ld-fancy-heading ld_fancy_heading_69f2f54f785af\">\n\t<h1 class=\"lqd-highlight-underline lqd-highlight-grow-left\" ><span class=\"ld-fh-txt\"> <\/p>\n<p style=\"text-align: center\"><span style=\"font-size: 36px\"><strong>\u00a0 \u00a0 \u00a0 \u00a0 \u00a0 \u00a0 \u00a0 \u00a0 \u00a0 \u00a0 \u00a0 \u00a0 \u00a0 \u00a0 \u00a0 \u00a0 QUINTESSENCE DOME LAB<\/strong><\/span><\/p>\n<p><\/span><\/h1><\/div>[vc_column_text]<\/p>\n<div><span style=\"font-size: large;\"><b>Quintessence Dome Lab<\/b> va ser una resid\u00e8ncia i exposici\u00f3 d\u2019artistes organitzada per <strong>ESPRONCEDA &#8211; Institut d\u2019Art i Cultura<\/strong>, amb el suport de\u00a0<a href=\"https:\/\/www.llull.cat\/english\/home\/index.cfm\">Institut Ramon Llull<\/a> i\u00a0<a href=\"https:\/\/www.bmeia.gv.at\/es\/foro-cultural-de-austria-en-madrid\/foro-cultural\/\">Foro Cultural de Austria<\/a>, i en col\u00b7laboraci\u00f3 amb <a href=\"https:\/\/mirafestival.com\/en\/\">MIRA Festival<\/a>, <a href=\"https:\/\/www.studio3.me\/\">.\/studio3 Institute for Experimental Architecture<\/a>,\u00a0 <a href=\"https:\/\/helsinkixrcenter.com\/\">Helsinki XR Center<\/a>, <a href=\"https:\/\/www.meetcenter.it\/en\/home-page\/\">MEET Digital Culture Center<\/a>, i <a href=\"https:\/\/www.uca.ac.uk\/\">University for the Creative Arts (UCA)<\/a>.<\/span><\/div>\n<p>[\/vc_column_text]<style>.ld_spacer_69f2f54f8985f{height:13px;}<\/style>\n<div class=\"ld-empty-space ld_spacer_69f2f54f8985f\"><span class=\"liquid_empty_space_inner\"><\/span><\/div>[vc_column_text]<\/p>\n<div><span style=\"font-size: large;\">Durant quatre setmanes, un grup d\u2019artistes i creatius locals i internacionals van treballar junts per dissenyar projectes innovadors mitjan\u00e7ant tecnologies avan\u00e7ades com la projecci\u00f3 Fulldome (SMODE), Realitx virtual, Sensors de moviment i molt m\u00e9s. Per millorar les seves habilitats i estimular les seves produccions, van participar en tallers gestionats per professionals en tecnologia, narraci\u00f3 i empatia immersiva.<\/span><\/div>\n<p>[\/vc_column_text]<style>.ld_spacer_69f2f54f8994e{height:13px;}<\/style>\n<div class=\"ld-empty-space ld_spacer_69f2f54f8994e\"><span class=\"liquid_empty_space_inner\"><\/span><\/div>[vc_column_text]<\/p>\n<div><span style=\"font-size: large;\">Un jurat internacional va revisar els projectes finals per presentar-los al Premi Quintessence IMMENSIVA. Els seleccionats van ser exhibits i transmesos en directe el 13 de setembre al <a href=\"https:\/\/ars.electronica.art\/news\/de\/\">Ars Electronica Festival<\/a> a trav\u00e9s de <a href=\"https:\/\/www.starts.eu\/agenda\/solar-orchard-garden\/detail\/\">Solar Orchard Garden<\/a><\/span><span style=\"font-size: large;\">.<\/span><\/div>\n<p>[\/vc_column_text]<style>.ld_spacer_69f2f54f899fe{height:100px;}<\/style>\n<div class=\"ld-empty-space ld_spacer_69f2f54f899fe\"><span class=\"liquid_empty_space_inner\"><\/span><\/div>[vc_row_inner][vc_column_inner]<style>.ld_fancy_heading_69f2f54f89af1 .lqd-highlight-inner{height:0.275em;bottom:0px;}<\/style><div class=\"ld-fancy-heading ld_fancy_heading_69f2f54f89af1\">\n\t<h1 class=\"lqd-highlight-underline lqd-highlight-grow-left\" ><span class=\"ld-fh-txt\"> Activitats<\/span><\/h1><\/div>[\/vc_column_inner][\/vc_row_inner][vc_column_text]<\/p>\n<h4 style=\"text-align: left;\"><strong>TALLERS<\/strong><\/h4>\n<p>[\/vc_column_text]<style>.ld_spacer_69f2f54f90387{height:40px;}<\/style>\n<div class=\"ld-empty-space ld_spacer_69f2f54f90387\"><span class=\"liquid_empty_space_inner\"><\/span><\/div>[vc_column_text]<span style=\"color: #000000;\"><strong><em><span style=\"font-size: 16px;\">Full Dome Content Creation <\/span><\/em><\/strong><em><span style=\"font-size: 16px;\">per EYESBERG STUDIO<\/span><\/em><\/span><\/p>\n<p>La primera part del taller es va dedicar a la introducci\u00f3 te\u00f2rica a la tecnologia immersiva per tal de con\u00e8ixer quins tipus d\u2019experi\u00e8ncies existeixen i quins s\u00f3n els seus requisits t\u00e8cnics. Els artistes residents tamb\u00e9 van analitzar una obra fulldome creada a l&#8217;Eyesberg Studio per veure com es pot aplicar aquesta teoria.<\/p>\n<p>Taula de continguts:<\/p>\n<ul>\n<li>Qu\u00e8 \u00e9s una experi\u00e8ncia immersiva?<\/li>\n<li>Pautes sobre el moviment, el color i el contrast de la c\u00e0mera.<\/li>\n<li>Formats de creaci\u00f3 audiovisual i tipus de c\u00fapula<\/li>\n<li>So espacial<\/li>\n<li>An\u00e0lisi pr\u00e0ctic d&#8217;una obra de fulldome<\/li>\n<li>Introducci\u00f3 a la creaci\u00f3 de contingut de c\u00fapula completa<\/li>\n<li>Creaci\u00f3 de contingut Full Dome amb SMODE<\/li>\n<\/ul>\n<p>De l\u2019ordinador a l\u2019espectacle: tres dies orientats a la pr\u00e0ctica en qu\u00e8 els artistes van veure diferents tipus de programari, a m\u00e9s de com crear contingut amb SMODE. L&#8217;objectiu era posar en pr\u00e0ctica els conceptes te\u00f2rics apresos el primer dia per crear contingut immersiu i veure&#8217;l projectat a la c\u00fapula. Els participants tamb\u00e9 van tenir un dia dedicat a la part t\u00e8cnica de l\u2019\u00fas de la c\u00fapula, \u00e9s a dir, la configuraci\u00f3 de projectors, deformaci\u00f3 i barreja, cablejat.[\/vc_column_text]<style>.ld_spacer_69f2f54f904ac{height:30px;}<\/style>\n<div class=\"ld-empty-space ld_spacer_69f2f54f904ac\"><span class=\"liquid_empty_space_inner\"><\/span><\/div>[vc_column_text]<span style=\"color: #000000;\"><em><strong>Disseny de narratives immersives centrades en l&#8217;usuari<\/strong>\u00a0per garage stories<\/em><\/span><\/p>\n<p>Taller pr\u00e0ctic que segueix la metodologia pr\u00f2pia de Garage Stories basada en els principis del pensament del disseny per proporcionar als creadors eines per dissenyar les seves primeres experi\u00e8ncies de RV. Durant el taller, els participants han explorat les caracter\u00edstiques \u00faniques del mitj\u00e0 per construir projectes amb un missatge clar i una forta proposta de valor; el resultat ha estat un primer esborrany de la seva narrativa i el viatge del p\u00fablic a un entorn immersiu.[\/vc_column_text]<style>.ld_spacer_69f2f54f90571{height:30px;}<\/style>\n<div class=\"ld-empty-space ld_spacer_69f2f54f90571\"><span class=\"liquid_empty_space_inner\"><\/span><\/div>[vc_column_text]<span style=\"color: #000000;\"><em><strong>360 Narrativa immersiva<\/strong>\u00a0per BeAnotherLab<\/em><\/span><\/p>\n<p>Aquest taller es va centrar en la creaci\u00f3 de projectes immersius 360 dins de la Biblioteca de Nosaltres mateixos a nivell art\u00edstic i t\u00e8cnic per a la creaci\u00f3 de narratives virtuals. Incarnate es basa en la conjunci\u00f3 de protocols per a la creaci\u00f3 de narratives audiovisuals en primera persona 360o i t\u00e8cniques de representaci\u00f3 que impliquen la resta de sentits (tacte, olfacte, gust) sincronitzats. Es tracta, doncs, d\u2019una metodologia mixta entre la creaci\u00f3 audiovisual i teatral d\u2019una banda, i la investigaci\u00f3 cognitiva de l\u2019altra, alhora que amplia de manera innovadora les possibilitats i horitzons que ofereix la realitat virtual.[\/vc_column_text][\/vc_column][\/vc_row][vc_row gap=&#8221;0&#8243;][vc_column][vc_column_text]<\/p>\n<h4 style=\"text-align: center;\"><span style=\"font-size: 18px;\"><strong>PROFESSORS DE TALLERS<\/strong><\/span><\/h4>\n<p>[\/vc_column_text]<style>.ld_spacer_69f2f54f9062b{height:40px;}<\/style>\n<div class=\"ld-empty-space ld_spacer_69f2f54f9062b\"><span class=\"liquid_empty_space_inner\"><\/span><\/div>[\/vc_column][\/vc_row][vc_row][vc_column width=&#8221;1\/4&#8243;][vc_single_image image=&#8221;12553&#8243; img_size=&#8221;large&#8221; onclick=&#8221;custom_link&#8221; enable_opacity=&#8221;yes&#8221; opacity=&#8221;0.5&#8243; css=&#8221;&#8221; link=&#8221;https:\/\/www.immensiva.com\/about-immensiva\/#advisors&#8221;][vc_column_text]<\/p>\n<p style=\"text-align: center;\"><strong>Jordi Mass\u00f3<br \/>\n<\/strong>EYESBERG STUDIO[\/vc_column_text][\/vc_column][vc_column width=&#8221;1\/4&#8243;][vc_single_image image=&#8221;12556&#8243; img_size=&#8221;large&#8221; onclick=&#8221;custom_link&#8221; enable_opacity=&#8221;yes&#8221; opacity=&#8221;0.5&#8243; css=&#8221;&#8221; link=&#8221;https:\/\/www.immensiva.com\/about-immensiva\/#advisors&#8221;][vc_column_text]<\/p>\n<p style=\"text-align: center;\"><strong>Martina Ampuero<br \/>\n<\/strong>EYESBERG STUDIO[\/vc_column_text][\/vc_column][vc_column width=&#8221;1\/4&#8243;][vc_single_image image=&#8221;12330&#8243; img_size=&#8221;large&#8221; onclick=&#8221;custom_link&#8221; enable_opacity=&#8221;yes&#8221; opacity=&#8221;0.5&#8243; css=&#8221;&#8221; link=&#8221;https:\/\/www.immensiva.com\/about-immensiva\/#advisors&#8221;][vc_column_text]<\/p>\n<p style=\"text-align: center;\"><strong>Marta Ordeig<br \/>\n<\/strong>garage stories[\/vc_column_text][\/vc_column][vc_column width=&#8221;1\/4&#8243;][vc_single_image image=&#8221;12333&#8243; img_size=&#8221;1024&#215;1024&#8243; onclick=&#8221;custom_link&#8221; enable_opacity=&#8221;yes&#8221; opacity=&#8221;0.5&#8243; css=&#8221;&#8221; link=&#8221;https:\/\/www.immensiva.com\/about-immensiva\/#advisors&#8221;][vc_column_text]<\/p>\n<p style=\"text-align: center;\"><strong>Be Another Lab<\/strong><\/p>\n<p>[\/vc_column_text][\/vc_column][\/vc_row][vc_row][vc_column]<style>.ld_spacer_69f2f54f906e1{height:100px;}<\/style>\n<div class=\"ld-empty-space ld_spacer_69f2f54f906e1\"><span class=\"liquid_empty_space_inner\"><\/span><\/div>[vc_column_text]<\/p>\n<h4 style=\"text-align: left;\"><strong>CONSTRUCCI\u00d3 DE LA C\u00daPULA<\/strong><\/h4>\n<p>[\/vc_column_text]<style>.ld_spacer_69f2f54f90794{height:40px;}<\/style>\n<div class=\"ld-empty-space ld_spacer_69f2f54f90794\"><span class=\"liquid_empty_space_inner\"><\/span><\/div>[vc_single_image image=&#8221;12559&#8243; img_size=&#8221;full&#8221; alignment=&#8221;center&#8221; css=&#8221;&#8221;][vc_column_text]<\/p>\n<p style=\"text-align: left;\">Espronceda, en col\u00b7laboraci\u00f3 amb estudiants seleccionats de l\u2019Institut d\u2019Arquitectura Experimental d\u2019Insbruck .\/studio3 i l\u2019estudi d\u2019arquitectura barcelon\u00ed <a href=\"http:\/\/azconarchitectures.com\/\">Azcon<\/a>, va treballar en el desenvolupament del projecte i la construcci\u00f3 de la c\u00fapula en una setmana. La c\u00fapula de 6 x 6 m va ser dissenyada i constru\u00efda amb un enfocament modular innovador dirigit a facilitar el muntatge \/ desmuntatge. De fet, cada panell i llist\u00f3 de fusta tenia la mateixa mida, caracter\u00edstica que permet intercanviar cada pe\u00e7a i permet reparar i substituir f\u00e0cilment qualsevol pe\u00e7a danyada.<\/p>\n<p style=\"text-align: left;\">La c\u00fapula va ser creada per donar a ells i als altres artistes residents la possibilitat de desenvolupar projeccions immersives i interactives. Els artistes en resid\u00e8ncia, gr\u00e0cies a un per\u00edode de formaci\u00f3 sobre tecnologies immersives, van treballar en grups per desenvolupar diversos projectes art\u00edstics que es van presentar al final de la resid\u00e8ncia amb motiu del Premi Quintessence IMMENSIVA, el 13 de setembre de 2020, i que es van transmetre en directe a Ars Electronica Festival.<\/p>\n<p>[\/vc_column_text][\/vc_column][\/vc_row][vc_row][vc_column]<style>.ld_spacer_69f2f54f90819{height:100px;}<\/style>\n<div class=\"ld-empty-space ld_spacer_69f2f54f90819\"><span class=\"liquid_empty_space_inner\"><\/span><\/div>[vc_column_text]<\/p>\n<h4 style=\"text-align: left;\"><a href=\"https:\/\/www.immensiva.com\/ca\/artprojects\/\"><strong>PROJECTES D&#8217;ART<\/strong><\/a><\/h4>\n<p>[\/vc_column_text]<style>.ld_spacer_69f2f54f9089d{height:40px;}<\/style>\n<div class=\"ld-empty-space ld_spacer_69f2f54f9089d\"><span class=\"liquid_empty_space_inner\"><\/span><\/div>[\/vc_column][\/vc_row][vc_row css=&#8221;.vc_custom_1613992813216{background-color: #6524e9 !important;}&#8221;][vc_column width=&#8221;1\/2&#8243;]<style>.ld_spacer_69f2f54f90921{height:80px;}<\/style>\n<div class=\"ld-empty-space ld_spacer_69f2f54f90921\"><span class=\"liquid_empty_space_inner\"><\/span><\/div>[vc_column_text]<span style=\"color: #ffffff;\"><em><strong>ANAMN\u00cdSEIS <\/strong><\/em><\/span><\/p>\n<p><span style=\"color: #ffffff;\"><em>Projecte de\u00a0Ursual Pfligersdorffer<\/em><\/span><\/p>\n<p><span style=\"color: #ffffff;\">Un viatge a trav\u00e9s d\u2019una mem\u00f2ria sobre l\u2019oce\u00e0 que mostra tres aspectes principals relacionats amb el record i la fragmentaci\u00f3 a trav\u00e9s de la p\u00e8rdua de mem\u00f2ria.<\/span>[\/vc_column_text][\/vc_column][vc_column width=&#8221;1\/2&#8243;]<style>.ld_spacer_69f2f54f909a6{height:40px;}<\/style>\n<div class=\"ld-empty-space ld_spacer_69f2f54f909a6\"><span class=\"liquid_empty_space_inner\"><\/span><\/div>[vc_video link=&#8221;https:\/\/youtu.be\/JI-Avpc7-bo&#8221; align=&#8221;center&#8221;][\/vc_column][\/vc_row][vc_row][vc_column width=&#8221;1\/2&#8243;]<style>.ld_spacer_69f2f54f90a29{height:40px;}<\/style>\n<div class=\"ld-empty-space ld_spacer_69f2f54f90a29\"><span class=\"liquid_empty_space_inner\"><\/span><\/div>[vc_video link=&#8221;https:\/\/youtu.be\/AzhEu_0PFtk&#8221; align=&#8221;center&#8221;][\/vc_column][vc_column width=&#8221;1\/2&#8243;]<style>.ld_spacer_69f2f54f90aab{height:80px;}<\/style>\n<div class=\"ld-empty-space ld_spacer_69f2f54f90aab\"><span class=\"liquid_empty_space_inner\"><\/span><\/div>[vc_column_text]<span style=\"color: #000000;\"><em><strong>ARE YOU THERE LUA?<\/strong><\/em><\/span><\/p>\n<p><span style=\"color: #000000;\"><em>Projecte de Anna Pompermaier, Stefan Maier, i Martin Romeo<\/em><\/span><\/p>\n<p>\u201cAre You There LUA?\u201d \u00e9s una instal\u00b7laci\u00f3 de realitat estesa l\u00fadica i combinat\u00f2ria. Ofereix als usuaris l&#8217;experi\u00e8ncia \u00fanica d&#8217;estar, encara que separat per una dist\u00e0ncia f\u00edsica, simult\u00e0niament present i actiu en el mateix entorn figital.[\/vc_column_text][\/vc_column][\/vc_row][vc_row css=&#8221;.vc_custom_1613993305266{background-color: #6524e9 !important;}&#8221;][vc_column width=&#8221;1\/2&#8243;]<style>.ld_spacer_69f2f54f90b2f{height:50px;}<\/style>\n<div class=\"ld-empty-space ld_spacer_69f2f54f90b2f\"><span class=\"liquid_empty_space_inner\"><\/span><\/div>[vc_column_text]<span style=\"color: #ffffff;\"><em><strong>WONDERS<\/strong><\/em><\/span><\/p>\n<p><span style=\"color: #ffffff;\"><em>Projecte de Moon Ribas, Felix Schoeller i Ferran Belda<\/em><\/span><\/p>\n<p><span style=\"color: #ffffff;\">WONDERS \u00e9s un viatge a trav\u00e9s de fen\u00f2mens naturals m\u00e9s enll\u00e0 de la percepci\u00f3 humana amb l&#8217;objectiu de generar emocions est\u00e8tiques primordials com la meravella, l&#8217;admiraci\u00f3, el temor i el sublim. L\u2019artista pionera de cyborg Moon Ribas est\u00e0 equipada amb un sistema de sensors i actuadors que li permeten convertir els esdeveniments naturals en moviment. Un sistema de sensors portables desenvolupat per Felix Schoeller capta els gestos de Moon Ribas i els transforma en sons, que modulen les visuals interactives de Ferran Belda projectades a la superf\u00edcie de la c\u00fapula.<\/span>[\/vc_column_text][\/vc_column][vc_column width=&#8221;1\/2&#8243;]<style>.ld_spacer_69f2f54f90bbc{height:60px;}<\/style>\n<div class=\"ld-empty-space ld_spacer_69f2f54f90bbc\"><span class=\"liquid_empty_space_inner\"><\/span><\/div>[vc_video link=&#8221;https:\/\/youtu.be\/Ldr5u7AiyTs&#8221; align=&#8221;center&#8221;][\/vc_column][\/vc_row][vc_row][vc_column width=&#8221;1\/2&#8243;]<style>.ld_spacer_69f2f54f90c37{height:70px;}<\/style>\n<div class=\"ld-empty-space ld_spacer_69f2f54f90c37\"><span class=\"liquid_empty_space_inner\"><\/span><\/div>[vc_video link=&#8221;https:\/\/youtu.be\/J6tuWsvEXD4&#8243; align=&#8221;center&#8221;][\/vc_column][vc_column width=&#8221;1\/2&#8243;]<style>.ld_spacer_69f2f54f90cb1{height:60px;}<\/style>\n<div class=\"ld-empty-space ld_spacer_69f2f54f90cb1\"><span class=\"liquid_empty_space_inner\"><\/span><\/div>[vc_column_text]<span style=\"color: #000000;\"><em><strong>HIERONYMOUS GARDEN OF DIGITAL DELIGHT<\/strong><\/em><\/span><\/p>\n<p><span style=\"color: #000000;\"><em>Projecte de Lukas Kochend\u00f6rfer<\/em><\/span><\/p>\n<p>Hieronymus Garden Of Digital Delight \u2013 interpretacions d\u2019agis, treballa amb la bellesa i complexitat de l\u2019obra m\u00e9s coneguda de Hieronymus Bosche: El jard\u00ed de les del\u00edcies terrenals. Un trif\u00edtric pintat com un m\u00f3n paral\u00b7lel lligat a l\u2019esfera, que va fer emergir la gent durant segles, a m\u00e9s de ser un important pou d\u2019inspiraci\u00f3 per a Salvator Dal\u00ed i el moviment expressionista. En representar el Jard\u00ed de les Del\u00edcies Terrenals en capes de percecci\u00f3, l\u2019experi\u00e8ncia completa de la c\u00fapula aconsegueix crear un viatge espacial cap als paisatges abstractes de la pintura relacionats amb la seva narrativa inicial. Destaca parts de la pintura mentre les tradueix al mitj\u00e0 digital.[\/vc_column_text]<style>.ld_spacer_69f2f54f90d2c{height:30px;}<\/style>\n<div class=\"ld-empty-space ld_spacer_69f2f54f90d2c\"><span class=\"liquid_empty_space_inner\"><\/span><\/div>[\/vc_column][\/vc_row][vc_row css=&#8221;.vc_custom_1613993600028{background-color: #6524e9 !important;}&#8221;][vc_column width=&#8221;1\/2&#8243;]<style>.ld_spacer_69f2f54f90dad{height:40px;}<\/style>\n<div class=\"ld-empty-space ld_spacer_69f2f54f90dad\"><span class=\"liquid_empty_space_inner\"><\/span><\/div>[vc_column_text]<span style=\"color: #ffffff;\"><em><strong>SPECTRUM<\/strong><\/em><\/span><\/p>\n<p><span style=\"color: #ffffff;\"><em>Projecte de Agustina Palazzo, Radiorator Project amb Betiana Pav\u00f3n i Mateus Sartori &amp; VPM collective: Joan Nieto i Javier Ca\u00f1al<\/em><\/span><\/p>\n<p><span style=\"color: #ffffff;\">Spectrum \u00e9s una actuaci\u00f3 en viu \/ audiovisual resultat de la primera col\u00b7laboraci\u00f3 entre Agustina Palazzo i el col\u00b7lectiu VPM, i pret\u00e9n representar l\u2019energia invisible que ens envolta, m\u00e9s concretament l\u2019energia artificial i invisible de la informaci\u00f3 i la comunicaci\u00f3 transmeses a trav\u00e9s de freq\u00fc\u00e8ncies de r\u00e0dio.<\/span>[\/vc_column_text][\/vc_column][vc_column width=&#8221;1\/2&#8243;]<style>.ld_spacer_69f2f54f90e2a{height:40px;}<\/style>\n<div class=\"ld-empty-space ld_spacer_69f2f54f90e2a\"><span class=\"liquid_empty_space_inner\"><\/span><\/div>[vc_single_image image=&#8221;12562&#8243; img_size=&#8221;450&#215;270&#8243; alignment=&#8221;center&#8221; css=&#8221;&#8221;][\/vc_column][\/vc_row][vc_row][vc_column width=&#8221;1\/2&#8243;]<style>.ld_spacer_69f2f54f90ea5{height:70px;}<\/style>\n<div class=\"ld-empty-space ld_spacer_69f2f54f90ea5\"><span class=\"liquid_empty_space_inner\"><\/span><\/div>[vc_video link=&#8221;https:\/\/youtu.be\/Ev82ow8jeIw&#8221; align=&#8221;center&#8221;][\/vc_column][vc_column width=&#8221;1\/2&#8243;]<style>.ld_spacer_69f2f54f90f1f{height:70px;}<\/style>\n<div class=\"ld-empty-space ld_spacer_69f2f54f90f1f\"><span class=\"liquid_empty_space_inner\"><\/span><\/div>[vc_column_text]<span style=\"color: #000000;\"><em><strong>GOLDEN MICROCOSMOS<\/strong><\/em><\/span><\/p>\n<p><span style=\"color: #000000;\"><em>Projecte de Raisa Pimentel, Anja Calas i Agustina Palazzo<\/em><\/span><\/p>\n<p>En un acte po\u00e8tic gaireb\u00e9 abstracte, escoltarem, sentirem, veurem l\u2019aura, la nostra consci\u00e8ncia, sentirem la freq\u00fc\u00e8ncia amb qu\u00e8 vibrem i experimentarem una hist\u00f2ria audiovisual de la C\u00fapula, de simples \u201cb\u00e0lsams per a les \u00e0nimes adolorides\u201d. Tot \u00e9sser hum\u00e0 \u00e9s un microcosmos dins seu. \u00c9s un univers de c\u00e8l\u00b7lules, cadascuna amb la seva intel\u00b7lig\u00e8ncia individual. La salut de les nostres c\u00e8l\u00b7lules dep\u00e8n de les vibracions que rep de nosaltres en forma de pensaments, emocions i sentiments.[\/vc_column_text][\/vc_column][\/vc_row][vc_row css=&#8221;.vc_custom_1613994009558{background-color: #6524e9 !important;}&#8221;][vc_column width=&#8221;1\/2&#8243;]<style>.ld_spacer_69f2f54f90f99{height:50px;}<\/style>\n<div class=\"ld-empty-space ld_spacer_69f2f54f90f99\"><span class=\"liquid_empty_space_inner\"><\/span><\/div>[vc_column_text]<span style=\"color: #ffffff;\"><em><strong>ABVXHMN ABOVE HUMAN \/ EPIDEMIC-SPHERES<\/strong><\/em><\/span><\/p>\n<p><span style=\"color: #ffffff;\"><em>Projecte de Anna Pompermaier, Cenk G\u00fczelis, Burkart Schwaighofer<\/em><\/span><\/p>\n<p><span style=\"color: #ffffff;\">La pand\u00e8mia genera un sentiment dif\u00fas d\u2019afiliaci\u00f3. El virus es propaga, pren territoris i deixa rastre. Pulsa, vibra, interactua dins i amb les diverses esferes: esfera privada, esfera p\u00fablica, esfera econ\u00f2mica, esfera tecno-capital, info-esfera, psicoesfera. ABVXHMN \u00e9s una instal\u00b7laci\u00f3 de mapatge de projecci\u00f3 interactiva que mostra les dades en temps real de COVID-19 dins d\u2019una esfera epid\u00e8mica.<\/span><\/p>\n<p><span style=\"color: #ffffff;\">Una instal\u00b7laci\u00f3 de mapatge de projecci\u00f3 esf\u00e8rica interactiva<\/span><br \/>\n<span style=\"color: #ffffff;\">Text: Marco Russo<\/span><br \/>\n<span style=\"color: #ffffff;\">Veu en off: Will Stafford<\/span><br \/>\n<span style=\"color: #ffffff;\">Disseny de so: YAMAN, Kristaps Austers<\/span>[\/vc_column_text][\/vc_column][vc_column width=&#8221;1\/2&#8243;]<style>.ld_spacer_69f2f54f91013{height:50px;}<\/style>\n<div class=\"ld-empty-space ld_spacer_69f2f54f91013\"><span class=\"liquid_empty_space_inner\"><\/span><\/div>[vc_single_image image=&#8221;12565&#8243; img_size=&#8221;full&#8221; css=&#8221;&#8221;][\/vc_column][\/vc_row][vc_row][vc_column width=&#8221;1\/2&#8243;]<style>.ld_spacer_69f2f54f9108c{height:50px;}<\/style>\n<div class=\"ld-empty-space ld_spacer_69f2f54f9108c\"><span class=\"liquid_empty_space_inner\"><\/span><\/div>[vc_single_image image=&#8221;12568&#8243; img_size=&#8221;full&#8221; css=&#8221;&#8221;][\/vc_column][vc_column width=&#8221;1\/2&#8243;]<style>.ld_spacer_69f2f54f91106{height:50px;}<\/style>\n<div class=\"ld-empty-space ld_spacer_69f2f54f91106\"><span class=\"liquid_empty_space_inner\"><\/span><\/div>[vc_column_text]<span style=\"color: #000000;\"><em><strong>SCHR\u00d6DINGER&#8217;S CAT<\/strong><\/em><\/span><\/p>\n<p><span style=\"color: #000000;\"><em>Projecte de Raisa Pimentel, Cenk Guzelis, Mohsen Hazrati<\/em><\/span><\/p>\n<p>El gat de Schr\u00f6dinger \u00e9s un experiment mental, de vegades descrit com una paradoxa, ideat pel f\u00edsic austro-irland\u00e8s Erwin Schr\u00f6dinger el 1935. L\u2019escenari presenta un hipot\u00e8tic gat que pot estar alhora viu i mort, un estat conegut com a superposici\u00f3 qu\u00e0ntica. En el lingo de mec\u00e0nica qu\u00e0ntica, la capacitat del gat per estar viu i mort fins que s\u2019observa es denomina indeterminaci\u00f3 qu\u00e0ntica o paradoxa de l\u2019observador. La l\u00f2gica darrere de la paradoxa de l\u2019observador \u00e9s la capacitat demostrada de l\u2019observaci\u00f3 per influir en els resultats. En aquesta interpretaci\u00f3, l\u2019observador i el gat simplement existeixen en dues realitats: una en qu\u00e8 el gat \u00e9s mort i una en qu\u00e8 el gat \u00e9s viu.[\/vc_column_text]<style>.ld_spacer_69f2f54f9117f{height:40px;}<\/style>\n<div class=\"ld-empty-space ld_spacer_69f2f54f9117f\"><span class=\"liquid_empty_space_inner\"><\/span><\/div>[\/vc_column][\/vc_row][vc_row css=&#8221;.vc_custom_1613994023923{background-color: #6524e9 !important;}&#8221;][vc_column width=&#8221;1\/2&#8243;]<style>.ld_spacer_69f2f54f911f8{height:50px;}<\/style>\n<div class=\"ld-empty-space ld_spacer_69f2f54f911f8\"><span class=\"liquid_empty_space_inner\"><\/span><\/div>[vc_column_text]<span style=\"color: #ffffff;\"><em><strong>RTT<\/strong><\/em><\/span><\/p>\n<p><span style=\"color: #ffffff;\"><em>Projecte de Mohsen Hazrati<\/em><\/span><\/p>\n<p><span style=\"color: #ffffff;\">Aquest projecte tracta de reflexos i miralls en el context de la literatura iraniana i de com la t\u00e8cnica RTT en motors de jocs 3D podria traduir aquest concepte en experi\u00e8ncies.<\/span>[\/vc_column_text]<style>.ld_spacer_69f2f54f91275{height:15px;}<\/style>\n<div class=\"ld-empty-space ld_spacer_69f2f54f91275\"><span class=\"liquid_empty_space_inner\"><\/span><\/div>[\/vc_column][vc_column width=&#8221;1\/2&#8243;]<style>.ld_spacer_69f2f54f912f0{height:40px;}<\/style>\n<div class=\"ld-empty-space ld_spacer_69f2f54f912f0\"><span class=\"liquid_empty_space_inner\"><\/span><\/div>[vc_single_image image=&#8221;12571&#8243; img_size=&#8221;450&#215;270&#8243; alignment=&#8221;center&#8221; css=&#8221;&#8221;]<style>.ld_spacer_69f2f54f91369{height:15px;}<\/style>\n<div class=\"ld-empty-space ld_spacer_69f2f54f91369\"><span class=\"liquid_empty_space_inner\"><\/span><\/div>[\/vc_column][\/vc_row][vc_row][vc_column width=&#8221;1\/2&#8243;]<style>.ld_spacer_69f2f54f91406{height:50px;}<\/style>\n<div class=\"ld-empty-space ld_spacer_69f2f54f91406\"><span class=\"liquid_empty_space_inner\"><\/span><\/div><style>.ld_fancy_heading_69f2f54f91505 .lqd-highlight-inner{height:0.275em;bottom:0px;}<\/style><div class=\"ld-fancy-heading ld_fancy_heading_69f2f54f91505\">\n\t<h1 class=\"lqd-highlight-underline lqd-highlight-grow-left\" ><span class=\"ld-fh-txt\"> <a href=\"https:\/\/www.immensiva.com\/ca\/artists\/\">Our Artists<\/a><\/span><\/h1><\/div>[vc_media_grid element_width=&#8221;3&#8243; grid_id=&#8221;vc_gid:1712920667457-8f63da2e639fa097996e15439f444b7e-5&#8243; include=&#8221;8746,8743,8660,8750,8657,8111,8753,8756&#8243;][\/vc_column][vc_column width=&#8221;1\/2&#8243;]<style>.ld_spacer_69f2f54f9179d{height:50px;}<\/style>\n<div class=\"ld-empty-space ld_spacer_69f2f54f9179d\"><span class=\"liquid_empty_space_inner\"><\/span><\/div><style>.ld_spacer_69f2f54f91828{height:88px;}<\/style>\n<div class=\"ld-empty-space ld_spacer_69f2f54f91828\"><span class=\"liquid_empty_space_inner\"><\/span><\/div>[vc_media_grid element_width=&#8221;3&#8243; grid_id=&#8221;vc_gid:1712920668022-da41dd1263e13ff034c42b0d7ca3405c-4&#8243; include=&#8221;8737,8631,8653,8740,8110,8666,8669,8672&#8243;][\/vc_column][\/vc_row][vc_row][vc_column]<style>.ld_spacer_69f2f54f918a6{height:100px;}<\/style>\n<div class=\"ld-empty-space ld_spacer_69f2f54f918a6\"><span class=\"liquid_empty_space_inner\"><\/span><\/div>[\/vc_column][\/vc_row]<\/p>\n<\/div>","protected":false},"excerpt":{"rendered":"<p>[vc_row css=&#8221;.vc_custom_1594644421345{padding-top: 90px !important;padding-bottom: 50px !important;}&#8221;][vc_column][vc_single_image image=&#8221;12550&#8243; img_size=&#8221;full&#8221; css=&#8221;&#8221;][vc_column_text] Quintessence Dome Lab va ser una&#8230;<\/p>\n","protected":false},"author":2,"featured_media":0,"parent":0,"menu_order":0,"comment_status":"closed","ping_status":"closed","template":"","meta":{"footnotes":""},"featured_image_urls":{"full":"","thumbnail":"","medium":"","medium_large":"","large":"","1536x1536":"","2048x2048":"","awb_sm":"","awb_md":"","awb_lg":"","awb_xl":"","liquid-default-blog":"","liquid-standard-blog":"","liquid-featured-blog":"","liquid-rounded-blog":"","liquid-classic-meta-blog":"","liquid-classic-2-blog":"","liquid-grid":"","liquid-split-blog":"","liquid-classic-full-blog":"","liquid-metro-blog":"","liquid-timeline-blog":"","liquid-carousel-blog":"","liquid-square-blog":"","liquid-candy-blog":"","liquid-category-blog":"","liquid-cover-post":"","liquid-default-post":"","liquid-cover-spaced":"","liquid-masonry-shortest":"","liquid-masonry-short":"","liquid-masonry-tall":"","liquid-masonry-taller":"","liquid-medium":"","liquid-large":"","liquid-thumbnail":"","liquid-masonry-header-small":"","liquid-masonry-header-big":"","liquid-thumbnail-post":"","liquid-small-blog":"","liquid-related-post":"","liquid-portfolio":"","liquid-portfolio-sq":"","liquid-portfolio-big-sq":"","liquid-portfolio-portrait":"","liquid-portfolio-wide":"","liquid-packery-wide":"","liquid-packery-portrait":"","liquid-grid-hover-overlay":"","liquid-grid-hover-classic":"","liquid-grid-hover-3d":"","liquid-grid-caption":"","liquid-large-slider":"","liquid-widget":"","liquid-portfolio-vertical-overlay":""},"post_excerpt_stackable":"<p>[vc_row css=&#8221;.vc_custom_1594644421345{padding-top: 90px !important;padding-bottom: 50px !important;}&#8221;][vc_column] [vc_single_image image=&#8221;12550&#8243; img_size=&#8221;full&#8221; css=&#8221;&#8221;] \u00a0 \u00a0 \u00a0 \u00a0 \u00a0 \u00a0 \u00a0 \u00a0 \u00a0 \u00a0 \u00a0 \u00a0 \u00a0 \u00a0 \u00a0 \u00a0 QUINTESSENCE DOME LAB [vc_column_text] Quintessence Dome Lab va ser una resid\u00e8ncia i exposici\u00f3 d\u2019artistes organitzada per ESPRONCEDA &#8211; Institut d\u2019Art i Cultura, amb el suport de\u00a0Institut Ramon Llull i\u00a0Foro Cultural de Austria, i en col\u00b7laboraci\u00f3 amb MIRA Festival, .\/studio3 Institute for Experimental Architecture,\u00a0 Helsinki XR Center, MEET Digital Culture Center, i University for the Creative Arts (UCA). [\/vc_column_text] [vc_column_text] Durant quatre setmanes, un grup d\u2019artistes i creatius locals i internacionals van treballar junts per&hellip;<\/p>\n","category_list":"","author_info":{"name":"vitor","url":"https:\/\/www.immensiva.com\/ca\/author\/vitor\/"},"comments_num":"0 comments","yoast_head":"<!-- This site is optimized with the Yoast SEO plugin v22.5 - https:\/\/yoast.com\/wordpress\/plugins\/seo\/ -->\n<title>Quintessence Domi Lab a IMMENSIVA: Resid\u00e8ncia i Exposici\u00f3<\/title>\n<meta name=\"description\" content=\"Desenvolupament de projectes innovadors utilitzant tecnologies avan\u00e7ades com a Projecci\u00f3 Fulldome (SMODE), Virtual Reality i sensors de moviment.\" \/>\n<meta name=\"robots\" content=\"index, follow, max-snippet:-1, max-image-preview:large, max-video-preview:-1\" \/>\n<link rel=\"canonical\" href=\"https:\/\/www.immensiva.com\/ca\/quintessence-dome-lab-2\/\" \/>\n<meta property=\"og:locale\" content=\"ca_ES\" \/>\n<meta property=\"og:type\" content=\"article\" \/>\n<meta property=\"og:title\" content=\"Quintessence Domi Lab a IMMENSIVA: Resid\u00e8ncia i Exposici\u00f3\" \/>\n<meta property=\"og:description\" content=\"Desenvolupament de projectes innovadors utilitzant tecnologies avan\u00e7ades com a Projecci\u00f3 Fulldome (SMODE), Virtual Reality i sensors de moviment.\" \/>\n<meta property=\"og:url\" content=\"https:\/\/www.immensiva.com\/ca\/quintessence-dome-lab-2\/\" \/>\n<meta property=\"og:site_name\" content=\"IMMENSIVA\" \/>\n<meta property=\"article:modified_time\" content=\"2024-04-15T12:25:51+00:00\" \/>\n<meta name=\"twitter:card\" content=\"summary_large_image\" \/>\n<meta name=\"twitter:label1\" content=\"Temps estimat de lectura\" \/>\n\t<meta name=\"twitter:data1\" content=\"7 minuts\" \/>\n<script type=\"application\/ld+json\" class=\"yoast-schema-graph\">{\"@context\":\"https:\/\/schema.org\",\"@graph\":[{\"@type\":\"WebPage\",\"@id\":\"https:\/\/www.immensiva.com\/ca\/quintessence-dome-lab-2\/\",\"url\":\"https:\/\/www.immensiva.com\/ca\/quintessence-dome-lab-2\/\",\"name\":\"Quintessence Domi Lab a IMMENSIVA: Resid\u00e8ncia i Exposici\u00f3\",\"isPartOf\":{\"@id\":\"https:\/\/www.immensiva.com\/#website\"},\"datePublished\":\"2020-07-13T11:24:58+00:00\",\"dateModified\":\"2024-04-15T12:25:51+00:00\",\"description\":\"Desenvolupament de projectes innovadors utilitzant tecnologies avan\u00e7ades com a Projecci\u00f3 Fulldome (SMODE), Virtual Reality i sensors de moviment.\",\"breadcrumb\":{\"@id\":\"https:\/\/www.immensiva.com\/ca\/quintessence-dome-lab-2\/#breadcrumb\"},\"inLanguage\":\"ca\",\"potentialAction\":[{\"@type\":\"ReadAction\",\"target\":[\"https:\/\/www.immensiva.com\/ca\/quintessence-dome-lab-2\/\"]}]},{\"@type\":\"BreadcrumbList\",\"@id\":\"https:\/\/www.immensiva.com\/ca\/quintessence-dome-lab-2\/#breadcrumb\",\"itemListElement\":[{\"@type\":\"ListItem\",\"position\":1,\"name\":\"Home\",\"item\":\"https:\/\/www.immensiva.com\/ca\/\"},{\"@type\":\"ListItem\",\"position\":2,\"name\":\"QUINTESSENCE DOME LAB\"}]},{\"@type\":\"WebSite\",\"@id\":\"https:\/\/www.immensiva.com\/#website\",\"url\":\"https:\/\/www.immensiva.com\/\",\"name\":\"IMMENSIVA\",\"description\":\"Focusing on VR, AR, XR art &amp; AI art\",\"potentialAction\":[{\"@type\":\"SearchAction\",\"target\":{\"@type\":\"EntryPoint\",\"urlTemplate\":\"https:\/\/www.immensiva.com\/?s={search_term_string}\"},\"query-input\":\"required name=search_term_string\"}],\"inLanguage\":\"ca\"}]}<\/script>\n<!-- \/ Yoast SEO plugin. -->","yoast_head_json":{"title":"Quintessence Domi Lab a IMMENSIVA: Resid\u00e8ncia i Exposici\u00f3","description":"Desenvolupament de projectes innovadors utilitzant tecnologies avan\u00e7ades com a Projecci\u00f3 Fulldome (SMODE), Virtual Reality i sensors de moviment.","robots":{"index":"index","follow":"follow","max-snippet":"max-snippet:-1","max-image-preview":"max-image-preview:large","max-video-preview":"max-video-preview:-1"},"canonical":"https:\/\/www.immensiva.com\/ca\/quintessence-dome-lab-2\/","og_locale":"ca_ES","og_type":"article","og_title":"Quintessence Domi Lab a IMMENSIVA: Resid\u00e8ncia i Exposici\u00f3","og_description":"Desenvolupament de projectes innovadors utilitzant tecnologies avan\u00e7ades com a Projecci\u00f3 Fulldome (SMODE), Virtual Reality i sensors de moviment.","og_url":"https:\/\/www.immensiva.com\/ca\/quintessence-dome-lab-2\/","og_site_name":"IMMENSIVA","article_modified_time":"2024-04-15T12:25:51+00:00","twitter_card":"summary_large_image","twitter_misc":{"Temps estimat de lectura":"7 minuts"},"schema":{"@context":"https:\/\/schema.org","@graph":[{"@type":"WebPage","@id":"https:\/\/www.immensiva.com\/ca\/quintessence-dome-lab-2\/","url":"https:\/\/www.immensiva.com\/ca\/quintessence-dome-lab-2\/","name":"Quintessence Domi Lab a IMMENSIVA: Resid\u00e8ncia i Exposici\u00f3","isPartOf":{"@id":"https:\/\/www.immensiva.com\/#website"},"datePublished":"2020-07-13T11:24:58+00:00","dateModified":"2024-04-15T12:25:51+00:00","description":"Desenvolupament de projectes innovadors utilitzant tecnologies avan\u00e7ades com a Projecci\u00f3 Fulldome (SMODE), Virtual Reality i sensors de moviment.","breadcrumb":{"@id":"https:\/\/www.immensiva.com\/ca\/quintessence-dome-lab-2\/#breadcrumb"},"inLanguage":"ca","potentialAction":[{"@type":"ReadAction","target":["https:\/\/www.immensiva.com\/ca\/quintessence-dome-lab-2\/"]}]},{"@type":"BreadcrumbList","@id":"https:\/\/www.immensiva.com\/ca\/quintessence-dome-lab-2\/#breadcrumb","itemListElement":[{"@type":"ListItem","position":1,"name":"Home","item":"https:\/\/www.immensiva.com\/ca\/"},{"@type":"ListItem","position":2,"name":"QUINTESSENCE DOME LAB"}]},{"@type":"WebSite","@id":"https:\/\/www.immensiva.com\/#website","url":"https:\/\/www.immensiva.com\/","name":"IMMENSIVA","description":"Focusing on VR, AR, XR art &amp; AI art","potentialAction":[{"@type":"SearchAction","target":{"@type":"EntryPoint","urlTemplate":"https:\/\/www.immensiva.com\/?s={search_term_string}"},"query-input":"required name=search_term_string"}],"inLanguage":"ca"}]}},"_links":{"self":[{"href":"https:\/\/www.immensiva.com\/ca\/wp-json\/wp\/v2\/pages\/8825"}],"collection":[{"href":"https:\/\/www.immensiva.com\/ca\/wp-json\/wp\/v2\/pages"}],"about":[{"href":"https:\/\/www.immensiva.com\/ca\/wp-json\/wp\/v2\/types\/page"}],"author":[{"embeddable":true,"href":"https:\/\/www.immensiva.com\/ca\/wp-json\/wp\/v2\/users\/2"}],"replies":[{"embeddable":true,"href":"https:\/\/www.immensiva.com\/ca\/wp-json\/wp\/v2\/comments?post=8825"}],"version-history":[{"count":25,"href":"https:\/\/www.immensiva.com\/ca\/wp-json\/wp\/v2\/pages\/8825\/revisions"}],"predecessor-version":[{"id":12640,"href":"https:\/\/www.immensiva.com\/ca\/wp-json\/wp\/v2\/pages\/8825\/revisions\/12640"}],"wp:attachment":[{"href":"https:\/\/www.immensiva.com\/ca\/wp-json\/wp\/v2\/media?parent=8825"}],"curies":[{"name":"wp","href":"https:\/\/api.w.org\/{rel}","templated":true}]}}