{"id":9341,"date":"2021-01-03T14:25:00","date_gmt":"2021-01-03T13:25:00","guid":{"rendered":"https:\/\/www.immensiva.com\/9257-2\/"},"modified":"2024-04-15T14:17:34","modified_gmt":"2024-04-15T12:17:34","slug":"immensathon","status":"publish","type":"page","link":"https:\/\/www.immensiva.com\/ca\/immensathon\/","title":{"rendered":"IMMENSATHON: INTO THE HUMAN LABYRINTH &#8211; HackLab inmersivo e interactivo de New Media Art"},"content":{"rendered":"<div class=\"wpb-content-wrapper\"><p>[vc_row css=&#8221;.vc_custom_1609679191619{margin-top: 50px !important;}&#8221;][vc_column]<style>.ld_spacer_69f3aadbb4b8a{height:100px;}<\/style>\n<div class=\"ld-empty-space ld_spacer_69f3aadbb4b8a\"><span class=\"liquid_empty_space_inner\"><\/span><\/div>[vc_single_image image=&#8221;12356&#8243; img_size=&#8221;full&#8221; alignment=&#8221;center&#8221;]<style>.ld_spacer_69f3aadbb4c75{height:32px;}<\/style>\n<div class=\"ld-empty-space ld_spacer_69f3aadbb4c75\"><span class=\"liquid_empty_space_inner\"><\/span><\/div><style>.ld_fancy_heading_69f3aadbb4d58 .lqd-highlight-inner{height:0.275em;bottom:0px;}<\/style><div class=\"ld-fancy-heading text-center ld_fancy_heading_69f3aadbb4d58\">\n\t<h1 class=\"lqd-highlight-underline lqd-highlight-grow-left\" ><span class=\"ld-fh-txt\"> <\/p>\n<h3 style=\"text-align: center\"><strong>IMMENSATHON: INTO THE HUMAN LABYRINTH<\/strong><br \/>\n<strong>HackLab inmersivo e interactivo de New Media Art<\/strong><\/h3>\n<p><\/span><\/h1><\/div><style>.ld_spacer_69f3aadbbc6a9{height:32px;}<\/style>\n<div class=\"ld-empty-space ld_spacer_69f3aadbbc6a9\"><span class=\"liquid_empty_space_inner\"><\/span><\/div>[\/vc_column][\/vc_row][vc_row][vc_column][vc_column_text]<\/p>\n<p id=\"tw-target-text\" class=\"tw-data-text tw-text-large XcVN5d tw-ta\" dir=\"ltr\" data-placeholder=\"Traduzione\"><strong><span lang=\"ca\" style=\"font-family: georgia, palatino, serif;\">Humans, tecnologia i futur: qu\u00e8 tenen en com\u00fa? <\/span><\/strong><\/p>\n<p class=\"tw-data-text tw-text-large XcVN5d tw-ta\" dir=\"ltr\" data-placeholder=\"Traduzione\"><span lang=\"ca\" style=\"font-family: georgia, palatino, serif;\">Est\u00e0 oberta la convocat\u00f2ria per participar en el <strong>HackLab de Immensiva<\/strong>, en col\u00b7laboraci\u00f3 amb <strong>Garage Stories<\/strong> i <strong>Be Another Lab<\/strong>, HackLab destinat a explorar i treballar amb mitjans emergents per crear peces experimentals que ens ajudin a reflexionar sobre la complexitat de les relacions humanes i especular sobre un futur en el qual la tecnologia ens ajudi a ser m\u00e9s humans. <\/span><\/p>\n<p class=\"tw-data-text tw-text-large XcVN5d tw-ta\" dir=\"ltr\" data-placeholder=\"Traduzione\"><span lang=\"ca\" style=\"font-family: georgia, palatino, serif;\"><strong>De el 3 a l&#8217;16 de maig, reunirem a 25 perfils creatius per co-crear en grups de 5 una pe\u00e7a experimental amb tecnologies i altres formes d&#8217;art m\u00e9s anal\u00f2giques<\/strong> (foto, v\u00eddeo, m\u00fasica, performance en viu, etc) per a formar part d&#8217;una exposici\u00f3 col\u00b7lectiva &#8220;Into the Human Labyrinth&#8221; que estar\u00e0 oberta a el p\u00fablic en els dies posteriors a l&#8217;HackLab. <\/span><\/p>\n<p class=\"tw-data-text tw-text-large XcVN5d tw-ta\" dir=\"ltr\" data-placeholder=\"Traduzione\"><span lang=\"ca\" style=\"font-family: georgia, palatino, serif;\">Els temes sobre els quals reflexionaran els grups de treball s\u00f3n: <\/span><\/p>\n<p class=\"tw-data-text tw-text-large XcVN5d tw-ta\" dir=\"ltr\" data-placeholder=\"Traduzione\"><span lang=\"ca\" style=\"font-family: georgia, palatino, serif;\">&#8211; el poder i els privilegis<br \/>\n&#8211; l&#8217;amor<br \/>\n&#8211; la fam\u00edlia<br \/>\n&#8211; l&#8217;autoestima<br \/>\n&#8211; els prejudicis <\/span><\/p>\n<p class=\"tw-data-text tw-text-large XcVN5d tw-ta\" dir=\"ltr\" data-placeholder=\"Traduzione\"><span lang=\"ca\" style=\"font-family: georgia, palatino, serif;\">L&#8217;exposici\u00f3 tindr\u00e0 forma de laberint, i tamb\u00e9 hi ha una convocat\u00f2ria oberta, en col\u00b7laboraci\u00f3 amb <strong>Distributed Design \/ IAAC<\/strong>, per makers \/ dissenyadors que vulguin treballar amb el robot Kuka i altres tecnologies per construir el recorregut i l&#8217;estructura de l&#8217;espai expositiu dins el qual els participants de l&#8217;Hacklab crearan el contingut. Tamb\u00e9 \u00e9s possible participar en les dues convocat\u00f2ries. <\/span><\/p>\n<p class=\"tw-data-text tw-text-large XcVN5d tw-ta\" dir=\"ltr\" data-placeholder=\"Traduzione\"><strong><span lang=\"ca\" style=\"font-family: georgia, palatino, serif;\">Qui pot presentar-se? <\/span><\/strong><\/p>\n<p class=\"tw-data-text tw-text-large XcVN5d tw-ta\" dir=\"ltr\" data-placeholder=\"Traduzione\"><span lang=\"ca\" style=\"font-family: georgia, palatino, serif;\">Perfils creatius de diferents \u00e0mbits: codificadors, escriptors, dissenyadors, arquitectes, psic\u00f2legs, fil\u00f2sofs, m\u00fasics, jugadors, int\u00e8rprets, artistes visuals, etc. <\/span><\/p>\n<p class=\"tw-data-text tw-text-large XcVN5d tw-ta\" dir=\"ltr\" data-placeholder=\"Traduzione\"><span lang=\"ca\" style=\"font-family: georgia, palatino, serif;\">La convocat\u00f2ria est\u00e0 oberta fins al 15 d&#8217;abril i posteriorment es realitzar\u00e0 un proc\u00e9s de selecci\u00f3 dels 25 millors perfils per al Hacklab, i 5 projectes per a la secci\u00f3 de makers \/ dissenyadors.<\/span><\/p>\n<p>[\/vc_column_text]<style>.ld_spacer_69f3aadbbc7a2{height:50px;}<\/style>\n<div class=\"ld-empty-space ld_spacer_69f3aadbbc7a2\"><span class=\"liquid_empty_space_inner\"><\/span><\/div>[\/vc_column][\/vc_row][vc_row css=&#8221;.vc_custom_1609679722529{background-color: #5524f4 !important;}&#8221;][vc_column]<style>.ld_spacer_69f3aadbbc83f{height:50px;}<\/style>\n<div class=\"ld-empty-space ld_spacer_69f3aadbbc83f\"><span class=\"liquid_empty_space_inner\"><\/span><\/div>[vc_column_text]<\/p>\n<p id=\"tw-target-text\" class=\"tw-data-text tw-text-large XcVN5d tw-ta\" dir=\"ltr\" data-placeholder=\"Traduzione\"><span style=\"color: #ccffff;\"><strong><span lang=\"ca\">CONVOCAT\u00d2RIA HACKLAB \/ INMENSATHON <\/span><\/strong><\/span><\/p>\n<p class=\"tw-data-text tw-text-large XcVN5d tw-ta\" dir=\"ltr\" data-placeholder=\"Traduzione\"><span style=\"color: #ccffff;\"><strong><span lang=\"ca\"><span style=\"font-family: georgia, palatino, serif;\">Esdeveniment Hacklab, de l&#8217;14 a l&#8217;16 de maig<\/span><\/span><\/strong><\/span><\/p>\n<p class=\"tw-data-text tw-text-large XcVN5d tw-ta\" dir=\"ltr\" data-placeholder=\"Traduzione\"><span style=\"color: #ccffff;\"><strong><span lang=\"ca\"><span style=\"font-family: georgia, palatino, serif;\">Qu\u00e8 s&#8217;espera? <\/span><\/span><\/strong><\/span><\/p>\n<p class=\"tw-data-text tw-text-large XcVN5d tw-ta\" dir=\"ltr\" data-placeholder=\"Traduzione\"><span lang=\"ca\" style=\"color: #ccffff;\"><span style=\"font-family: georgia, palatino, serif;\">Una pe\u00e7a experimental en format expositiu que combini disciplines art\u00edstiques m\u00e9s tradicionals (foto, v\u00eddeo, objectes, dibuixos, etc) amb mitjans digitals emergents, aix\u00ed com petits clips de 360\u00ba, maquetes de realitat augmentada, projectes de RV, i tot tipus de formats experimentals , work-in-progress, utilitzant altres tecnologies com sensors, esc\u00e0ners, etc. (Espronceda posa a disposici\u00f3 dels participants diversos equips tecnol\u00f2gics). <\/span><\/span><\/p>\n<p class=\"tw-data-text tw-text-large XcVN5d tw-ta\" dir=\"ltr\" data-placeholder=\"Traduzione\"><span lang=\"ca\" style=\"color: #ccffff;\"><span style=\"font-family: georgia, palatino, serif;\">Cal omplir el formulari amb tota la informaci\u00f3 al seg\u00fcent enlla\u00e7:<\/span><\/span><\/p>\n<p><span style=\"color: #ccffff;\"><a href=\"https:\/\/docs.google.com\/forms\/d\/e\/1FAIpQLScyTL-P5Xpsy4zsaT_lGf2-PC1WDeYFyv9INOOU3kkgZgWGvQ\/viewform?gxids=7628\">https:\/\/docs.google.com\/forms\/d\/e\/1FAIpQLScyTL-P5Xpsy4zsaT_lGf2-PC1WDeYFyv9INOOU3kkgZgWGvQ\/viewform?gxids=7628<\/a><\/span>[\/vc_column_text]<style>.ld_spacer_69f3aadbbc8d6{height:50px;}<\/style>\n<div class=\"ld-empty-space ld_spacer_69f3aadbbc8d6\"><span class=\"liquid_empty_space_inner\"><\/span><\/div>[\/vc_column][\/vc_row][vc_row][vc_column]<style>.ld_spacer_69f3aadbbc966{height:50px;}<\/style>\n<div class=\"ld-empty-space ld_spacer_69f3aadbbc966\"><span class=\"liquid_empty_space_inner\"><\/span><\/div>[vc_column_text]<\/p>\n<p id=\"tw-target-text\" class=\"tw-data-text tw-text-large XcVN5d tw-ta\" dir=\"ltr\" data-placeholder=\"Traduzione\"><strong><span lang=\"ca\" style=\"font-family: georgia, palatino, serif;\">PREMI: <\/span><\/strong><\/p>\n<p class=\"tw-data-text tw-text-large XcVN5d tw-ta\" dir=\"ltr\" data-placeholder=\"Traduzione\"><span lang=\"ca\" style=\"font-family: georgia, palatino, serif;\">La millor pe\u00e7a podr\u00e0 continuar la seva resid\u00e8ncia a Espronceda per finalitzar el projecte i ser\u00e0 exposada en una gran exposici\u00f3 col\u00b7lectiva organitzada al juny de 2021.<\/span><\/p>\n<p>[\/vc_column_text]<style>.ld_spacer_69f3aadbbc9f3{height:50px;}<\/style>\n<div class=\"ld-empty-space ld_spacer_69f3aadbbc9f3\"><span class=\"liquid_empty_space_inner\"><\/span><\/div>[\/vc_column][\/vc_row][vc_row css=&#8221;.vc_custom_1609772522442{background-color: #5524f4 !important;}&#8221;][vc_column]<style>.ld_spacer_69f3aadbbca7f{height:50px;}<\/style>\n<div class=\"ld-empty-space ld_spacer_69f3aadbbca7f\"><span class=\"liquid_empty_space_inner\"><\/span><\/div>[vc_column_text]<\/p>\n<p id=\"tw-target-text\" class=\"tw-data-text tw-text-large XcVN5d tw-ta\" dir=\"ltr\" data-placeholder=\"Traduzione\"><span style=\"color: #ccffff;\"><strong><span lang=\"ca\" style=\"font-family: georgia, palatino, serif;\">CONVOCAT\u00d2RIA DE MAKERS \/ DISSENYADORS <\/span><\/strong><\/span><\/p>\n<p class=\"tw-data-text tw-text-large XcVN5d tw-ta\" dir=\"ltr\" data-placeholder=\"Traduzione\"><span lang=\"ca\" style=\"font-family: georgia, palatino, serif; color: #ccffff;\">Si vols participar en la construcci\u00f3 de l&#8217;espai expositiu i treballar amb el Robot Kuka per realitzar els dissenys de el 3 a l&#8217;16 de maig, apunta&#8217;t aqu\u00ed! Busquem estudiants d&#8217;arquitectura i disseny que vulguin formar part d&#8217;aquesta experi\u00e8ncia. Us posarem en contacte amb un Fab Lab per crear les peces i l&#8217;organitzaci\u00f3 assumir\u00e0 el cost de la producci\u00f3. <\/span><\/p>\n<p class=\"tw-data-text tw-text-large XcVN5d tw-ta\" dir=\"ltr\" data-placeholder=\"Traduzione\"><span style=\"color: #ccffff;\"><strong><span lang=\"ca\" style=\"font-family: georgia, palatino, serif;\">Calendari de makers: <\/span><\/strong><\/span><\/p>\n<p class=\"tw-data-text tw-text-large XcVN5d tw-ta\" dir=\"ltr\" data-placeholder=\"Traduzione\"><span style=\"color: #ccffff;\"><span lang=\"ca\" style=\"font-family: georgia, palatino, serif;\">De el 20 a el 30 d&#8217;abril: <\/span><span lang=\"ca\" style=\"font-family: georgia, palatino, serif;\">conceptualitzaci\u00f3 i disseny <\/span><\/span><\/p>\n<p class=\"tw-data-text tw-text-large XcVN5d tw-ta\" dir=\"ltr\" data-placeholder=\"Traduzione\"><span lang=\"ca\" style=\"font-family: georgia, palatino, serif; color: #ccffff;\">De el 3 a el 7 de maig: producci\u00f3 amb l&#8217;\u00fas de robots Kuka i altres tecnologies <\/span><\/p>\n<p class=\"tw-data-text tw-text-large XcVN5d tw-ta\" dir=\"ltr\" data-placeholder=\"Traduzione\"><span lang=\"ca\" style=\"font-family: georgia, palatino, serif; color: #ccffff;\">De l&#8217;10 a l&#8217;16 de maig: instal\u00b7laci\u00f3 <\/span><\/p>\n<p class=\"tw-data-text tw-text-large XcVN5d tw-ta\" dir=\"ltr\" data-placeholder=\"Traduzione\"><span lang=\"ca\" style=\"font-family: georgia, palatino, serif; color: #ccffff;\">Has d&#8217;omplir el formulari amb tota la informaci\u00f3 al seg\u00fcent enlla\u00e7:<\/span><\/p>\n<p><a href=\"https:\/\/docs.google.com\/forms\/d\/e\/1FAIpQLSeNXOQKDpPwvExy3tISAtgNXQBJMJdznMZFu6k6ac4A6R4g0Q\/viewform?gxids=7628\">https:\/\/docs.google.com\/forms\/d\/e\/1FAIpQLSeNXOQKDpPwvExy3tISAtgNXQBJMJdznMZFu6k6ac4A6R4g0Q\/viewform?gxids=7628<\/a>[\/vc_column_text]<style>.ld_spacer_69f3aadbbcb0a{height:50px;}<\/style>\n<div class=\"ld-empty-space ld_spacer_69f3aadbbcb0a\"><span class=\"liquid_empty_space_inner\"><\/span><\/div>[\/vc_column][\/vc_row][vc_row][vc_column]<style>.ld_spacer_69f3aadbbcb9a{height:50px;}<\/style>\n<div class=\"ld-empty-space ld_spacer_69f3aadbbcb9a\"><span class=\"liquid_empty_space_inner\"><\/span><\/div>[vc_column_text]<\/p>\n<p id=\"tw-target-text\" class=\"tw-data-text tw-text-large XcVN5d tw-ta\" dir=\"ltr\" data-placeholder=\"Traduzione\"><strong><span lang=\"ca\" style=\"font-family: georgia, palatino, serif;\">PREMI: <\/span><\/strong><\/p>\n<p class=\"tw-data-text tw-text-large XcVN5d tw-ta\" dir=\"ltr\" data-placeholder=\"Traduzione\"><span lang=\"ca\" style=\"font-family: georgia, palatino, serif;\">El projecte guanyador es difondr\u00e0 a trav\u00e9s d&#8217;Espronceda i Disseny Distribu\u00eft. La instal\u00b7laci\u00f3 formar\u00e0 part de la gran exposici\u00f3 col\u00b7lectiva IMMENSIVA al juny de 2021.<\/span><\/p>\n<p>[\/vc_column_text]<style>.ld_spacer_69f3aadbbcc17{height:50px;}<\/style>\n<div class=\"ld-empty-space ld_spacer_69f3aadbbcc17\"><span class=\"liquid_empty_space_inner\"><\/span><\/div>[\/vc_column][\/vc_row]<\/p>\n<\/div>","protected":false},"excerpt":{"rendered":"<p>[vc_row css=&#8221;.vc_custom_1609679191619{margin-top: 50px !important;}&#8221;][vc_column][vc_single_image image=&#8221;12356&#8243; img_size=&#8221;full&#8221; alignment=&#8221;center&#8221;][\/vc_column][\/vc_row][vc_row][vc_column][vc_column_text] Humans, tecnologia i futur: qu\u00e8 tenen en com\u00fa?&#8230;<\/p>\n","protected":false},"author":2,"featured_media":0,"parent":0,"menu_order":0,"comment_status":"closed","ping_status":"closed","template":"","meta":{"footnotes":""},"featured_image_urls":{"full":"","thumbnail":"","medium":"","medium_large":"","large":"","1536x1536":"","2048x2048":"","awb_sm":"","awb_md":"","awb_lg":"","awb_xl":"","liquid-default-blog":"","liquid-standard-blog":"","liquid-featured-blog":"","liquid-rounded-blog":"","liquid-classic-meta-blog":"","liquid-classic-2-blog":"","liquid-grid":"","liquid-split-blog":"","liquid-classic-full-blog":"","liquid-metro-blog":"","liquid-timeline-blog":"","liquid-carousel-blog":"","liquid-square-blog":"","liquid-candy-blog":"","liquid-category-blog":"","liquid-cover-post":"","liquid-default-post":"","liquid-cover-spaced":"","liquid-masonry-shortest":"","liquid-masonry-short":"","liquid-masonry-tall":"","liquid-masonry-taller":"","liquid-medium":"","liquid-large":"","liquid-thumbnail":"","liquid-masonry-header-small":"","liquid-masonry-header-big":"","liquid-thumbnail-post":"","liquid-small-blog":"","liquid-related-post":"","liquid-portfolio":"","liquid-portfolio-sq":"","liquid-portfolio-big-sq":"","liquid-portfolio-portrait":"","liquid-portfolio-wide":"","liquid-packery-wide":"","liquid-packery-portrait":"","liquid-grid-hover-overlay":"","liquid-grid-hover-classic":"","liquid-grid-hover-3d":"","liquid-grid-caption":"","liquid-large-slider":"","liquid-widget":"","liquid-portfolio-vertical-overlay":""},"post_excerpt_stackable":"<p>[vc_row css=&#8221;.vc_custom_1609679191619{margin-top: 50px !important;}&#8221;][vc_column] [vc_single_image image=&#8221;12356&#8243; img_size=&#8221;full&#8221; alignment=&#8221;center&#8221;] IMMENSATHON: INTO THE HUMAN LABYRINTH HackLab inmersivo e interactivo de New Media Art [\/vc_column][\/vc_row][vc_row][vc_column][vc_column_text] Humans, tecnologia i futur: qu\u00e8 tenen en com\u00fa? Est\u00e0 oberta la convocat\u00f2ria per participar en el HackLab de Immensiva, en col\u00b7laboraci\u00f3 amb Garage Stories i Be Another Lab, HackLab destinat a explorar i treballar amb mitjans emergents per crear peces experimentals que ens ajudin a reflexionar sobre la complexitat de les relacions humanes i especular sobre un futur en el qual la tecnologia ens ajudi a ser m\u00e9s humans. De el 3 a l&#8217;16 de maig, reunirem a&hellip;<\/p>\n","category_list":"","author_info":{"name":"vitor","url":"https:\/\/www.immensiva.com\/ca\/author\/vitor\/"},"comments_num":"0 comments","yoast_head":"<!-- This site is optimized with the Yoast SEO plugin v22.5 - https:\/\/yoast.com\/wordpress\/plugins\/seo\/ -->\n<title>IMMENSATHON 2021: Explorant el Laberint Hum\u00e0<\/title>\n<meta name=\"description\" content=\"Uneix-te al Immensathon, un HackLab que convida a reflexionar sobre humanitat i tecnologia amb projectes art\u00edstics experimentals.\" \/>\n<meta name=\"robots\" content=\"index, follow, max-snippet:-1, max-image-preview:large, max-video-preview:-1\" \/>\n<link rel=\"canonical\" href=\"https:\/\/www.immensiva.com\/ca\/immensathon\/\" \/>\n<meta property=\"og:locale\" content=\"ca_ES\" \/>\n<meta property=\"og:type\" content=\"article\" \/>\n<meta property=\"og:title\" content=\"IMMENSATHON 2021: Explorant el Laberint Hum\u00e0\" \/>\n<meta property=\"og:description\" content=\"Uneix-te al Immensathon, un HackLab que convida a reflexionar sobre humanitat i tecnologia amb projectes art\u00edstics experimentals.\" \/>\n<meta property=\"og:url\" content=\"https:\/\/www.immensiva.com\/ca\/immensathon\/\" \/>\n<meta property=\"og:site_name\" content=\"IMMENSIVA\" \/>\n<meta property=\"article:modified_time\" content=\"2024-04-15T12:17:34+00:00\" \/>\n<meta name=\"twitter:card\" content=\"summary_large_image\" \/>\n<meta name=\"twitter:label1\" content=\"Temps estimat de lectura\" \/>\n\t<meta name=\"twitter:data1\" content=\"3 minuts\" \/>\n<script type=\"application\/ld+json\" class=\"yoast-schema-graph\">{\"@context\":\"https:\/\/schema.org\",\"@graph\":[{\"@type\":\"WebPage\",\"@id\":\"https:\/\/www.immensiva.com\/ca\/immensathon\/\",\"url\":\"https:\/\/www.immensiva.com\/ca\/immensathon\/\",\"name\":\"IMMENSATHON 2021: Explorant el Laberint Hum\u00e0\",\"isPartOf\":{\"@id\":\"https:\/\/www.immensiva.com\/#website\"},\"datePublished\":\"2021-01-03T13:25:00+00:00\",\"dateModified\":\"2024-04-15T12:17:34+00:00\",\"description\":\"Uneix-te al Immensathon, un HackLab que convida a reflexionar sobre humanitat i tecnologia amb projectes art\u00edstics experimentals.\",\"breadcrumb\":{\"@id\":\"https:\/\/www.immensiva.com\/ca\/immensathon\/#breadcrumb\"},\"inLanguage\":\"ca\",\"potentialAction\":[{\"@type\":\"ReadAction\",\"target\":[\"https:\/\/www.immensiva.com\/ca\/immensathon\/\"]}]},{\"@type\":\"BreadcrumbList\",\"@id\":\"https:\/\/www.immensiva.com\/ca\/immensathon\/#breadcrumb\",\"itemListElement\":[{\"@type\":\"ListItem\",\"position\":1,\"name\":\"Home\",\"item\":\"https:\/\/www.immensiva.com\/ca\/\"},{\"@type\":\"ListItem\",\"position\":2,\"name\":\"IMMENSATHON: INTO THE HUMAN LABYRINTH &#8211; HackLab inmersivo e interactivo de New Media Art\"}]},{\"@type\":\"WebSite\",\"@id\":\"https:\/\/www.immensiva.com\/#website\",\"url\":\"https:\/\/www.immensiva.com\/\",\"name\":\"IMMENSIVA\",\"description\":\"Focusing on VR, AR, XR art &amp; AI art\",\"potentialAction\":[{\"@type\":\"SearchAction\",\"target\":{\"@type\":\"EntryPoint\",\"urlTemplate\":\"https:\/\/www.immensiva.com\/?s={search_term_string}\"},\"query-input\":\"required name=search_term_string\"}],\"inLanguage\":\"ca\"}]}<\/script>\n<!-- \/ Yoast SEO plugin. -->","yoast_head_json":{"title":"IMMENSATHON 2021: Explorant el Laberint Hum\u00e0","description":"Uneix-te al Immensathon, un HackLab que convida a reflexionar sobre humanitat i tecnologia amb projectes art\u00edstics experimentals.","robots":{"index":"index","follow":"follow","max-snippet":"max-snippet:-1","max-image-preview":"max-image-preview:large","max-video-preview":"max-video-preview:-1"},"canonical":"https:\/\/www.immensiva.com\/ca\/immensathon\/","og_locale":"ca_ES","og_type":"article","og_title":"IMMENSATHON 2021: Explorant el Laberint Hum\u00e0","og_description":"Uneix-te al Immensathon, un HackLab que convida a reflexionar sobre humanitat i tecnologia amb projectes art\u00edstics experimentals.","og_url":"https:\/\/www.immensiva.com\/ca\/immensathon\/","og_site_name":"IMMENSIVA","article_modified_time":"2024-04-15T12:17:34+00:00","twitter_card":"summary_large_image","twitter_misc":{"Temps estimat de lectura":"3 minuts"},"schema":{"@context":"https:\/\/schema.org","@graph":[{"@type":"WebPage","@id":"https:\/\/www.immensiva.com\/ca\/immensathon\/","url":"https:\/\/www.immensiva.com\/ca\/immensathon\/","name":"IMMENSATHON 2021: Explorant el Laberint Hum\u00e0","isPartOf":{"@id":"https:\/\/www.immensiva.com\/#website"},"datePublished":"2021-01-03T13:25:00+00:00","dateModified":"2024-04-15T12:17:34+00:00","description":"Uneix-te al Immensathon, un HackLab que convida a reflexionar sobre humanitat i tecnologia amb projectes art\u00edstics experimentals.","breadcrumb":{"@id":"https:\/\/www.immensiva.com\/ca\/immensathon\/#breadcrumb"},"inLanguage":"ca","potentialAction":[{"@type":"ReadAction","target":["https:\/\/www.immensiva.com\/ca\/immensathon\/"]}]},{"@type":"BreadcrumbList","@id":"https:\/\/www.immensiva.com\/ca\/immensathon\/#breadcrumb","itemListElement":[{"@type":"ListItem","position":1,"name":"Home","item":"https:\/\/www.immensiva.com\/ca\/"},{"@type":"ListItem","position":2,"name":"IMMENSATHON: INTO THE HUMAN LABYRINTH &#8211; HackLab inmersivo e interactivo de New Media Art"}]},{"@type":"WebSite","@id":"https:\/\/www.immensiva.com\/#website","url":"https:\/\/www.immensiva.com\/","name":"IMMENSIVA","description":"Focusing on VR, AR, XR art &amp; AI art","potentialAction":[{"@type":"SearchAction","target":{"@type":"EntryPoint","urlTemplate":"https:\/\/www.immensiva.com\/?s={search_term_string}"},"query-input":"required name=search_term_string"}],"inLanguage":"ca"}]}},"_links":{"self":[{"href":"https:\/\/www.immensiva.com\/ca\/wp-json\/wp\/v2\/pages\/9341"}],"collection":[{"href":"https:\/\/www.immensiva.com\/ca\/wp-json\/wp\/v2\/pages"}],"about":[{"href":"https:\/\/www.immensiva.com\/ca\/wp-json\/wp\/v2\/types\/page"}],"author":[{"embeddable":true,"href":"https:\/\/www.immensiva.com\/ca\/wp-json\/wp\/v2\/users\/2"}],"replies":[{"embeddable":true,"href":"https:\/\/www.immensiva.com\/ca\/wp-json\/wp\/v2\/comments?post=9341"}],"version-history":[{"count":19,"href":"https:\/\/www.immensiva.com\/ca\/wp-json\/wp\/v2\/pages\/9341\/revisions"}],"predecessor-version":[{"id":12633,"href":"https:\/\/www.immensiva.com\/ca\/wp-json\/wp\/v2\/pages\/9341\/revisions\/12633"}],"wp:attachment":[{"href":"https:\/\/www.immensiva.com\/ca\/wp-json\/wp\/v2\/media?parent=9341"}],"curies":[{"name":"wp","href":"https:\/\/api.w.org\/{rel}","templated":true}]}}