{"id":13861,"date":"2026-01-27T14:28:11","date_gmt":"2026-01-27T13:28:11","guid":{"rendered":"https:\/\/www.immensiva.com\/immensiva-festival-2025-opening-exhibition\/"},"modified":"2026-01-30T14:34:03","modified_gmt":"2026-01-30T13:34:03","slug":"immensiva-festival-2025-opening-exhibition","status":"publish","type":"page","link":"https:\/\/www.immensiva.com\/es\/immensiva-festival-2025-opening-exhibition\/","title":{"rendered":"IMMENSIVA FESTIVAL 2025 Opening Exhibition"},"content":{"rendered":"<div class=\"wpb-content-wrapper\"><p>[vc_row][vc_column][\/vc_column][\/vc_row][vc_column][\/vc_column]<style>.ld_spacer_69f0c74625032{height:170px;}<\/style>\n<div class=\"ld-empty-space ld_spacer_69f0c74625032\"><span class=\"liquid_empty_space_inner\"><\/span><\/div><style>.ld_fancy_heading_69f0c74625137 .lqd-highlight-inner{height:0.275em;bottom:0px;}<\/style><div class=\"ld-fancy-heading text-center ld_fancy_heading_69f0c74625137\">\n\t<h1 class=\"lqd-highlight-underline lqd-highlight-grow-left\" ><span class=\"ld-fh-txt\"> <\/p>\n<h2>IMMENSIVA FESTIVAL 2025 Opening Exhibition<\/h2>\n<p><\/span><\/h1><\/div><style>.ld_spacer_69f0c746294d4{height:5px;}<\/style>\n<div class=\"ld-empty-space ld_spacer_69f0c746294d4\"><span class=\"liquid_empty_space_inner\"><\/span><\/div>[vc_row][vc_column][vc_single_image image=\u00bb13937&#8243; img_size=\u00bblarge\u00bb alignment=\u00bbcenter\u00bb css=\u00bb\u00bb][vc_column_text css=\u00bb\u00bb]ESPRONCEDA, Institute of Art and Culture presenta, el 4 de diciembre de 2025, de 18:00 a 21:30 h, la exposici\u00f3n inaugural de los proyectos de la residencia IMMENSIVA 2025, la muestra p\u00fablica final del programa de residencias inmersivas IMMENSIVA \u2014 XR Social Bricks. Con apertura al p\u00fablico el 5 de diciembre de 2025 \u00b7 18:00\u201320:00 h.<\/p>\n<p>La exposici\u00f3n re\u00fane una serie de proyectos XR desarrollados durante la residencia, que exploran la intersecci\u00f3n entre la realidad extendida, la inteligencia artificial, el cuerpo, la narrativa interactiva y la experiencia colectiva.<\/p>\n<p>IMMENSIVA 2025 reflexiona sobre c\u00f3mo las tecnolog\u00edas inmersivas pueden transformar la percepci\u00f3n del cuerpo humano, la identidad y la comunidad. A trav\u00e9s de diversas aproximaciones art\u00edsticas, la exposici\u00f3n propone el XR como una herramienta de investigaci\u00f3n cr\u00edtica, implicaci\u00f3n emocional e imaginaci\u00f3n compartida, situando los medios inmersivos dentro de contextos sociales y culturales m\u00e1s amplios.<\/p>\n<p>&nbsp;<\/p>\n<p><b>Programa de apertura<\/b><\/p>\n<p><span style=\"font-weight: 400;\">La velada de apertura se despliega en distintos momentos, invitando al p\u00fablico a experimentar los proyectos en di\u00e1logo entre s\u00ed:<\/span><\/p>\n<p><b>XR Preview: <\/b><b><i>Danses de Llum<\/i><\/b><span style=\"font-weight: 400;\"> \u2014 18:00<\/span><\/p>\n<p>Danses de Llum XR es un proyecto inmersivo independiente presentado como pieza especial dentro de la apertura de IMMENSIVA. Dise\u00f1ada para p\u00fablicos de todas las edades, esta experiencia de realidad aumentada invita a los participantes a explorar el patrimonio cultural catal\u00e1n a trav\u00e9s de la interacci\u00f3n coreogr\u00e1fica. Las danzas tradicionales \u2014 sardanes, jotes y balls de bastons \u2014 son reinterpretadas mediante coreograf\u00eda hologr\u00e1fica, IA adaptativa y movimiento participativo.<\/p>\n<p><span style=\"font-weight: 400;\">La obra crea un ritual colectivo que conecta tradici\u00f3n e innovaci\u00f3n, celebrando el ritmo, la inclusividad, el intercambio intergeneracional y la continuidad viva de la comunidad a trav\u00e9s de los medios inmersivos.<\/span><\/p>\n<p><span style=\"font-weight: 400;\"><br \/>\n<\/span><strong>Inauguraci\u00f3n exposici\u00f3n IMMENSIVA<\/strong> \u2014 19:00\u201321:30 h<\/p>\n<p>La apertura al p\u00fablico tendr\u00e1 lugar el 5 de diciembre, ofreciendo un acceso ampliado a la exposici\u00f3n y a las obras de los artistas.<\/p>\n<p>&nbsp;<\/p>\n<p><b>Sobre la exposici\u00f3n<\/b><\/p>\n<p><span style=\"font-weight: 400;\">La exposici\u00f3n IMMENSIVA 2025 presenta obras inmersivas que combinan entornos XR, elementos performativos, sonido y sistemas basados en IA. Los proyectos seleccionados investigan temas como la memoria corporal, la vulnerabilidad, la transformaci\u00f3n, la liminalidad y la relaci\u00f3n entre los espacios f\u00edsicos y virtuales. <\/span><\/p>\n<p>Desarrolladas en el marco de IMMENSIVA \u2014 XR Social Bricks, las obras ponen el acento en la colaboraci\u00f3n, la experimentaci\u00f3n y la investigaci\u00f3n interdisciplinar, destacando el XR como un medio de reflexi\u00f3n social y narrativa colectiva.<\/p>\n<p>&nbsp;<\/p>\n<p><b>Proyectos y artistas destacados<\/b><\/p>\n<p><b><i>Why does my body keep rooting?<\/i><\/b><b> \u2014 Natalia Cabrera &amp; Simone Garcia<\/b><\/p>\n<p><span style=\"font-weight: 400;\">Una experiencia XR multiusuario en la que los visitantes encarnan avatares h\u00edbridos entre humanos y plantas. La inmovilidad hace que sus cuerpos arraiguen en el suelo, conect\u00e1ndolos con el entorno y entre s\u00ed. El movimiento implica romper las propias ra\u00edces, revelando tensiones entre aislamiento, interdependencia e identidad posthumana. <\/span><\/p>\n<p><b>Let Me Feel Your Body \u2014 Aida Corcoy &amp; Pia Behmuaras<\/b><\/p>\n<p><span style=\"font-weight: 400;\">Una instalaci\u00f3n de realidad mixta que expone los sistemas de control impuestos sobre el cuerpo femenino. Los visitantes deben imitar fr\u00e1giles esculturas de vidrio para revelar escenas ocultas vinculadas al condicionamiento cultural. Cada gesto despliega narrativas duales \u2014 visibilidad frente a borrado, objetificaci\u00f3n frente a manipulaci\u00f3n \u2014 transformando la empat\u00eda en un acto f\u00edsico compartido y cuestionando la mirada social. <\/span><\/p>\n<p><b>Horizons of a Labyrinth \u2014 Aida Corcoy<\/b><\/p>\n<p>Un viaje inmersivo en VR que convierte un laberinto en una galer\u00eda digital de estados emocionales inspirados en el concepto de Samsara. Seis salas \u2014 ira, deseo, ignorancia, duda, envidia y orgullo \u2014 se transforman en met\u00e1foras espaciales de tensiones internas. El laberinto funciona como un mapa emocional que invita a los visitantes a navegar sus propios estados de conciencia.<\/p>\n<p><b>Entremedio \u2014 Ailin Bars<\/b><\/p>\n<p><span style=\"font-weight: 400;\">Una experiencia XR \u00edntima que explora la Transmutaci\u00f3n: el proceso mediante el cual el caos interno, el trauma y la lucha creativa se transforman en expresi\u00f3n art\u00edstica. Los visitantes acceden a la psique de la core\u00f3grafa\u2013directora\u2013flautista como un ecosistema sensorial vivo, donde el duelo, la par\u00e1lisis y la memoria se despliegan a trav\u00e9s de XR, sonido espacial y VFX. El espacio respira y se transforma, convirti\u00e9ndose en una extensi\u00f3n del mundo interior de la artista.<\/span><\/p>\n<p><b>The Bottle You Were Born In \/ Becoming the Unborn \u2014 Vladislav OSSSO<\/b><\/p>\n<p><span style=\"font-weight: 400;\">Una instalaci\u00f3n de VR y realidad mixta que investiga la vulnerabilidad y la identidad previa al nacimiento. Los espectadores alternan entre observar un embri\u00f3n sellado dentro de una botella de 19 litros y habitar su perspectiva mediante VR. Al contrastar puntos de vista tecnol\u00f3gicos, corporativos, naturales y humanos, la obra revela c\u00f3mo los marcos externos moldean la percepci\u00f3n y la identidad personal.<\/span><\/p>\n<p><span style=\"font-weight: 400;\">En conjunto, estos proyectos conforman una exploraci\u00f3n multifac\u00e9tica de la creaci\u00f3n inmersiva, ofreciendo al p\u00fablico un encuentro corporal con las pr\u00e1cticas XR contempor\u00e1neas y reflejando la profundidad, el rigor y la madurez art\u00edstica desarrolladas durante la residencia IMMENSIVA 2025.<\/span><\/p>\n<p>Puedes ver un resumen de los eventos del d\u00eda en nuestro canal de YouTube, as\u00ed como el v\u00eddeo completo del Festival IMMENSIVA <a href=\"https:\/\/www.youtube.com\/watch?v=O0cuAUSAmsA\">aqu\u00ed<\/a>.[\/vc_column_text]<style>.ld_spacer_69f0c746295c0{height:32px;}<\/style>\n<div class=\"ld-empty-space ld_spacer_69f0c746295c0\"><span class=\"liquid_empty_space_inner\"><\/span><\/div>[vc_gallery interval=\u00bb3&#8243; images=\u00bb13853,13850,13847,13844,13841&#8243; img_size=\u00bblarge\u00bb css=\u00bb\u00bb][\/vc_column][\/vc_row]<\/p>\n<\/div>","protected":false},"excerpt":{"rendered":"<p>[vc_row][vc_column][\/vc_column][\/vc_row][vc_column][\/vc_column][vc_row][vc_column][vc_single_image image=\u00bb13937&#8243; img_size=\u00bblarge\u00bb alignment=\u00bbcenter\u00bb css=\u00bb\u00bb][vc_column_text css=\u00bb\u00bb]ESPRONCEDA, Institute of Art and Culture presenta, el 4 de&#8230;<\/p>\n","protected":false},"author":2,"featured_media":0,"parent":0,"menu_order":0,"comment_status":"closed","ping_status":"closed","template":"","meta":{"footnotes":""},"featured_image_urls":{"full":"","thumbnail":"","medium":"","medium_large":"","large":"","1536x1536":"","2048x2048":"","awb_sm":"","awb_md":"","awb_lg":"","awb_xl":"","liquid-default-blog":"","liquid-standard-blog":"","liquid-featured-blog":"","liquid-rounded-blog":"","liquid-classic-meta-blog":"","liquid-classic-2-blog":"","liquid-grid":"","liquid-split-blog":"","liquid-classic-full-blog":"","liquid-metro-blog":"","liquid-timeline-blog":"","liquid-carousel-blog":"","liquid-square-blog":"","liquid-candy-blog":"","liquid-category-blog":"","liquid-cover-post":"","liquid-default-post":"","liquid-cover-spaced":"","liquid-masonry-shortest":"","liquid-masonry-short":"","liquid-masonry-tall":"","liquid-masonry-taller":"","liquid-medium":"","liquid-large":"","liquid-thumbnail":"","liquid-masonry-header-small":"","liquid-masonry-header-big":"","liquid-thumbnail-post":"","liquid-small-blog":"","liquid-related-post":"","liquid-portfolio":"","liquid-portfolio-sq":"","liquid-portfolio-big-sq":"","liquid-portfolio-portrait":"","liquid-portfolio-wide":"","liquid-packery-wide":"","liquid-packery-portrait":"","liquid-grid-hover-overlay":"","liquid-grid-hover-classic":"","liquid-grid-hover-3d":"","liquid-grid-caption":"","liquid-large-slider":"","liquid-widget":"","liquid-portfolio-vertical-overlay":""},"post_excerpt_stackable":"<p>[vc_row][vc_column][\/vc_column][\/vc_row][vc_column][\/vc_column] IMMENSIVA FESTIVAL 2025 Opening Exhibition [vc_row][vc_column][vc_single_image image=\u00bb13937&#8243; img_size=\u00bblarge\u00bb alignment=\u00bbcenter\u00bb css=\u00bb\u00bb][vc_column_text css=\u00bb\u00bb]ESPRONCEDA, Institute of Art and Culture presenta, el 4 de diciembre de 2025, de 18:00 a 21:30 h, la exposici\u00f3n inaugural de los proyectos de la residencia IMMENSIVA 2025, la muestra p\u00fablica final del programa de residencias inmersivas IMMENSIVA \u2014 XR Social Bricks. Con apertura al p\u00fablico el 5 de diciembre de 2025 \u00b7 18:00\u201320:00 h. La exposici\u00f3n re\u00fane una serie de proyectos XR desarrollados durante la residencia, que exploran la intersecci\u00f3n entre la realidad extendida, la inteligencia artificial, el cuerpo, la narrativa interactiva y la experiencia colectiva. IMMENSIVA&hellip;<\/p>\n","category_list":"","author_info":{"name":"vitor","url":"https:\/\/www.immensiva.com\/es\/author\/vitor\/"},"comments_num":"0 comentarios","yoast_head":"<!-- This site is optimized with the Yoast SEO plugin v22.5 - https:\/\/yoast.com\/wordpress\/plugins\/seo\/ -->\n<title>IMMENSIVA FESTIVAL 2025 - Exposici\u00f3n Inaugural<\/title>\n<meta name=\"description\" content=\"La presentaci\u00f3n p\u00fablica final del programa de residencia inmersiva IMMENSIVA \u2014 XR Social Bricks.\" \/>\n<meta name=\"robots\" content=\"index, follow, max-snippet:-1, max-image-preview:large, max-video-preview:-1\" \/>\n<link rel=\"canonical\" href=\"https:\/\/www.immensiva.com\/es\/immensiva-festival-2025-opening-exhibition\/\" \/>\n<meta property=\"og:locale\" content=\"es_ES\" \/>\n<meta property=\"og:type\" content=\"article\" \/>\n<meta property=\"og:title\" content=\"IMMENSIVA FESTIVAL 2025 - Exposici\u00f3n Inaugural\" \/>\n<meta property=\"og:description\" content=\"La presentaci\u00f3n p\u00fablica final del programa de residencia inmersiva IMMENSIVA \u2014 XR Social Bricks.\" \/>\n<meta property=\"og:url\" content=\"https:\/\/www.immensiva.com\/es\/immensiva-festival-2025-opening-exhibition\/\" \/>\n<meta property=\"og:site_name\" content=\"IMMENSIVA\" \/>\n<meta property=\"article:modified_time\" content=\"2026-01-30T13:34:03+00:00\" \/>\n<meta name=\"twitter:card\" content=\"summary_large_image\" \/>\n<meta name=\"twitter:label1\" content=\"Tiempo de lectura\" \/>\n\t<meta name=\"twitter:data1\" content=\"5 minutos\" \/>\n<script type=\"application\/ld+json\" class=\"yoast-schema-graph\">{\"@context\":\"https:\/\/schema.org\",\"@graph\":[{\"@type\":\"WebPage\",\"@id\":\"https:\/\/www.immensiva.com\/es\/immensiva-festival-2025-opening-exhibition\/\",\"url\":\"https:\/\/www.immensiva.com\/es\/immensiva-festival-2025-opening-exhibition\/\",\"name\":\"IMMENSIVA FESTIVAL 2025 - Exposici\u00f3n Inaugural\",\"isPartOf\":{\"@id\":\"https:\/\/www.immensiva.com\/#website\"},\"datePublished\":\"2026-01-27T13:28:11+00:00\",\"dateModified\":\"2026-01-30T13:34:03+00:00\",\"description\":\"La presentaci\u00f3n p\u00fablica final del programa de residencia inmersiva IMMENSIVA \u2014 XR Social Bricks.\",\"breadcrumb\":{\"@id\":\"https:\/\/www.immensiva.com\/es\/immensiva-festival-2025-opening-exhibition\/#breadcrumb\"},\"inLanguage\":\"es\",\"potentialAction\":[{\"@type\":\"ReadAction\",\"target\":[\"https:\/\/www.immensiva.com\/es\/immensiva-festival-2025-opening-exhibition\/\"]}]},{\"@type\":\"BreadcrumbList\",\"@id\":\"https:\/\/www.immensiva.com\/es\/immensiva-festival-2025-opening-exhibition\/#breadcrumb\",\"itemListElement\":[{\"@type\":\"ListItem\",\"position\":1,\"name\":\"Home\",\"item\":\"https:\/\/www.immensiva.com\/es\/\"},{\"@type\":\"ListItem\",\"position\":2,\"name\":\"IMMENSIVA FESTIVAL 2025 Opening Exhibition\"}]},{\"@type\":\"WebSite\",\"@id\":\"https:\/\/www.immensiva.com\/#website\",\"url\":\"https:\/\/www.immensiva.com\/\",\"name\":\"IMMENSIVA\",\"description\":\"Focusing on VR, AR, XR art &amp; AI art\",\"potentialAction\":[{\"@type\":\"SearchAction\",\"target\":{\"@type\":\"EntryPoint\",\"urlTemplate\":\"https:\/\/www.immensiva.com\/?s={search_term_string}\"},\"query-input\":\"required name=search_term_string\"}],\"inLanguage\":\"es\"}]}<\/script>\n<!-- \/ Yoast SEO plugin. -->","yoast_head_json":{"title":"IMMENSIVA FESTIVAL 2025 - Exposici\u00f3n Inaugural","description":"La presentaci\u00f3n p\u00fablica final del programa de residencia inmersiva IMMENSIVA \u2014 XR Social Bricks.","robots":{"index":"index","follow":"follow","max-snippet":"max-snippet:-1","max-image-preview":"max-image-preview:large","max-video-preview":"max-video-preview:-1"},"canonical":"https:\/\/www.immensiva.com\/es\/immensiva-festival-2025-opening-exhibition\/","og_locale":"es_ES","og_type":"article","og_title":"IMMENSIVA FESTIVAL 2025 - Exposici\u00f3n Inaugural","og_description":"La presentaci\u00f3n p\u00fablica final del programa de residencia inmersiva IMMENSIVA \u2014 XR Social Bricks.","og_url":"https:\/\/www.immensiva.com\/es\/immensiva-festival-2025-opening-exhibition\/","og_site_name":"IMMENSIVA","article_modified_time":"2026-01-30T13:34:03+00:00","twitter_card":"summary_large_image","twitter_misc":{"Tiempo de lectura":"5 minutos"},"schema":{"@context":"https:\/\/schema.org","@graph":[{"@type":"WebPage","@id":"https:\/\/www.immensiva.com\/es\/immensiva-festival-2025-opening-exhibition\/","url":"https:\/\/www.immensiva.com\/es\/immensiva-festival-2025-opening-exhibition\/","name":"IMMENSIVA FESTIVAL 2025 - Exposici\u00f3n Inaugural","isPartOf":{"@id":"https:\/\/www.immensiva.com\/#website"},"datePublished":"2026-01-27T13:28:11+00:00","dateModified":"2026-01-30T13:34:03+00:00","description":"La presentaci\u00f3n p\u00fablica final del programa de residencia inmersiva IMMENSIVA \u2014 XR Social Bricks.","breadcrumb":{"@id":"https:\/\/www.immensiva.com\/es\/immensiva-festival-2025-opening-exhibition\/#breadcrumb"},"inLanguage":"es","potentialAction":[{"@type":"ReadAction","target":["https:\/\/www.immensiva.com\/es\/immensiva-festival-2025-opening-exhibition\/"]}]},{"@type":"BreadcrumbList","@id":"https:\/\/www.immensiva.com\/es\/immensiva-festival-2025-opening-exhibition\/#breadcrumb","itemListElement":[{"@type":"ListItem","position":1,"name":"Home","item":"https:\/\/www.immensiva.com\/es\/"},{"@type":"ListItem","position":2,"name":"IMMENSIVA FESTIVAL 2025 Opening Exhibition"}]},{"@type":"WebSite","@id":"https:\/\/www.immensiva.com\/#website","url":"https:\/\/www.immensiva.com\/","name":"IMMENSIVA","description":"Focusing on VR, AR, XR art &amp; AI art","potentialAction":[{"@type":"SearchAction","target":{"@type":"EntryPoint","urlTemplate":"https:\/\/www.immensiva.com\/?s={search_term_string}"},"query-input":"required name=search_term_string"}],"inLanguage":"es"}]}},"_links":{"self":[{"href":"https:\/\/www.immensiva.com\/es\/wp-json\/wp\/v2\/pages\/13861"}],"collection":[{"href":"https:\/\/www.immensiva.com\/es\/wp-json\/wp\/v2\/pages"}],"about":[{"href":"https:\/\/www.immensiva.com\/es\/wp-json\/wp\/v2\/types\/page"}],"author":[{"embeddable":true,"href":"https:\/\/www.immensiva.com\/es\/wp-json\/wp\/v2\/users\/2"}],"replies":[{"embeddable":true,"href":"https:\/\/www.immensiva.com\/es\/wp-json\/wp\/v2\/comments?post=13861"}],"version-history":[{"count":10,"href":"https:\/\/www.immensiva.com\/es\/wp-json\/wp\/v2\/pages\/13861\/revisions"}],"predecessor-version":[{"id":13967,"href":"https:\/\/www.immensiva.com\/es\/wp-json\/wp\/v2\/pages\/13861\/revisions\/13967"}],"wp:attachment":[{"href":"https:\/\/www.immensiva.com\/es\/wp-json\/wp\/v2\/media?parent=13861"}],"curies":[{"name":"wp","href":"https:\/\/api.w.org\/{rel}","templated":true}]}}