{"id":13877,"date":"2026-01-27T15:50:24","date_gmt":"2026-01-27T14:50:24","guid":{"rendered":"https:\/\/www.immensiva.com\/immensiva-day-2025\/"},"modified":"2026-01-28T10:27:09","modified_gmt":"2026-01-28T09:27:09","slug":"immensiva-day-2025","status":"publish","type":"page","link":"https:\/\/www.immensiva.com\/es\/immensiva-day-2025\/","title":{"rendered":"IMMENSIVA DAY 2025"},"content":{"rendered":"<div class=\"wpb-content-wrapper\"><p>[vc_row][vc_column][\/vc_column][\/vc_row][vc_column][\/vc_column]<style>.ld_spacer_69f0c7f4a5c78{height:170px;}<\/style>\n<div class=\"ld-empty-space ld_spacer_69f0c7f4a5c78\"><span class=\"liquid_empty_space_inner\"><\/span><\/div><style>.ld_fancy_heading_69f0c7f4a5db4 .lqd-highlight-inner{height:0.275em;bottom:0px;}<\/style><div class=\"ld-fancy-heading text-center ld_fancy_heading_69f0c7f4a5db4\">\n\t<h1 class=\"lqd-highlight-underline lqd-highlight-grow-left\" ><span class=\"ld-fh-txt\"> <\/p>\n<h2><b>IMMENSIVA DAY 2025: Immersive Creators Meetup<\/b><\/h2>\n<p><\/span><\/h1><\/div><style>.ld_spacer_69f0c7f4ab42e{height:5px;}<\/style>\n<div class=\"ld-empty-space ld_spacer_69f0c7f4ab42e\"><span class=\"liquid_empty_space_inner\"><\/span><\/div>[vc_row][vc_column][vc_single_image image=\u00bb13924&#8243; img_size=\u00bblarge\u00bb alignment=\u00bbcenter\u00bb css=\u00bb\u00bb][vc_column_text css=\u00bb\u00bb]En el marco de <strong>IMMENSIVA 2025 \u2014 BLOQUES SOCIALES XR, ESPRONCEDA, Institute of Art &amp; Culture<\/strong> present\u00f3 la quinta edici\u00f3n de <strong>IMMENSIVA Day<\/strong>. Este evento tuvo lugar dentro del marco del <strong>Immersive Creative Meet Up<\/strong>, como una <strong>jornada de networking para profesionales y creadores XR<\/strong>.<\/p>\n<p><span style=\"font-weight: 400;\">Organizado por los residentes de IMMENSIVA junto con el equipo de ESPRONCEDA, el evento abri\u00f3 a las 18:00 h del pasado 3 de Diciembre del 2025, dando la bienvenida a dise\u00f1adores XR, desarrolladores, artistas 3D, investigadores y narradores para una velada dedicada al intercambio, la experimentaci\u00f3n y la colaboraci\u00f3n. IMMENSIVA Day se ha consolidado como un punto de encuentro recurrente para la comunidad inmersiva internacional. El evento ofrece un entorno distendido pero de alta energ\u00eda, donde las pr\u00e1cticas inmersivas se comparten en proceso y se debaten colectivamente, fortaleciendo los v\u00ednculos entre la investigaci\u00f3n art\u00edstica, la innovaci\u00f3n tecnol\u00f3gica y el compromiso social. <\/span><\/p>\n<p>&nbsp;<\/p>\n<p><b>Networking y encuentro de creadores<\/b><\/p>\n<p>IMMENSIVA Day es m\u00e1s que un meetup: es un espacio vibrante para voces emergentes y consolidadas que trabajan en el \u00e1mbito del arte y la tecnolog\u00eda inmersiva. La edici\u00f3n 2025 mostr\u00f3 proyectos desarrollados dentro de <strong>IMMENSIVA 2025<\/strong>, ofreciendo a las personas asistentes la oportunidad de experimentar prototipos, intercambiar ideas y participar directamente en los procesos creativos detr\u00e1s de obras de XR, IA y medios interactivos.<\/p>\n<p><span style=\"font-weight: 400;\">El encuentro foment\u00f3 el di\u00e1logo informal y el aprendizaje entre pares, impulsando nuevas colaboraciones y abriendo caminos hacia futuros proyectos, residencias y alianzas. Al reunir a creadores locales e internacionales, IMMENSIVA Day reforz\u00f3 su papel como catalizador para la construcci\u00f3n de comunidad dentro del ecosistema de las artes inmersivas. <\/span><\/p>\n<p>&nbsp;<\/p>\n<p><b>Sobre el evento<\/b><\/p>\n<p><span style=\"font-weight: 400;\">Concebido como un momento p\u00fablico dentro del programa IMMENSIVA, IMMENSIVA Day da visibilidad a la investigaci\u00f3n de los residentes y, al mismo tiempo, crea una plataforma abierta para la experimentaci\u00f3n y el intercambio interdisciplinar. En el contexto de IMMENSIVA 2025 \u2014 Bloques Sociales XR, el evento se centr\u00f3 en c\u00f3mo las tecnolog\u00edas inmersivas pueden contribuir a la reflexi\u00f3n social, la imaginaci\u00f3n colectiva y nuevas formas de producci\u00f3n cultural. <\/span><\/p>\n<p><span style=\"font-weight: 400;\">A trav\u00e9s de presentaciones, debates y exploraci\u00f3n pr\u00e1ctica, el encuentro puso en valor la colaboraci\u00f3n, la inclusividad y el intercambio de conocimiento como valores fundamentales de la red IMMENSIVA.<\/span><\/p>\n<p>&nbsp;<\/p>\n<p><b>Artistas y organizaci\u00f3n<\/b><\/p>\n<p>IMMENSIVA Day 2025 reuni\u00f3 a los artistas <strong>residentes de IMMENSIVA y al equipo de ESPRONCEDA<\/strong>, reflejando el compromiso del programa con la diversidad y la pr\u00e1ctica interdisciplinar.<\/p>\n<p>&nbsp;<\/p>\n<p><b>Equipo ESPRONCEDA<\/b><\/p>\n<p><strong>Kris Pilcher<\/strong> \u2014 Trabajando en la intersecci\u00f3n entre XR, IA y estrategia cultural, apoyando a los artistas en el desarrollo de proyectos inmersivos innovadores.<\/p>\n<p><strong>Dani Gonzalez Franco<\/strong> \u2014 Especializado en producci\u00f3n de arte digital y experiencias XR, facilitando residencias interdisciplinarias y colaboraciones entre artistas, investigadores e instituciones culturales.<\/p>\n<p>&nbsp;<\/p>\n<p><b>Residentes IMMENSIVA 2025<\/b><\/p>\n<p><strong>Natalia Cabrera<\/strong> \u2014 Artista de medios, cineasta y educadora de Chile, que explora la ecolog\u00eda y las tecnolog\u00edas emergentes a trav\u00e9s de narrativas XR interactivas.<\/p>\n<p><strong>Simone Garcia<\/strong> \u2014 Artista digital de Cuba, que fusiona simbolismo, mitolog\u00eda y erotismo queer en medios inmersivos.<\/p>\n<p><strong>Aida Corcoy<\/strong> \u2014 Artista digital que investiga la identidad, los alter egos y la autoconciencia mediante IA, 3D y realidad aumentada.<\/p>\n<p><strong>Pia Behmuaras<\/strong> \u2014 Dise\u00f1adora de experiencias inmersivas centrada en las dimensiones emocionales y terap\u00e9uticas del XR.<\/p>\n<p><strong>Nancy El Azzi<\/strong> \u2014 Artista visual y directora de arte del L\u00edbano, que combina gr\u00e1ficos, sonido y visuales en tiempo real para explorar el caos digital y la emoci\u00f3n.<\/p>\n<p><strong>Ailin Bars<\/strong> \u2014 Directora interdisciplinar de Buenos Aires, que explora el g\u00e9nero, la sociolog\u00eda y el medio ambiente a trav\u00e9s de instalaciones performativas y pel\u00edculas.<\/p>\n<p><strong>Vladislav OSSSO<\/strong> \u2014 Artista afincado en Barcelona que investiga la tensi\u00f3n entre los espacios f\u00edsicos y virtuales, explorando la percepci\u00f3n y la autenticidad a trav\u00e9s del arte y la IA.<\/p>\n<p>Puedes ver un resumen de los eventos del d\u00eda en nuestro canal de YouTube.[\/vc_column_text]<style>.ld_spacer_69f0c7f4ab515{height:32px;}<\/style>\n<div class=\"ld-empty-space ld_spacer_69f0c7f4ab515\"><span class=\"liquid_empty_space_inner\"><\/span><\/div>[vc_gallery interval=\u00bb3&#8243; images=\u00bb13811,13832,13829,13826,13823,13820,13817,13814&#8243; img_size=\u00bblarge\u00bb css=\u00bb\u00bb][\/vc_column][\/vc_row]<\/p>\n<\/div>","protected":false},"excerpt":{"rendered":"<p>[vc_row][vc_column][\/vc_column][\/vc_row][vc_column][\/vc_column][vc_row][vc_column][vc_single_image image=\u00bb13924&#8243; img_size=\u00bblarge\u00bb alignment=\u00bbcenter\u00bb css=\u00bb\u00bb][vc_column_text css=\u00bb\u00bb]En el marco de IMMENSIVA 2025 \u2014 BLOQUES SOCIALES XR,&#8230;<\/p>\n","protected":false},"author":2,"featured_media":0,"parent":0,"menu_order":0,"comment_status":"closed","ping_status":"closed","template":"","meta":{"footnotes":""},"featured_image_urls":{"full":"","thumbnail":"","medium":"","medium_large":"","large":"","1536x1536":"","2048x2048":"","awb_sm":"","awb_md":"","awb_lg":"","awb_xl":"","liquid-default-blog":"","liquid-standard-blog":"","liquid-featured-blog":"","liquid-rounded-blog":"","liquid-classic-meta-blog":"","liquid-classic-2-blog":"","liquid-grid":"","liquid-split-blog":"","liquid-classic-full-blog":"","liquid-metro-blog":"","liquid-timeline-blog":"","liquid-carousel-blog":"","liquid-square-blog":"","liquid-candy-blog":"","liquid-category-blog":"","liquid-cover-post":"","liquid-default-post":"","liquid-cover-spaced":"","liquid-masonry-shortest":"","liquid-masonry-short":"","liquid-masonry-tall":"","liquid-masonry-taller":"","liquid-medium":"","liquid-large":"","liquid-thumbnail":"","liquid-masonry-header-small":"","liquid-masonry-header-big":"","liquid-thumbnail-post":"","liquid-small-blog":"","liquid-related-post":"","liquid-portfolio":"","liquid-portfolio-sq":"","liquid-portfolio-big-sq":"","liquid-portfolio-portrait":"","liquid-portfolio-wide":"","liquid-packery-wide":"","liquid-packery-portrait":"","liquid-grid-hover-overlay":"","liquid-grid-hover-classic":"","liquid-grid-hover-3d":"","liquid-grid-caption":"","liquid-large-slider":"","liquid-widget":"","liquid-portfolio-vertical-overlay":""},"post_excerpt_stackable":"<p>[vc_row][vc_column][\/vc_column][\/vc_row][vc_column][\/vc_column] IMMENSIVA DAY 2025: Immersive Creators Meetup [vc_row][vc_column][vc_single_image image=\u00bb13924&#8243; img_size=\u00bblarge\u00bb alignment=\u00bbcenter\u00bb css=\u00bb\u00bb][vc_column_text css=\u00bb\u00bb]En el marco de IMMENSIVA 2025 \u2014 BLOQUES SOCIALES XR, ESPRONCEDA, Institute of Art &amp; Culture present\u00f3 la quinta edici\u00f3n de IMMENSIVA Day. Este evento tuvo lugar dentro del marco del Immersive Creative Meet Up, como una jornada de networking para profesionales y creadores XR. Organizado por los residentes de IMMENSIVA junto con el equipo de ESPRONCEDA, el evento abri\u00f3 a las 18:00 h del pasado 3 de Diciembre del 2025, dando la bienvenida a dise\u00f1adores XR, desarrolladores, artistas 3D, investigadores y narradores para una velada dedicada al&hellip;<\/p>\n","category_list":"","author_info":{"name":"vitor","url":"https:\/\/www.immensiva.com\/es\/author\/vitor\/"},"comments_num":"0 comentarios","yoast_head":"<!-- This site is optimized with the Yoast SEO plugin v22.5 - https:\/\/yoast.com\/wordpress\/plugins\/seo\/ -->\n<title>Immensiva Day 2025<\/title>\n<meta name=\"description\" content=\"Este evento tuvo lugar en el marco del Immersive Creative Meet Up, como una jornada de networking para profesionales y creadores de XR.\" \/>\n<meta name=\"robots\" content=\"index, follow, max-snippet:-1, max-image-preview:large, max-video-preview:-1\" \/>\n<link rel=\"canonical\" href=\"https:\/\/www.immensiva.com\/es\/immensiva-day-2025\/\" \/>\n<meta property=\"og:locale\" content=\"es_ES\" \/>\n<meta property=\"og:type\" content=\"article\" \/>\n<meta property=\"og:title\" content=\"Immensiva Day 2025\" \/>\n<meta property=\"og:description\" content=\"Este evento tuvo lugar en el marco del Immersive Creative Meet Up, como una jornada de networking para profesionales y creadores de XR.\" \/>\n<meta property=\"og:url\" content=\"https:\/\/www.immensiva.com\/es\/immensiva-day-2025\/\" \/>\n<meta property=\"og:site_name\" content=\"IMMENSIVA\" \/>\n<meta property=\"article:modified_time\" content=\"2026-01-28T09:27:09+00:00\" \/>\n<meta name=\"twitter:card\" content=\"summary_large_image\" \/>\n<meta name=\"twitter:label1\" content=\"Tiempo de lectura\" \/>\n\t<meta name=\"twitter:data1\" content=\"3 minutos\" \/>\n<script type=\"application\/ld+json\" class=\"yoast-schema-graph\">{\"@context\":\"https:\/\/schema.org\",\"@graph\":[{\"@type\":\"WebPage\",\"@id\":\"https:\/\/www.immensiva.com\/es\/immensiva-day-2025\/\",\"url\":\"https:\/\/www.immensiva.com\/es\/immensiva-day-2025\/\",\"name\":\"Immensiva Day 2025\",\"isPartOf\":{\"@id\":\"https:\/\/www.immensiva.com\/#website\"},\"datePublished\":\"2026-01-27T14:50:24+00:00\",\"dateModified\":\"2026-01-28T09:27:09+00:00\",\"description\":\"Este evento tuvo lugar en el marco del Immersive Creative Meet Up, como una jornada de networking para profesionales y creadores de XR.\",\"breadcrumb\":{\"@id\":\"https:\/\/www.immensiva.com\/es\/immensiva-day-2025\/#breadcrumb\"},\"inLanguage\":\"es\",\"potentialAction\":[{\"@type\":\"ReadAction\",\"target\":[\"https:\/\/www.immensiva.com\/es\/immensiva-day-2025\/\"]}]},{\"@type\":\"BreadcrumbList\",\"@id\":\"https:\/\/www.immensiva.com\/es\/immensiva-day-2025\/#breadcrumb\",\"itemListElement\":[{\"@type\":\"ListItem\",\"position\":1,\"name\":\"Home\",\"item\":\"https:\/\/www.immensiva.com\/es\/\"},{\"@type\":\"ListItem\",\"position\":2,\"name\":\"IMMENSIVA DAY 2025\"}]},{\"@type\":\"WebSite\",\"@id\":\"https:\/\/www.immensiva.com\/#website\",\"url\":\"https:\/\/www.immensiva.com\/\",\"name\":\"IMMENSIVA\",\"description\":\"Focusing on VR, AR, XR art &amp; AI art\",\"potentialAction\":[{\"@type\":\"SearchAction\",\"target\":{\"@type\":\"EntryPoint\",\"urlTemplate\":\"https:\/\/www.immensiva.com\/?s={search_term_string}\"},\"query-input\":\"required name=search_term_string\"}],\"inLanguage\":\"es\"}]}<\/script>\n<!-- \/ Yoast SEO plugin. -->","yoast_head_json":{"title":"Immensiva Day 2025","description":"Este evento tuvo lugar en el marco del Immersive Creative Meet Up, como una jornada de networking para profesionales y creadores de XR.","robots":{"index":"index","follow":"follow","max-snippet":"max-snippet:-1","max-image-preview":"max-image-preview:large","max-video-preview":"max-video-preview:-1"},"canonical":"https:\/\/www.immensiva.com\/es\/immensiva-day-2025\/","og_locale":"es_ES","og_type":"article","og_title":"Immensiva Day 2025","og_description":"Este evento tuvo lugar en el marco del Immersive Creative Meet Up, como una jornada de networking para profesionales y creadores de XR.","og_url":"https:\/\/www.immensiva.com\/es\/immensiva-day-2025\/","og_site_name":"IMMENSIVA","article_modified_time":"2026-01-28T09:27:09+00:00","twitter_card":"summary_large_image","twitter_misc":{"Tiempo de lectura":"3 minutos"},"schema":{"@context":"https:\/\/schema.org","@graph":[{"@type":"WebPage","@id":"https:\/\/www.immensiva.com\/es\/immensiva-day-2025\/","url":"https:\/\/www.immensiva.com\/es\/immensiva-day-2025\/","name":"Immensiva Day 2025","isPartOf":{"@id":"https:\/\/www.immensiva.com\/#website"},"datePublished":"2026-01-27T14:50:24+00:00","dateModified":"2026-01-28T09:27:09+00:00","description":"Este evento tuvo lugar en el marco del Immersive Creative Meet Up, como una jornada de networking para profesionales y creadores de XR.","breadcrumb":{"@id":"https:\/\/www.immensiva.com\/es\/immensiva-day-2025\/#breadcrumb"},"inLanguage":"es","potentialAction":[{"@type":"ReadAction","target":["https:\/\/www.immensiva.com\/es\/immensiva-day-2025\/"]}]},{"@type":"BreadcrumbList","@id":"https:\/\/www.immensiva.com\/es\/immensiva-day-2025\/#breadcrumb","itemListElement":[{"@type":"ListItem","position":1,"name":"Home","item":"https:\/\/www.immensiva.com\/es\/"},{"@type":"ListItem","position":2,"name":"IMMENSIVA DAY 2025"}]},{"@type":"WebSite","@id":"https:\/\/www.immensiva.com\/#website","url":"https:\/\/www.immensiva.com\/","name":"IMMENSIVA","description":"Focusing on VR, AR, XR art &amp; AI art","potentialAction":[{"@type":"SearchAction","target":{"@type":"EntryPoint","urlTemplate":"https:\/\/www.immensiva.com\/?s={search_term_string}"},"query-input":"required name=search_term_string"}],"inLanguage":"es"}]}},"_links":{"self":[{"href":"https:\/\/www.immensiva.com\/es\/wp-json\/wp\/v2\/pages\/13877"}],"collection":[{"href":"https:\/\/www.immensiva.com\/es\/wp-json\/wp\/v2\/pages"}],"about":[{"href":"https:\/\/www.immensiva.com\/es\/wp-json\/wp\/v2\/types\/page"}],"author":[{"embeddable":true,"href":"https:\/\/www.immensiva.com\/es\/wp-json\/wp\/v2\/users\/2"}],"replies":[{"embeddable":true,"href":"https:\/\/www.immensiva.com\/es\/wp-json\/wp\/v2\/comments?post=13877"}],"version-history":[{"count":6,"href":"https:\/\/www.immensiva.com\/es\/wp-json\/wp\/v2\/pages\/13877\/revisions"}],"predecessor-version":[{"id":13927,"href":"https:\/\/www.immensiva.com\/es\/wp-json\/wp\/v2\/pages\/13877\/revisions\/13927"}],"wp:attachment":[{"href":"https:\/\/www.immensiva.com\/es\/wp-json\/wp\/v2\/media?parent=13877"}],"curies":[{"name":"wp","href":"https:\/\/api.w.org\/{rel}","templated":true}]}}