{"id":9866,"date":"2021-06-15T15:11:38","date_gmt":"2021-06-15T13:11:38","guid":{"rendered":"https:\/\/www.immensiva.com\/?page_id=9866"},"modified":"2024-04-18T11:38:04","modified_gmt":"2024-04-18T09:38:04","slug":"immensiva-festival-2021","status":"publish","type":"page","link":"https:\/\/www.immensiva.com\/es\/immensiva-festival-2021\/","title":{"rendered":"IMMENSIVA FESTIVAL 2021"},"content":{"rendered":"<div class=\"wpb-content-wrapper\"><p>[vc_row][vc_column]<style>.ld_spacer_69f39e1353656{height:200px;}<\/style>\n<div class=\"ld-empty-space ld_spacer_69f39e1353656\"><span class=\"liquid_empty_space_inner\"><\/span><\/div>[vc_single_image image=\u00bb12170&#8243; img_size=\u00bblarge\u00bb alignment=\u00bbcenter\u00bb css=\u00bb\u00bb][\/vc_column][\/vc_row][vc_row][vc_column][vc_column_text]<strong>ESPRONCEDA \u2013 Institute of Art &amp; Culture<\/strong>, a trav\u00e9s de su plataforma <strong>IMMENSIVA<\/strong>, organiza de nuevo en Barcelona un fant\u00e1stico Festival en que se combinan residencias creativas internacionales, exposiciones de artistas que trabajan con tecnolog\u00edas avanzadas, colaboraci\u00f3n con festivales internacionales y laboratorios de participaci\u00f3n ciudadana de co-creaci\u00f3n de proyectos interdisciplinares en Arte, Ciencia, Tecnolog\u00eda y Humanismo.<\/p>\n<p>A pesar de que la pandemia Covid sigue estando presente este a\u00f1o 2021, esto no ha disminuido la energ\u00eda de Espronceda\/ IMMENSIVA para generar nuevas alianzas internacionales y locales con el fin de crear actividades y oportunidades para los artistas, creativos, \u201ccoders\u201d, dise\u00f1adores, \u201cmakers\u201d y ciudadanos.<\/p>\n<p>Como el a\u00f1o pasado IMMENSIVA FESTIVAL 2021 es un evento expandido en el tiempo, comenzado el mes de Mayo 2021 y finalizando en Noviembre 2021.<\/p>\n<p>&nbsp;<\/p>\n<p>El programa se resume a continuaci\u00f3n:<\/p>\n<p><span style=\"color: #2555e8;\"><strong>IMMENSATHON, into the human labyrinth. Del 3 al 16 de Mayo 2021<\/strong><\/span><\/p>\n<p>A trav\u00e9s de una convocatoria para dise\u00f1adores, makers, artistas, creativos, coders y ciudadanos, se organizan un Worldlab y Hacklab. En la primera fase dise\u00f1adores y makers colaboran para crear un espacio f\u00edsico inmersivo, siguiendo los valores humanos de la convocatoria y los objetivos de la iniciativa New European Bauhaus.<\/p>\n<p>El hacklab se inicia el d\u00eda 14 de Mayo con una conferencia de inspiraci\u00f3n a cargo de Andreu Belsunces y un worshop del Teatro de los Sentidos. El proceso de co-creaci\u00f3n durante el fin de semana ser\u00e1 coordinado en colaboraci\u00f3n por Garage Stories y Be another Lab.<\/p>\n<p>&nbsp;<\/p>\n<p><span style=\"color: #2555e8;\"><strong>IMMENSIVA International residences 2021. Del 1 de Mayo al 20 de Junio 2021<\/strong><\/span><\/p>\n<p>Siguiendo la colaboraci\u00f3n con socios internacionales: universidades, centros de arte y profesionales destacados, y este a\u00f1o ampliando la red\/ network, se ha organizado un proceso de pre-residencias en 12 ciudades internacionales: Barcelona, Paris, Londres, Mil\u00e1n, Istanbul, Innsbruck, Helsinki, Rotterdam, Montreal, NYC, Atlanta y Los Angeles. Durante el periodo del 1 al 15 de Mayo, los artistas seleccionados en el Open Call podr\u00e1n participar online en tres workshops sobre Sonido creativo\/ 3D (IRCAM), sonido e inteligencia artificial (Sussex University) y tecnolog\u00edas interactivas e immersivas (Kimatica Studios), as\u00ed mismo los artistas participar\u00e1n en una plataforma VR colaborativa dise\u00f1ada por IMMENSIVA para ser residencia virtual para artistas. Paralelamente, en cada ciudad los artistas tendr\u00e1n un contacto\/ mentor que les asistir\u00e1 en la ideaci\u00f3n de sus proyectos y tambi\u00e9n los acompa\u00f1ar\u00e1 a los laboratorios creativos colaboradores.<\/p>\n<p>La segunda fase de la residencia es en Barcelona, del 17 de Mayo al 20 de Junio.<\/p>\n<p>Durante este periodo se organizan de nuevo workshops en directo de Sonido creativo\/3D sound por IRCAM (Centre Pompidou) y en tecnolog\u00edas interactivas e inmersivas (Kim\u00e1tica Studios).\u00a0 As\u00ed mismo asistir\u00e1n al os AI4Future days, organizados en marco del proyecto europeo del mismo nombre y que tendr\u00e1 lugar el 3 y 4 de Junio con workshops y mesas redondas sobre inteligencia artificial y creaci\u00f3n de mundos, en colaboraci\u00f3n con la UPC, as\u00ed mismo como una jornada dedicada a <strong>New European Bauhaus <\/strong>con representantes institucionales, artistas y expertos, finalizando con un workshop\/ think tank de activismo en temas sociales de proyectos realizados en Barcelona, organizado por en colaboraci\u00f3n con Transit Projectes. Durante esa semana el artista Refik Anadol expone en nuestro espacio la obra \u201cMelting Memories\u201d, generada por inteligencia artificial y usando datos de se\u00f1ales el\u00e9ctricas cerebrales obtenidas por Neurescape Laboratory. https:\/\/refikanadol.com\/works\/melting-memories\/<\/p>\n<p>Adicionalmente, los residentes asistir\u00e1n a los Festivales de realidad virtual que acoge Espronceda: XR3 (Cannes, Tribeca y New Images) del 9 al 20 de Junio y el espect\u00e1culo de danza en realidad virtual y tiempo real desde diferentes ciudades: <strong>La Comedie Virtuelle de Gilles Jobin Cia<\/strong>, 12,13, 19 y 20 de Junio.<\/p>\n<p>Los artistas trabajar\u00e1n en equipo de 2, 3 o 4 personas, y al final de la residencia realizar\u00e1n una exposici\u00f3n de los prototipos y los proyectos realizados que se inagura el d\u00eda 22 de Junio, en exposici\u00f3n hasta el 30 de Junio.<\/p>\n<p>&nbsp;<\/p>\n<p><span style=\"color: #2555e8;\"><strong>IMMENSIVA &amp; FESTIVALES INTERNACIONALES DE REALIDAD VIRTUAL<\/strong><\/span><\/p>\n<p>Durante el periodo de IMMENSIVA FESTIVAL 2021 se mostrar\u00e1n en Espronceda, sat\u00e9lite asociado de varios prestigiosos festivales, la selecci\u00f3n de los mejores trabajos art\u00edsticos y creativos realizados en realidad virtual:<\/p>\n<p><strong>Festival XR3<\/strong> ( Cannes XR, Tribeca y New Images) del 9 al 20 de Junio, y del 6 al 15 de Julio 2021.<\/p>\n<p><strong>Festival Venice VR<\/strong> (78th Venice International Film Festival, Venice Biennale):\u00a0 1 al 19 de Septiembre 2021.<\/p>\n<p><strong>Festival Galaxy<\/strong>. Creaci\u00f3n en VR. Noviembre 2021. Fechas a concretar.<\/p>\n<p>&nbsp;<\/p>\n<p><span style=\"color: #2555e8;\"><strong>IMMENSIVA &amp; SUMMER SESSIONS<\/strong><\/span><\/p>\n<p>La generaci\u00f3n de sinergias con otras instituciones es la base de la actividad de Espronceda \/ Immensiva. As\u00ed este a\u00f1o incluimos en agosto tres semanas de residencia internacional en cooperaci\u00f3n con Summer Sessions organizado por V2 Rotterdam.<\/p>\n<blockquote class=\"wp-embedded-content\" data-secret=\"14MU8TvMIj\"><p><a href=\"https:\/\/summersessions.net\/\">Home<\/a><\/p><\/blockquote>\n<p><iframe class=\"wp-embedded-content lazyload\" sandbox=\"allow-scripts\" security=\"restricted\" style=\"position: absolute; clip: rect(1px, 1px, 1px, 1px);\" title=\"&#8220;Home&#8221; &#8212; Summersessions\" data-src=\"https:\/\/summersessions.net\/embed\/#?secret=6ffW4QSVBi#?secret=14MU8TvMIj\" data-secret=\"14MU8TvMIj\" width=\"600\" height=\"338\" frameborder=\"0\" marginwidth=\"0\" marginheight=\"0\" scrolling=\"no\" src=\"data:image\/gif;base64,R0lGODlhAQABAAAAACH5BAEKAAEALAAAAAABAAEAAAICTAEAOw==\" data-load-mode=\"1\"><\/iframe><\/p>\n<p>&nbsp;<\/p>\n<p><span style=\"color: #2555e8;\"><strong>IMMENSIVA &amp; ARS ELECTRONICA 2021<\/strong><\/span><\/p>\n<p>Este a\u00f1o el festival internacional Ars Electronica invita a socios internacionales a crear un programa, \u201cGarden\u201d, que se realiza a nivel local y a trav\u00e9s de una programaci\u00f3n online que es compartida por el Festival. ESPRONCEDA \u2013 Institute of Art &amp; Culture, ser\u00e1 uno de los socios y ofrecer\u00e1 un programa que refleje la actividad de la residencia internacional de IMMENSIVA y la colaboraci\u00f3n con instituciones y artistas a nivel local, nacional e internacional. Espronceda es parte de Barcelona Ars Electronica Garden en colaboraci\u00f3n con Institut Ramon Llull, UOC, HacTe HUB, Hangar, Beep collection y La Caldera.[\/vc_column_text]<style>.ld_spacer_69f39e135373a{height:32px;}<\/style>\n<div class=\"ld-empty-space ld_spacer_69f39e135373a\"><span class=\"liquid_empty_space_inner\"><\/span><\/div>[\/vc_column][\/vc_row][vc_row css=\u00bb.vc_custom_1623752758394{background-color: #2555e8 !important;}\u00bb][vc_column]<style>.ld_spacer_69f39e13537cb{height:32px;}<\/style>\n<div class=\"ld-empty-space ld_spacer_69f39e13537cb\"><span class=\"liquid_empty_space_inner\"><\/span><\/div>[vc_column_text]<span style=\"color: #00ffff;\"><strong>Cr\u00e9ditos del Festival:<\/strong><\/span><\/p>\n<p><span style=\"color: #00ffff;\">Socios internacionales y nacionales:<\/span><\/p>\n<p><span style=\"color: #ffffff;\">Helsinki XR Center, Aalto Studios, Karma Lab, IRCAM, Sussex University, University for the Creative Arts, UPC, Harddisk Museum, .\/studio3, V2 Rotterdam, MEET Digital Culture Center, Dashboard, Garage Stories, Be another Lab, UPC, Venice Biennale, Forum des Images, Phi Center Montreal, Pioneer Works NYC.<\/span><\/p>\n<p><span style=\"color: #00ffff;\"><strong>Patrocinan:<\/strong><\/span><\/p>\n<p><span style=\"color: #ffffff;\">Ministerio de Cultura y Deporte, ICEC Generalitat de Catalunya, Ajuntament de Barcelona, Institut Ramon Llull.<\/span><\/p>\n<p><span style=\"color: #00ffff;\"><strong>Direcci\u00f3n del Festival: <\/strong><\/span><\/p>\n<p><span style=\"color: #ffffff;\">Alejandro Mart\u00edn<\/span><\/p>\n<p><span style=\"color: #00ffff;\"><strong>International curators &amp; advisors:<\/strong><\/span><\/p>\n<p><span style=\"color: #ffffff;\">Camille Baker, Liz Rosenthal, Santeri Souminen, Maria Grazia Mattei, Rosanna di Nuzzo, Martin Romeo, Dr. Holger Sprengel, Solim\u00e1n L\u00f3pez, Juhani Tehunen, Lily Diaz-Kommonen, Michael Barngrover , Francisco Bernardo, Ramon Sang\u00fcesa, Boris Debackere, Sebastian Frish, Asim Evren Yanta\u00e7, Sieta van Horck, Cenk G\u00fczelis, Paola Palumbo, Louise Enjalbert, Courtney M. Hammond, Chrissy Brimmage, Kris Pilcher, Marta Ordeig, Christian Cherene, Matthew Gantt.<\/span><\/p>\n<p><span style=\"color: #00ffff;\"><strong>IMMENSIVA VR platform:<\/strong><\/span><\/p>\n<p><span style=\"color: #ffffff;\">Marc G\u00e1lvez, Mohsen Hazrati, Kris Pilcher, Alejandro Mart\u00edn.<\/span><\/p>\n<p><span style=\"color: #00ffff;\"><strong>Direcci\u00f3n y equipo de Espronceda:<\/strong><\/span><\/p>\n<p><span style=\"color: #ffffff;\">Dr. Holger Sprengel, Dr. Henrik Sprengel, Savina Tarsitano, Alejandro Mart\u00edn, Mar\u00eda Mantzakou, Alessia Gervasone, Ovidiu Bojor, Marc G\u00e1lvez, Josep L\u00f3pez, Andr\u00eda Ric, Lluis Moreu, Daniel D\u00edaz.<\/span><\/p>\n<p>&nbsp;[\/vc_column_text][\/vc_column][vc_column][\/vc_column][\/vc_row]<\/p>\n<\/div>","protected":false},"excerpt":{"rendered":"<p>[vc_row][vc_column][vc_single_image image=\u00bb12170&#8243; img_size=\u00bblarge\u00bb alignment=\u00bbcenter\u00bb css=\u00bb\u00bb][\/vc_column][\/vc_row][vc_row][vc_column][vc_column_text]ESPRONCEDA \u2013 Institute of Art &amp; Culture, a trav\u00e9s de su&#8230;<\/p>\n","protected":false},"author":2,"featured_media":0,"parent":0,"menu_order":0,"comment_status":"closed","ping_status":"closed","template":"","meta":{"footnotes":""},"featured_image_urls":{"full":"","thumbnail":"","medium":"","medium_large":"","large":"","1536x1536":"","2048x2048":"","awb_sm":"","awb_md":"","awb_lg":"","awb_xl":"","liquid-default-blog":"","liquid-standard-blog":"","liquid-featured-blog":"","liquid-rounded-blog":"","liquid-classic-meta-blog":"","liquid-classic-2-blog":"","liquid-grid":"","liquid-split-blog":"","liquid-classic-full-blog":"","liquid-metro-blog":"","liquid-timeline-blog":"","liquid-carousel-blog":"","liquid-square-blog":"","liquid-candy-blog":"","liquid-category-blog":"","liquid-cover-post":"","liquid-default-post":"","liquid-cover-spaced":"","liquid-masonry-shortest":"","liquid-masonry-short":"","liquid-masonry-tall":"","liquid-masonry-taller":"","liquid-medium":"","liquid-large":"","liquid-thumbnail":"","liquid-masonry-header-small":"","liquid-masonry-header-big":"","liquid-thumbnail-post":"","liquid-small-blog":"","liquid-related-post":"","liquid-portfolio":"","liquid-portfolio-sq":"","liquid-portfolio-big-sq":"","liquid-portfolio-portrait":"","liquid-portfolio-wide":"","liquid-packery-wide":"","liquid-packery-portrait":"","liquid-grid-hover-overlay":"","liquid-grid-hover-classic":"","liquid-grid-hover-3d":"","liquid-grid-caption":"","liquid-large-slider":"","liquid-widget":"","liquid-portfolio-vertical-overlay":""},"post_excerpt_stackable":"<p>[vc_row][vc_column] [vc_single_image image=\u00bb12170&#8243; img_size=\u00bblarge\u00bb alignment=\u00bbcenter\u00bb css=\u00bb\u00bb][\/vc_column][\/vc_row][vc_row][vc_column][vc_column_text]ESPRONCEDA \u2013 Institute of Art &amp; Culture, a trav\u00e9s de su plataforma IMMENSIVA, organiza de nuevo en Barcelona un fant\u00e1stico Festival en que se combinan residencias creativas internacionales, exposiciones de artistas que trabajan con tecnolog\u00edas avanzadas, colaboraci\u00f3n con festivales internacionales y laboratorios de participaci\u00f3n ciudadana de co-creaci\u00f3n de proyectos interdisciplinares en Arte, Ciencia, Tecnolog\u00eda y Humanismo. A pesar de que la pandemia Covid sigue estando presente este a\u00f1o 2021, esto no ha disminuido la energ\u00eda de Espronceda\/ IMMENSIVA para generar nuevas alianzas internacionales y locales con el fin de crear actividades y oportunidades para los&hellip;<\/p>\n","category_list":"","author_info":{"name":"vitor","url":"https:\/\/www.immensiva.com\/es\/author\/vitor\/"},"comments_num":"0 comentarios","yoast_head":"<!-- This site is optimized with the Yoast SEO plugin v22.5 - https:\/\/yoast.com\/wordpress\/plugins\/seo\/ -->\n<title>IMMENSIVA Festival 2021: Uniendo Arte, Ciencia, y Tecnolog\u00eda<\/title>\n<meta name=\"description\" content=\"Explora IMMENSIVA Festival 2021: residencias creativas, exposiciones de vanguardia, colaboraciones internacionales, arte digital y tecnolog\u00edas emergentes.\" \/>\n<meta name=\"robots\" content=\"index, follow, max-snippet:-1, max-image-preview:large, max-video-preview:-1\" \/>\n<link rel=\"canonical\" href=\"https:\/\/www.immensiva.com\/9847-2\/\" \/>\n<meta property=\"og:locale\" content=\"es_ES\" \/>\n<meta property=\"og:type\" content=\"article\" \/>\n<meta property=\"og:title\" content=\"IMMENSIVA Festival 2021: Uniendo Arte, Ciencia, y Tecnolog\u00eda\" \/>\n<meta property=\"og:description\" content=\"Explora IMMENSIVA Festival 2021: residencias creativas, exposiciones de vanguardia, colaboraciones internacionales, arte digital y tecnolog\u00edas emergentes.\" \/>\n<meta property=\"og:url\" content=\"https:\/\/www.immensiva.com\/9847-2\/\" \/>\n<meta property=\"og:site_name\" content=\"IMMENSIVA\" \/>\n<meta property=\"article:modified_time\" content=\"2024-04-18T09:38:04+00:00\" \/>\n<meta name=\"twitter:card\" content=\"summary_large_image\" \/>\n<meta name=\"twitter:label1\" content=\"Tiempo de lectura\" \/>\n\t<meta name=\"twitter:data1\" content=\"5 minutos\" \/>\n<script type=\"application\/ld+json\" class=\"yoast-schema-graph\">{\"@context\":\"https:\/\/schema.org\",\"@graph\":[{\"@type\":\"WebPage\",\"@id\":\"https:\/\/www.immensiva.com\/9847-2\/\",\"url\":\"https:\/\/www.immensiva.com\/9847-2\/\",\"name\":\"IMMENSIVA Festival 2021: Uniendo Arte, Ciencia, y Tecnolog\u00eda\",\"isPartOf\":{\"@id\":\"https:\/\/www.immensiva.com\/#website\"},\"datePublished\":\"2021-06-15T13:11:38+00:00\",\"dateModified\":\"2024-04-18T09:38:04+00:00\",\"description\":\"Explora IMMENSIVA Festival 2021: residencias creativas, exposiciones de vanguardia, colaboraciones internacionales, arte digital y tecnolog\u00edas emergentes.\",\"breadcrumb\":{\"@id\":\"https:\/\/www.immensiva.com\/9847-2\/#breadcrumb\"},\"inLanguage\":\"es\",\"potentialAction\":[{\"@type\":\"ReadAction\",\"target\":[\"https:\/\/www.immensiva.com\/9847-2\/\"]}]},{\"@type\":\"BreadcrumbList\",\"@id\":\"https:\/\/www.immensiva.com\/9847-2\/#breadcrumb\",\"itemListElement\":[{\"@type\":\"ListItem\",\"position\":1,\"name\":\"Home\",\"item\":\"https:\/\/www.immensiva.com\/es\/\"},{\"@type\":\"ListItem\",\"position\":2,\"name\":\"IMMENSIVA FESTIVAL 2021\"}]},{\"@type\":\"WebSite\",\"@id\":\"https:\/\/www.immensiva.com\/#website\",\"url\":\"https:\/\/www.immensiva.com\/\",\"name\":\"IMMENSIVA\",\"description\":\"Focusing on VR, AR, XR art &amp; AI art\",\"potentialAction\":[{\"@type\":\"SearchAction\",\"target\":{\"@type\":\"EntryPoint\",\"urlTemplate\":\"https:\/\/www.immensiva.com\/?s={search_term_string}\"},\"query-input\":\"required name=search_term_string\"}],\"inLanguage\":\"es\"}]}<\/script>\n<!-- \/ Yoast SEO plugin. -->","yoast_head_json":{"title":"IMMENSIVA Festival 2021: Uniendo Arte, Ciencia, y Tecnolog\u00eda","description":"Explora IMMENSIVA Festival 2021: residencias creativas, exposiciones de vanguardia, colaboraciones internacionales, arte digital y tecnolog\u00edas emergentes.","robots":{"index":"index","follow":"follow","max-snippet":"max-snippet:-1","max-image-preview":"max-image-preview:large","max-video-preview":"max-video-preview:-1"},"canonical":"https:\/\/www.immensiva.com\/9847-2\/","og_locale":"es_ES","og_type":"article","og_title":"IMMENSIVA Festival 2021: Uniendo Arte, Ciencia, y Tecnolog\u00eda","og_description":"Explora IMMENSIVA Festival 2021: residencias creativas, exposiciones de vanguardia, colaboraciones internacionales, arte digital y tecnolog\u00edas emergentes.","og_url":"https:\/\/www.immensiva.com\/9847-2\/","og_site_name":"IMMENSIVA","article_modified_time":"2024-04-18T09:38:04+00:00","twitter_card":"summary_large_image","twitter_misc":{"Tiempo de lectura":"5 minutos"},"schema":{"@context":"https:\/\/schema.org","@graph":[{"@type":"WebPage","@id":"https:\/\/www.immensiva.com\/9847-2\/","url":"https:\/\/www.immensiva.com\/9847-2\/","name":"IMMENSIVA Festival 2021: Uniendo Arte, Ciencia, y Tecnolog\u00eda","isPartOf":{"@id":"https:\/\/www.immensiva.com\/#website"},"datePublished":"2021-06-15T13:11:38+00:00","dateModified":"2024-04-18T09:38:04+00:00","description":"Explora IMMENSIVA Festival 2021: residencias creativas, exposiciones de vanguardia, colaboraciones internacionales, arte digital y tecnolog\u00edas emergentes.","breadcrumb":{"@id":"https:\/\/www.immensiva.com\/9847-2\/#breadcrumb"},"inLanguage":"es","potentialAction":[{"@type":"ReadAction","target":["https:\/\/www.immensiva.com\/9847-2\/"]}]},{"@type":"BreadcrumbList","@id":"https:\/\/www.immensiva.com\/9847-2\/#breadcrumb","itemListElement":[{"@type":"ListItem","position":1,"name":"Home","item":"https:\/\/www.immensiva.com\/es\/"},{"@type":"ListItem","position":2,"name":"IMMENSIVA FESTIVAL 2021"}]},{"@type":"WebSite","@id":"https:\/\/www.immensiva.com\/#website","url":"https:\/\/www.immensiva.com\/","name":"IMMENSIVA","description":"Focusing on VR, AR, XR art &amp; AI art","potentialAction":[{"@type":"SearchAction","target":{"@type":"EntryPoint","urlTemplate":"https:\/\/www.immensiva.com\/?s={search_term_string}"},"query-input":"required name=search_term_string"}],"inLanguage":"es"}]}},"_links":{"self":[{"href":"https:\/\/www.immensiva.com\/es\/wp-json\/wp\/v2\/pages\/9866"}],"collection":[{"href":"https:\/\/www.immensiva.com\/es\/wp-json\/wp\/v2\/pages"}],"about":[{"href":"https:\/\/www.immensiva.com\/es\/wp-json\/wp\/v2\/types\/page"}],"author":[{"embeddable":true,"href":"https:\/\/www.immensiva.com\/es\/wp-json\/wp\/v2\/users\/2"}],"replies":[{"embeddable":true,"href":"https:\/\/www.immensiva.com\/es\/wp-json\/wp\/v2\/comments?post=9866"}],"version-history":[{"count":9,"href":"https:\/\/www.immensiva.com\/es\/wp-json\/wp\/v2\/pages\/9866\/revisions"}],"predecessor-version":[{"id":12743,"href":"https:\/\/www.immensiva.com\/es\/wp-json\/wp\/v2\/pages\/9866\/revisions\/12743"}],"wp:attachment":[{"href":"https:\/\/www.immensiva.com\/es\/wp-json\/wp\/v2\/media?parent=9866"}],"curies":[{"name":"wp","href":"https:\/\/api.w.org\/{rel}","templated":true}]}}